{"id":41337,"date":"2026-01-30T11:54:27","date_gmt":"2026-01-30T16:54:27","guid":{"rendered":"https:\/\/onlit.org\/?post_type=tribe_events&#038;p=41337"},"modified":"2026-04-24T09:27:42","modified_gmt":"2026-04-24T13:27:42","slug":"valoriser-le-francais-hors-de-la-salle-de-class-pistes-et-reflexions","status":"publish","type":"tribe_events","link":"https:\/\/onlit.org\/fr\/event\/valoriser-le-francais-hors-de-la-salle-de-class-pistes-et-reflexions\/","title":{"rendered":"Valoriser le fran\u00e7ais hors de la salle de classe : pistes et r\u00e9flexions"},"content":{"rendered":"<p><em>Avec Claude Quevillon Lacasse et Catherine Gosselin-Lavoie<\/em><\/p>\n<p>Dans la foul\u00e9e de la note Politique\/Programmes n\u1d52 172, qui vise le soutien aux \u00e9l\u00e8ves plurilingues apprenants du fran\u00e7ais, incluant les \u00e9l\u00e8ves nouveaux arrivants dans les \u00e9coles de langue fran\u00e7aise de l\u2019Ontario, des attentes accrues sont formul\u00e9es quant au d\u00e9veloppement des comp\u00e9tences en fran\u00e7ais. Or, ces comp\u00e9tences sont \u00e9troitement li\u00e9es au degr\u00e9 d\u2019exposition \u00e0 la langue et \u00e0 la fr\u00e9quence de son utilisation, deux aspects qui peuvent repr\u00e9senter un d\u00e9fi dans plusieurs communaut\u00e9s. Dans ce webinaire, nous proposerons des pistes p\u00e9dagogiques et des principes d\u2019enseignement permettant de valoriser le fran\u00e7ais dans une perspective inclusive et additive, o\u00f9 les diff\u00e9rentes langues du r\u00e9pertoire langagier de l\u2019\u00e9l\u00e8ve &#8211; qu\u2019elles soient d\u00e9j\u00e0 ma\u00eetris\u00e9es ou en cours d\u2019apprentissage &#8211; sont vues comme compl\u00e9mentaires plut\u00f4t que concurrentes.<\/p>\n<p>Cette session sera enregistr\u00e9e. L\u2019enregistrement sera publi\u00e9 dans la <a href=\"https:\/\/onlit.org\/fr\/bibliotheque-de-ressources\/\" target=\"_blank\" rel=\"noopener\">Biblioth\u00e8que de ressources<\/a> une fois que la vid\u00e9o aura \u00e9t\u00e9 trait\u00e9e.<\/p>\n<p>Toute inscription \u00e0 l\u2019un des \u00e9v\u00e9nements de la s\u00e9rie entra\u00eene automatiquement l\u2019inscription \u00e0 l\u2019ensemble des \u00e9v\u00e9nements.<\/p>\n","protected":false},"excerpt":{"rendered":"<p>Avec Claude Quevillon Lacasse et Catherine Gosselin-Lavoie Dans la foul\u00e9e de la note Politique\/Programmes n\u1d52 172, qui vise le soutien aux \u00e9l\u00e8ves plurilingues apprenants du fran\u00e7ais, incluant les \u00e9l\u00e8ves nouveaux&#8230;<\/p>\n","protected":false},"author":32,"featured_media":43118,"template":"","meta":{"_acf_changed":false,"_kad_post_transparent":"","_kad_post_title":"","_kad_post_layout":"","_kad_post_sidebar_id":"","_kad_post_content_style":"","_kad_post_vertical_padding":"","_kad_post_feature":"","_kad_post_feature_position":"","_kad_post_header":false,"_kad_post_footer":false,"_kad_post_classname":"","_tribe_events_status":"","_tribe_events_status_reason":"","_tribe_events_is_hybrid":"","_tribe_events_is_virtual":"","_tribe_events_virtual_video_source":"","_tribe_events_virtual_embed_video":"","_tribe_events_virtual_linked_button_text":"","_tribe_events_virtual_linked_button":"","_tribe_events_virtual_show_embed_at":"","_tribe_events_virtual_show_embed_to":[],"_tribe_events_virtual_show_on_event":"","_tribe_events_virtual_show_on_views":"","_tribe_events_virtual_url":"","footnotes":""},"tags":[],"content-language":[],"tribe_events_cat":[],"class_list":["post-41337","tribe_events","type-tribe_events","status-publish","has-post-thumbnail","hentry"],"acf":[],"_links":{"self":[{"href":"https:\/\/onlit.org\/fr\/wp-json\/wp\/v2\/tribe_events\/41337","targetHints":{"allow":["GET"]}}],"collection":[{"href":"https:\/\/onlit.org\/fr\/wp-json\/wp\/v2\/tribe_events"}],"about":[{"href":"https:\/\/onlit.org\/fr\/wp-json\/wp\/v2\/types\/tribe_events"}],"author":[{"embeddable":true,"href":"https:\/\/onlit.org\/fr\/wp-json\/wp\/v2\/users\/32"}],"version-history":[{"count":10,"href":"https:\/\/onlit.org\/fr\/wp-json\/wp\/v2\/tribe_events\/41337\/revisions"}],"predecessor-version":[{"id":43048,"href":"https:\/\/onlit.org\/fr\/wp-json\/wp\/v2\/tribe_events\/41337\/revisions\/43048"}],"wp:featuredmedia":[{"embeddable":true,"href":"https:\/\/onlit.org\/fr\/wp-json\/wp\/v2\/media\/43118"}],"wp:attachment":[{"href":"https:\/\/onlit.org\/fr\/wp-json\/wp\/v2\/media?parent=41337"}],"wp:term":[{"taxonomy":"post_tag","embeddable":true,"href":"https:\/\/onlit.org\/fr\/wp-json\/wp\/v2\/tags?post=41337"},{"taxonomy":"content-language","embeddable":true,"href":"https:\/\/onlit.org\/fr\/wp-json\/wp\/v2\/content-language?post=41337"},{"taxonomy":"tribe_events_cat","embeddable":true,"href":"https:\/\/onlit.org\/fr\/wp-json\/wp\/v2\/tribe_events_cat?post=41337"}],"curies":[{"name":"wp","href":"https:\/\/api.w.org\/{rel}","templated":true}]}}