{"id":41262,"date":"2026-01-26T13:16:12","date_gmt":"2026-01-26T18:16:12","guid":{"rendered":"https:\/\/onlit.org\/?post_type=tribe_events&#038;p=41262"},"modified":"2026-02-24T11:31:17","modified_gmt":"2026-02-24T16:31:17","slug":"langage-et-alphabetisation-efficaces-pratiques-fondamentales-et-interventions-diagnostiques","status":"publish","type":"tribe_events","link":"https:\/\/onlit.org\/fr\/event\/langage-et-alphabetisation-efficaces-pratiques-fondamentales-et-interventions-diagnostiques\/","title":{"rendered":"Langage et alphab\u00e9tisation efficaces : Pratiques fondamentales et interventions diagnostiques"},"content":{"rendered":"<p>Cette pr\u00e9sentation se concentre sur les pratiques et les interventions essentielles n\u00e9cessaires au d\u00e9veloppement efficace du langage et de la litt\u00e9ratie des \u00e9l\u00e8ves dans les programmes de fran\u00e7ais. Elle commence par poser les bases avec des pratiques langagi\u00e8res et de litt\u00e9ratie \u00e0 fort effet de levier qui constituent le fondement d&rsquo;un apprentissage r\u00e9ussi. Nous passons ensuite \u00e0 des pratiques de d\u00e9pistage, d&rsquo;\u00e9valuation et d&rsquo;intervention fond\u00e9es sur des donn\u00e9es probantes, adapt\u00e9es sp\u00e9cifiquement au fran\u00e7ais en contexte minoritaire. Ces outils diagnostiques et ces strat\u00e9gies sont con\u00e7us pour identifier et traiter les difficult\u00e9s d&rsquo;apprentissage d\u00e8s le d\u00e9but, en veillant \u00e0 ce que tous les \u00e9l\u00e8ves re\u00e7oivent le soutien dont ils ont besoin pour s&rsquo;\u00e9panouir sur le plan scolaire et linguistique en fran\u00e7ais.<\/p>\n<p>La s\u00e9ance sera enregistr\u00e9e. L\u2019enregistrement sera publi\u00e9 dans la <a href=\"https:\/\/onlit.org\/fr\/bibliotheque-de-ressources\/\" target=\"_blank\" rel=\"noopener\">Biblioth\u00e8que de ressources<\/a> une fois que la vid\u00e9o aura \u00e9t\u00e9 trait\u00e9e.<\/p>\n","protected":false},"excerpt":{"rendered":"<p>Cette pr\u00e9sentation se concentre sur les pratiques et les interventions essentielles n\u00e9cessaires au d\u00e9veloppement efficace du langage et de la litt\u00e9ratie des \u00e9l\u00e8ves dans les programmes de fran\u00e7ais. Elle commence&#8230;<\/p>\n","protected":false},"author":32,"featured_media":42058,"template":"","meta":{"_acf_changed":false,"_kad_post_transparent":"","_kad_post_title":"","_kad_post_layout":"","_kad_post_sidebar_id":"","_kad_post_content_style":"","_kad_post_vertical_padding":"","_kad_post_feature":"","_kad_post_feature_position":"","_kad_post_header":false,"_kad_post_footer":false,"_kad_post_classname":"","_tribe_events_status":"","_tribe_events_status_reason":"","_tribe_events_is_hybrid":"","_tribe_events_is_virtual":"","_tribe_events_virtual_video_source":"","_tribe_events_virtual_embed_video":"","_tribe_events_virtual_linked_button_text":"","_tribe_events_virtual_linked_button":"","_tribe_events_virtual_show_embed_at":"","_tribe_events_virtual_show_embed_to":[],"_tribe_events_virtual_show_on_event":"","_tribe_events_virtual_show_on_views":"","_tribe_events_virtual_url":"","footnotes":""},"tags":[],"content-language":[507],"tribe_events_cat":[],"class_list":["post-41262","tribe_events","type-tribe_events","status-publish","has-post-thumbnail","hentry","content-language-french"],"acf":[],"_links":{"self":[{"href":"https:\/\/onlit.org\/fr\/wp-json\/wp\/v2\/tribe_events\/41262","targetHints":{"allow":["GET"]}}],"collection":[{"href":"https:\/\/onlit.org\/fr\/wp-json\/wp\/v2\/tribe_events"}],"about":[{"href":"https:\/\/onlit.org\/fr\/wp-json\/wp\/v2\/types\/tribe_events"}],"author":[{"embeddable":true,"href":"https:\/\/onlit.org\/fr\/wp-json\/wp\/v2\/users\/32"}],"version-history":[{"count":1,"href":"https:\/\/onlit.org\/fr\/wp-json\/wp\/v2\/tribe_events\/41262\/revisions"}],"predecessor-version":[{"id":41265,"href":"https:\/\/onlit.org\/fr\/wp-json\/wp\/v2\/tribe_events\/41262\/revisions\/41265"}],"wp:featuredmedia":[{"embeddable":true,"href":"https:\/\/onlit.org\/fr\/wp-json\/wp\/v2\/media\/42058"}],"wp:attachment":[{"href":"https:\/\/onlit.org\/fr\/wp-json\/wp\/v2\/media?parent=41262"}],"wp:term":[{"taxonomy":"post_tag","embeddable":true,"href":"https:\/\/onlit.org\/fr\/wp-json\/wp\/v2\/tags?post=41262"},{"taxonomy":"content-language","embeddable":true,"href":"https:\/\/onlit.org\/fr\/wp-json\/wp\/v2\/content-language?post=41262"},{"taxonomy":"tribe_events_cat","embeddable":true,"href":"https:\/\/onlit.org\/fr\/wp-json\/wp\/v2\/tribe_events_cat?post=41262"}],"curies":[{"name":"wp","href":"https:\/\/api.w.org\/{rel}","templated":true}]}}