{"id":10000440,"date":"2026-02-19T10:01:03","date_gmt":"2026-02-19T15:01:03","guid":{"rendered":"https:\/\/onlit.org\/?post_type=tribe_events&#038;p=41978"},"modified":"2026-02-19T10:01:03","modified_gmt":"2026-02-19T15:01:03","slug":"enseignement-et-evaluation-lies-aux-stim-du-programme-cadre-de-la-maternelle-et-du-jardin-denfants-2026","status":"publish","type":"tribe_events","link":"https:\/\/onlit.org\/fr\/event\/enseignement-et-evaluation-lies-aux-stim-du-programme-cadre-de-la-maternelle-et-du-jardin-denfants-2026\/2026-06-10\/","title":{"rendered":"Enseignement et \u00e9valuation li\u00e9s aux STIM du programme-cadre de la maternelle et du jardin d\u2019enfants, 2026"},"content":{"rendered":"<p>Renforcez votre compr\u00e9hension de\u202fl\u2019apprentissage en STIM\u202fdu nouveau\u202fprogramme-cadre de la maternelle et du jardin d\u2019enfants de l\u2019Ontario (2026).<\/p>\n<p>Ce webinaire, qui sera offert en partenariat avec Science Nord, pr\u00e9sente les nouveaux apprentissages li\u00e9s au codage,\u202fau\u202fprocessus d\u2019enqu\u00eate et au processus de design en ing\u00e9nierie. Il\u202fappuie les \u00e9quipes p\u00e9dagogiques \u00e0 comprendre et \u00e0 mettre en \u0153uvre\u202fle domaine R\u00e9solution de probl\u00e8mes et innovation du nouveau programme-cadre. Les\u202fparticipantes et\u202fparticipants exploreront les fa\u00e7ons dont les jeunes \u00e9l\u00e8ves d\u00e9veloppent des comp\u00e9tences fondamentales en STIM gr\u00e2ce \u00e0 des exp\u00e9riences pratiques ax\u00e9es sur l\u2019enqu\u00eate\u202fet\u202fsoutenues par des exemples concrets de strat\u00e9gies d\u2019enseignement et d\u2019\u00e9valuation.<\/p>\n<p>Les\u202fparticipantes et\u202fparticipants auront l\u2019occasion de poser des questions\u202fet de partager des aspects qu\u2019elles et ils aimeraient voir aborder dans de futurs webinaires.<\/p>\n<p>Ce webinaire est offert par le minist\u00e8re de l\u2019\u00c9ducation et Science Nord.<\/p>\n<p>Dates :<\/p>\n<ul>\n<li>le 9 juin 2026 \u00e0 16h<\/li>\n<li>e 10 juin 2026 \u00e0 13h<\/li>\n<\/ul>\n<p><a href=\"https:\/\/www.dcp.edu.gov.on.ca\/fr\/evaluation-stim-du-programme-cadre\" target=\"_blank\" rel=\"noopener\">Inscription<\/a><\/p>\n","protected":false},"excerpt":{"rendered":"<p>Renforcez votre compr\u00e9hension de\u202fl\u2019apprentissage en STIM\u202fdu nouveau\u202fprogramme-cadre de la maternelle et du jardin d\u2019enfants de l\u2019Ontario (2026). Ce webinaire, qui sera offert en partenariat avec Science Nord, pr\u00e9sente les nouveaux&#8230;<\/p>\n","protected":false},"author":32,"featured_media":41425,"template":"","meta":{"_acf_changed":false,"_kad_post_transparent":"","_kad_post_title":"","_kad_post_layout":"","_kad_post_sidebar_id":"","_kad_post_content_style":"","_kad_post_vertical_padding":"","_kad_post_feature":"","_kad_post_feature_position":"","_kad_post_header":false,"_kad_post_footer":false,"_kad_post_classname":"","_tribe_events_status":"","_tribe_events_status_reason":"","_tribe_events_is_hybrid":"","_tribe_events_is_virtual":"","_tribe_events_virtual_video_source":"","_tribe_events_virtual_embed_video":"","_tribe_events_virtual_linked_button_text":"","_tribe_events_virtual_linked_button":"","_tribe_events_virtual_show_embed_at":"","_tribe_events_virtual_show_embed_to":[],"_tribe_events_virtual_show_on_event":"","_tribe_events_virtual_show_on_views":"","_tribe_events_virtual_url":"","footnotes":""},"tags":[],"content-language":[507],"tribe_events_cat":[],"class_list":["post-10000440","tribe_events","type-tribe_events","status-publish","has-post-thumbnail","hentry","content-language-french","tribe-recurring-event","tribe-recurring-event-parent"],"acf":[],"_links":{"self":[{"href":"https:\/\/onlit.org\/fr\/wp-json\/wp\/v2\/tribe_events\/10000440","targetHints":{"allow":["GET"]}}],"collection":[{"href":"https:\/\/onlit.org\/fr\/wp-json\/wp\/v2\/tribe_events"}],"about":[{"href":"https:\/\/onlit.org\/fr\/wp-json\/wp\/v2\/types\/tribe_events"}],"author":[{"embeddable":true,"href":"https:\/\/onlit.org\/fr\/wp-json\/wp\/v2\/users\/32"}],"version-history":[{"count":0,"href":"https:\/\/onlit.org\/fr\/wp-json\/wp\/v2\/tribe_events\/10000440\/revisions"}],"wp:featuredmedia":[{"embeddable":true,"href":"https:\/\/onlit.org\/fr\/wp-json\/wp\/v2\/media\/41425"}],"wp:attachment":[{"href":"https:\/\/onlit.org\/fr\/wp-json\/wp\/v2\/media?parent=10000440"}],"wp:term":[{"taxonomy":"post_tag","embeddable":true,"href":"https:\/\/onlit.org\/fr\/wp-json\/wp\/v2\/tags?post=10000440"},{"taxonomy":"content-language","embeddable":true,"href":"https:\/\/onlit.org\/fr\/wp-json\/wp\/v2\/content-language?post=10000440"},{"taxonomy":"tribe_events_cat","embeddable":true,"href":"https:\/\/onlit.org\/fr\/wp-json\/wp\/v2\/tribe_events_cat?post=10000440"}],"curies":[{"name":"wp","href":"https:\/\/api.w.org\/{rel}","templated":true}]}}