{"id":10000438,"date":"2026-02-19T09:58:46","date_gmt":"2026-02-19T14:58:46","guid":{"rendered":"https:\/\/onlit.org\/?post_type=tribe_events&#038;p=41975"},"modified":"2026-02-19T09:58:46","modified_gmt":"2026-02-19T14:58:46","slug":"enseignement-et-evaluation-des-mathematiques-du-programme-cadre-de-la-maternelle-et-du-jardin-denfants-2026","status":"publish","type":"tribe_events","link":"https:\/\/onlit.org\/fr\/event\/enseignement-et-evaluation-des-mathematiques-du-programme-cadre-de-la-maternelle-et-du-jardin-denfants-2026\/2026-05-19\/","title":{"rendered":"Enseignement et \u00e9valuation des math\u00e9matiques du programme-cadre de la maternelle et du jardin d\u2019enfants, 2026"},"content":{"rendered":"<p>Renforcez votre compr\u00e9hension des nouveaux apprentissages li\u00e9s aux notions fondamentales en math\u00e9matiques du programme-cadre de la maternelle et du jardin d\u2019enfants (2026). Ce webinaire vise \u00e0 soutenir les \u00e9quipes p\u00e9dagogiques dans l\u2019enseignement et l\u2019\u00e9valuation des nouveaux apprentissages en math\u00e9matiques du programme-cadre. Les participantes et participants exploreront le nouveau domaine Notions fondamentales de la langue et des math\u00e9matiques ainsi que le Continuum en math\u00e9matiques, de la maternelle \u00e0 la 3e ann\u00e9e. Elles et ils discuteront au sujet d\u2019exemples d\u2019approches d\u2019enseignement et d\u2019\u00e9valuation efficaces.<\/p>\n<p>Les\u202fparticipantes et\u202fparticipants auront l\u2019occasion de poser des questions\u202fet de partager des aspects qu\u2019elles et ils aimeraient voir aborder dans de futurs webinaires.<\/p>\n<p>Ce webinaire est offert par le minist\u00e8re de l\u2019\u00c9ducation.<\/p>\n<p>Dates :<\/p>\n<ul>\n<li>le 12 mai 2026 \u00e0 16h<\/li>\n<li>le 19 mai 2026 \u00e0 13h30<\/li>\n<\/ul>\n<p><a href=\"https:\/\/www.dcp.edu.gov.on.ca\/fr\/enseignement-evaluation-mathematiques\" target=\"_blank\" rel=\"noopener\">Inscription<\/a><\/p>\n","protected":false},"excerpt":{"rendered":"<p>Renforcez votre compr\u00e9hension des nouveaux apprentissages li\u00e9s aux notions fondamentales en math\u00e9matiques du programme-cadre de la maternelle et du jardin d\u2019enfants (2026). Ce webinaire vise \u00e0 soutenir les \u00e9quipes p\u00e9dagogiques&#8230;<\/p>\n","protected":false},"author":32,"featured_media":41423,"template":"","meta":{"_acf_changed":false,"_kad_post_transparent":"","_kad_post_title":"","_kad_post_layout":"","_kad_post_sidebar_id":"","_kad_post_content_style":"","_kad_post_vertical_padding":"","_kad_post_feature":"","_kad_post_feature_position":"","_kad_post_header":false,"_kad_post_footer":false,"_kad_post_classname":"","_tribe_events_status":"","_tribe_events_status_reason":"","_tribe_events_is_hybrid":"","_tribe_events_is_virtual":"","_tribe_events_virtual_video_source":"","_tribe_events_virtual_embed_video":"","_tribe_events_virtual_linked_button_text":"","_tribe_events_virtual_linked_button":"","_tribe_events_virtual_show_embed_at":"","_tribe_events_virtual_show_embed_to":[],"_tribe_events_virtual_show_on_event":"","_tribe_events_virtual_show_on_views":"","_tribe_events_virtual_url":"","footnotes":""},"tags":[],"content-language":[507],"tribe_events_cat":[],"class_list":["post-10000438","tribe_events","type-tribe_events","status-publish","has-post-thumbnail","hentry","content-language-french","tribe-recurring-event","tribe-recurring-event-parent"],"acf":[],"_links":{"self":[{"href":"https:\/\/onlit.org\/fr\/wp-json\/wp\/v2\/tribe_events\/10000438","targetHints":{"allow":["GET"]}}],"collection":[{"href":"https:\/\/onlit.org\/fr\/wp-json\/wp\/v2\/tribe_events"}],"about":[{"href":"https:\/\/onlit.org\/fr\/wp-json\/wp\/v2\/types\/tribe_events"}],"author":[{"embeddable":true,"href":"https:\/\/onlit.org\/fr\/wp-json\/wp\/v2\/users\/32"}],"version-history":[{"count":0,"href":"https:\/\/onlit.org\/fr\/wp-json\/wp\/v2\/tribe_events\/10000438\/revisions"}],"wp:featuredmedia":[{"embeddable":true,"href":"https:\/\/onlit.org\/fr\/wp-json\/wp\/v2\/media\/41423"}],"wp:attachment":[{"href":"https:\/\/onlit.org\/fr\/wp-json\/wp\/v2\/media?parent=10000438"}],"wp:term":[{"taxonomy":"post_tag","embeddable":true,"href":"https:\/\/onlit.org\/fr\/wp-json\/wp\/v2\/tags?post=10000438"},{"taxonomy":"content-language","embeddable":true,"href":"https:\/\/onlit.org\/fr\/wp-json\/wp\/v2\/content-language?post=10000438"},{"taxonomy":"tribe_events_cat","embeddable":true,"href":"https:\/\/onlit.org\/fr\/wp-json\/wp\/v2\/tribe_events_cat?post=10000438"}],"curies":[{"name":"wp","href":"https:\/\/api.w.org\/{rel}","templated":true}]}}