{"id":10000434,"date":"2026-02-19T09:55:42","date_gmt":"2026-02-19T14:55:42","guid":{"rendered":"https:\/\/onlit.org\/?post_type=tribe_events&#038;p=41971"},"modified":"2026-02-19T09:55:42","modified_gmt":"2026-02-19T14:55:42","slug":"enseignement-et-evaluation-de-la-litteratie-du-programme-cadre-de-la-maternelle-et-du-jardin-denfants-2026","status":"publish","type":"tribe_events","link":"https:\/\/onlit.org\/fr\/event\/enseignement-et-evaluation-de-la-litteratie-du-programme-cadre-de-la-maternelle-et-du-jardin-denfants-2026\/2026-04-16\/","title":{"rendered":"Enseignement et \u00e9valuation de la litt\u00e9ratie du programme-cadre de la maternelle et du jardin d\u2019enfants, 2026"},"content":{"rendered":"<p>Renforcez votre compr\u00e9hension de l\u2019apprentissage de la langue et de la litt\u00e9ratie dans le programme-cadre de la maternelle et du jardin d\u2019enfants de l\u2019Ontario (2026). Ce webinaire, qui sera offert en partenariat avec Dyslexia Canada\u202f: ONlit, vise \u00e0 soutenir les \u00e9quipes p\u00e9dagogiques de la maternelle et du jardin d\u2019enfants dans l\u2019enseignement et l\u2019\u00e9valuation des\u202fnouveaux apprentissages relatifs aux notions fondamentales de la langue.<\/p>\n<p>Les participantes et participants examineront en profondeur le nouveau domaine Notions fondamentales de la langue et des math\u00e9matiques et le Continuum des notions fondamentales de la lecture et de l\u2019\u00e9criture, de la maternelle \u00e0 la 1\u02b3\u1d49\u202fann\u00e9e, en \u00e9tablissant des liens clairs entre les attentes et les contenus d\u2019apprentissage du programme-cadre et\u202fl\u2019enseignement\u202fen classe.\u202fLes\u202fparticipantes et\u202fparticipants d\u00e9couvriront des exemples concrets d\u2019enseignement et d\u2019\u00e9valuation qui soutiennent intentionnellement\u202fle\u202fd\u00e9veloppement\u202fdes habilet\u00e9s en\u202flangue et\u202fen\u202flitt\u00e9ratie\u202fchez\u202ftous les apprenantes et apprenants.<\/p>\n<p>Les\u202fparticipantes et\u202fparticipants auront l\u2019occasion de poser des questions\u202fet de partager des aspects qu\u2019elles et ils aimeraient voir aborder dans de futurs webinaires.<\/p>\n<p>Ce webinaire est offert par le minist\u00e8re de l\u2019\u00c9ducation et Dyslexia Canada\u202f: ONlit.<\/p>\n<p><a href=\"https:\/\/www.dcp.edu.gov.on.ca\/fr\/evaluation-litteratie-programme-cadre\" target=\"_blank\" rel=\"noopener\">Inscription<\/a><\/p>\n","protected":false},"excerpt":{"rendered":"<p>Renforcez votre compr\u00e9hension de l\u2019apprentissage de la langue et de la litt\u00e9ratie dans le programme-cadre de la maternelle et du jardin d\u2019enfants de l\u2019Ontario (2026). Ce webinaire, qui sera offert&#8230;<\/p>\n","protected":false},"author":32,"featured_media":41421,"template":"","meta":{"_acf_changed":false,"_kad_post_transparent":"","_kad_post_title":"","_kad_post_layout":"","_kad_post_sidebar_id":"","_kad_post_content_style":"","_kad_post_vertical_padding":"","_kad_post_feature":"","_kad_post_feature_position":"","_kad_post_header":false,"_kad_post_footer":false,"_kad_post_classname":"","_tribe_events_status":"","_tribe_events_status_reason":"","_tribe_events_is_hybrid":"","_tribe_events_is_virtual":"","_tribe_events_virtual_video_source":"","_tribe_events_virtual_embed_video":"","_tribe_events_virtual_linked_button_text":"","_tribe_events_virtual_linked_button":"","_tribe_events_virtual_show_embed_at":"","_tribe_events_virtual_show_embed_to":[],"_tribe_events_virtual_show_on_event":"","_tribe_events_virtual_show_on_views":"","_tribe_events_virtual_url":"","footnotes":""},"tags":[],"content-language":[507],"tribe_events_cat":[],"class_list":["post-10000434","tribe_events","type-tribe_events","status-publish","has-post-thumbnail","hentry","content-language-french","tribe-recurring-event","tribe-recurring-event-parent"],"acf":[],"_links":{"self":[{"href":"https:\/\/onlit.org\/fr\/wp-json\/wp\/v2\/tribe_events\/10000434","targetHints":{"allow":["GET"]}}],"collection":[{"href":"https:\/\/onlit.org\/fr\/wp-json\/wp\/v2\/tribe_events"}],"about":[{"href":"https:\/\/onlit.org\/fr\/wp-json\/wp\/v2\/types\/tribe_events"}],"author":[{"embeddable":true,"href":"https:\/\/onlit.org\/fr\/wp-json\/wp\/v2\/users\/32"}],"version-history":[{"count":0,"href":"https:\/\/onlit.org\/fr\/wp-json\/wp\/v2\/tribe_events\/10000434\/revisions"}],"wp:featuredmedia":[{"embeddable":true,"href":"https:\/\/onlit.org\/fr\/wp-json\/wp\/v2\/media\/41421"}],"wp:attachment":[{"href":"https:\/\/onlit.org\/fr\/wp-json\/wp\/v2\/media?parent=10000434"}],"wp:term":[{"taxonomy":"post_tag","embeddable":true,"href":"https:\/\/onlit.org\/fr\/wp-json\/wp\/v2\/tags?post=10000434"},{"taxonomy":"content-language","embeddable":true,"href":"https:\/\/onlit.org\/fr\/wp-json\/wp\/v2\/content-language?post=10000434"},{"taxonomy":"tribe_events_cat","embeddable":true,"href":"https:\/\/onlit.org\/fr\/wp-json\/wp\/v2\/tribe_events_cat?post=10000434"}],"curies":[{"name":"wp","href":"https:\/\/api.w.org\/{rel}","templated":true}]}}