{"id":10000432,"date":"2026-02-19T09:52:42","date_gmt":"2026-02-19T14:52:42","guid":{"rendered":"https:\/\/onlit.org\/?post_type=tribe_events&#038;p=41968"},"modified":"2026-02-19T09:52:42","modified_gmt":"2026-02-19T14:52:42","slug":"apercu-detaille-du-programme-cadre-de-la-maternelle-et-du-jardin-denfants-2026","status":"publish","type":"tribe_events","link":"https:\/\/onlit.org\/fr\/event\/apercu-detaille-du-programme-cadre-de-la-maternelle-et-du-jardin-denfants-2026\/2026-03-12\/","title":{"rendered":"Aper\u00e7u d\u00e9taill\u00e9 du programme-cadre de la maternelle et du jardin d\u2019enfants, 2026"},"content":{"rendered":"<p>Ce webinaire donnera l\u2019occasion aux participantes et participants d\u2019explorer en profondeur le nouveau programme-cadre de la maternelle et du jardin d\u2019enfants (2026), y compris sa mise en pratique en classe.\u202fIl s\u2019adresse aux \u00e9quipes p\u00e9dagogiques de la maternelle et du jardin d\u2019enfants, aux directions d\u2019\u00e9cole et\u202faux\u202fconseill\u00e8res et conseillers p\u00e9dagogiques\u202fqui souhaitent\u202fexplorer le\u202fnouveau programme-cadre, y compris\u202fl\u2019accent\u202fmis\u202fsur le renforcement des habilet\u00e9s fondamentales en litt\u00e9ratie, en math\u00e9matiques et en STIM.<\/p>\n<p>Les\u202fparticipantes et\u202fparticipants acquerront une compr\u00e9hension des principaux apprentissages du nouveau programme-cadre, avec un accent sur les\u202fapproches d\u2019enseignement et d\u2019\u00e9valuation qui\u202fappuient les jeunes \u00e9l\u00e8ves dans le d\u00e9veloppement des habilet\u00e9s fondamentales.<\/p>\n<p>Les\u202fparticipantes et\u202fparticipants auront l\u2019occasion de poser des questions\u202fet de partager des aspects qu\u2019elles et ils aimeraient voir aborder dans de futurs webinaires.<\/p>\n<p>Ce webinaire est offert par le minist\u00e8re de l\u2019\u00c9ducation.<\/p>\n<p>Dates :<\/p>\n<ul>\n<li>le 12 mars 2026 \u00e0 16h<\/li>\n<li>le 24 mars 2026 \u00e0 13h<\/li>\n<\/ul>\n<p><a href=\"https:\/\/www.dcp.edu.gov.on.ca\/fr\/apercu-detaille-programme-cadre\" target=\"_blank\" rel=\"noopener\">Inscription<\/a><\/p>\n","protected":false},"excerpt":{"rendered":"<p>Ce webinaire donnera l\u2019occasion aux participantes et participants d\u2019explorer en profondeur le nouveau programme-cadre de la maternelle et du jardin d\u2019enfants (2026), y compris sa mise en pratique en classe.\u202fIl&#8230;<\/p>\n","protected":false},"author":32,"featured_media":41411,"template":"","meta":{"_acf_changed":false,"_kad_post_transparent":"","_kad_post_title":"","_kad_post_layout":"","_kad_post_sidebar_id":"","_kad_post_content_style":"","_kad_post_vertical_padding":"","_kad_post_feature":"","_kad_post_feature_position":"","_kad_post_header":false,"_kad_post_footer":false,"_kad_post_classname":"","_tribe_events_status":"","_tribe_events_status_reason":"","_tribe_events_is_hybrid":"","_tribe_events_is_virtual":"","_tribe_events_virtual_video_source":"","_tribe_events_virtual_embed_video":"","_tribe_events_virtual_linked_button_text":"","_tribe_events_virtual_linked_button":"","_tribe_events_virtual_show_embed_at":"","_tribe_events_virtual_show_embed_to":[],"_tribe_events_virtual_show_on_event":"","_tribe_events_virtual_show_on_views":"","_tribe_events_virtual_url":"","footnotes":""},"tags":[],"content-language":[507],"tribe_events_cat":[],"class_list":["post-10000432","tribe_events","type-tribe_events","status-publish","has-post-thumbnail","hentry","content-language-french","tribe-recurring-event","tribe-recurring-event-parent"],"acf":[],"_links":{"self":[{"href":"https:\/\/onlit.org\/fr\/wp-json\/wp\/v2\/tribe_events\/10000432","targetHints":{"allow":["GET"]}}],"collection":[{"href":"https:\/\/onlit.org\/fr\/wp-json\/wp\/v2\/tribe_events"}],"about":[{"href":"https:\/\/onlit.org\/fr\/wp-json\/wp\/v2\/types\/tribe_events"}],"author":[{"embeddable":true,"href":"https:\/\/onlit.org\/fr\/wp-json\/wp\/v2\/users\/32"}],"version-history":[{"count":0,"href":"https:\/\/onlit.org\/fr\/wp-json\/wp\/v2\/tribe_events\/10000432\/revisions"}],"wp:featuredmedia":[{"embeddable":true,"href":"https:\/\/onlit.org\/fr\/wp-json\/wp\/v2\/media\/41411"}],"wp:attachment":[{"href":"https:\/\/onlit.org\/fr\/wp-json\/wp\/v2\/media?parent=10000432"}],"wp:term":[{"taxonomy":"post_tag","embeddable":true,"href":"https:\/\/onlit.org\/fr\/wp-json\/wp\/v2\/tags?post=10000432"},{"taxonomy":"content-language","embeddable":true,"href":"https:\/\/onlit.org\/fr\/wp-json\/wp\/v2\/content-language?post=10000432"},{"taxonomy":"tribe_events_cat","embeddable":true,"href":"https:\/\/onlit.org\/fr\/wp-json\/wp\/v2\/tribe_events_cat?post=10000432"}],"curies":[{"name":"wp","href":"https:\/\/api.w.org\/{rel}","templated":true}]}}