{"id":10000028,"date":"2023-08-18T09:31:18","date_gmt":"2023-08-18T13:31:18","guid":{"rendered":"https:\/\/onlit.org\/?post_type=tribe_events&#038;p=14135"},"modified":"2025-05-08T14:26:08","modified_gmt":"2025-05-08T18:26:08","slug":"sept-gestes-puissants","status":"publish","type":"tribe_events","link":"https:\/\/onlit.org\/fr\/event\/sept-gestes-puissants\/2023-11-02\/","title":{"rendered":"Sept gestes puissants &#8211; \u00c9tude de livre &#8211; S\u00e9rie"},"content":{"rendered":"<p>Joignez-vous \u00e0 Mich\u00e8le Minor-Corriveau et Alex-Andr\u00e9e Madore pour d\u00e9couvrir les <strong><em>Sept gestes puissants<\/em><\/strong> qui transformeront vos activit\u00e9s p\u00e9dagogiques en un tour de bras. Le livre de Kemeny (2023) est un incontournable pour tout membre du personnel enseignant de la maternelle \u00e0 la troisi\u00e8me ann\u00e9e charg\u00e9s d\u2019enseigner et d\u2019\u00e9valuer la lecture aux \u00e9l\u00e8ves. La collectivit\u00e9 francophone \u00e0 travers le pays est bienvenue de participer.<\/p>\n<p>Au cours des 4 s\u00e9ances d&rsquo;une dur\u00e9e de 60 minutes, Mich\u00e8le et Alex-Andr\u00e9e pr\u00e9senterons un aper\u00e7u des gestes puissants. En participant \u00e0 des \u00e9changes dynamiques avec vos coll\u00e8gues, vous en sortirez outill\u00e9s de strat\u00e9gies, d\u2019outils et de ressources en fran\u00e7ais, cl\u00e9s en main. Vous \u00e9pargnerez ainsi du temps en \u00e9toffant vos connaissances. Le tout se passe un jeudi en fin de journ\u00e9e, alors inscrivez-vous et branchez-vous \u00e0 partir de votre bureau virtuel pr\u00e9f\u00e9r\u00e9.<\/p>\n<p>Le livre:\u00a0 <strong><em>Seven Mighty Moves : Research-Backed, Classroom-Tested Strategies to Ensure K-To-3 Reading Success<\/em> <\/strong>de Lindsay Kemeny<\/p>\n<p>R\u00e9sum\u00e9 des gestes puissants:<\/p>\n<ol>\n<li>Enseigner la conscience phon\u00e9mique avec intention<\/li>\n<li>Enseigner les correspondances graph\u00e8mes-phon\u00e8mes et phon\u00e8mes-graph\u00e8mes de mani\u00e8re explicite et syst\u00e9matique<\/li>\n<li>Enseigner la lecture \u00e0 partir de strat\u00e9gies de d\u00e9codage qui pr\u00eatent attention au code<\/li>\n<li>Enseigner la lecture \u00e0 partir de textes d\u00e9codables<\/li>\n<li>Enseigner les mots fr\u00e9quents \u00e0 partir des strat\u00e9gies de d\u00e9codage qui pr\u00eatent attention au code<\/li>\n<li>S&rsquo;attendre \u00e0 ce que la fluidit\u00e9 s&rsquo;am\u00e9liore gr\u00e2ce \u00e0 des occasions de s&rsquo;exercer en contextes significatifs<\/li>\n<li>Recourir aux connaissances ant\u00e9rieures et enseigner le vocabulaire pour \u00e9toffer la compr\u00e9hension<\/li>\n<\/ol>\n<p>Les s\u00e9ances seront disponibles en rediffusion.<\/p>\n<h3>Dates des sessions:<\/h3>\n<p>L&rsquo;inscription \u00e0 n&rsquo;importe quel \u00e9v\u00e9nement de la s\u00e9rie vous inscrira automatiquement \u00e0 tous les \u00e9v\u00e9nements. Rejoignez-nous quand cela vous convient !<\/p>\n<h3>Session 1<\/h3>\n<p>le 5 octobre, 16:00 &#8211; 17:00<\/p>\n<h3>Session 2<\/h3>\n<p>le 19 octobre, 16:00 &#8211; 17:00<\/p>\n<h3>Session 3<\/h3>\n<p>le 2 novembre, 16:00 &#8211; 17:00<\/p>\n<h3>Session 4<\/h3>\n<p>le 16 novembre, 16:00 &#8211; 17:00<\/p>\n","protected":false},"excerpt":{"rendered":"<p>Joignez-vous \u00e0 Mich\u00e8le Minor-Corriveau et Alex-Andr\u00e9e Madore pour d\u00e9couvrir les Sept gestes puissants qui transformeront vos activit\u00e9s p\u00e9dagogiques en un tour de bras. Le livre de Kemeny (2023) est un&#8230;<\/p>\n","protected":false},"author":32,"featured_media":17002,"template":"","meta":{"_acf_changed":false,"_kad_post_transparent":"","_kad_post_title":"","_kad_post_layout":"","_kad_post_sidebar_id":"","_kad_post_content_style":"","_kad_post_vertical_padding":"","_kad_post_feature":"","_kad_post_feature_position":"","_kad_post_header":false,"_kad_post_footer":false,"_kad_post_classname":"","_tribe_events_status":"","_tribe_events_status_reason":"","_tribe_events_is_hybrid":"","_tribe_events_is_virtual":"","_tribe_events_virtual_video_source":"","_tribe_events_virtual_embed_video":"","_tribe_events_virtual_linked_button_text":"","_tribe_events_virtual_linked_button":"","_tribe_events_virtual_show_embed_at":"","_tribe_events_virtual_show_embed_to":[],"_tribe_events_virtual_show_on_event":"","_tribe_events_virtual_show_on_views":"","_tribe_events_virtual_url":"","footnotes":""},"tags":[],"content-language":[507],"tribe_events_cat":[],"class_list":["post-10000028","tribe_events","type-tribe_events","status-publish","has-post-thumbnail","hentry","content-language-french","tribe-recurring-event","tribe-recurring-event-parent"],"acf":[],"_links":{"self":[{"href":"https:\/\/onlit.org\/fr\/wp-json\/wp\/v2\/tribe_events\/10000028","targetHints":{"allow":["GET"]}}],"collection":[{"href":"https:\/\/onlit.org\/fr\/wp-json\/wp\/v2\/tribe_events"}],"about":[{"href":"https:\/\/onlit.org\/fr\/wp-json\/wp\/v2\/types\/tribe_events"}],"author":[{"embeddable":true,"href":"https:\/\/onlit.org\/fr\/wp-json\/wp\/v2\/users\/32"}],"version-history":[{"count":0,"href":"https:\/\/onlit.org\/fr\/wp-json\/wp\/v2\/tribe_events\/10000028\/revisions"}],"wp:featuredmedia":[{"embeddable":true,"href":"https:\/\/onlit.org\/fr\/wp-json\/wp\/v2\/media\/17002"}],"wp:attachment":[{"href":"https:\/\/onlit.org\/fr\/wp-json\/wp\/v2\/media?parent=10000028"}],"wp:term":[{"taxonomy":"post_tag","embeddable":true,"href":"https:\/\/onlit.org\/fr\/wp-json\/wp\/v2\/tags?post=10000028"},{"taxonomy":"content-language","embeddable":true,"href":"https:\/\/onlit.org\/fr\/wp-json\/wp\/v2\/content-language?post=10000028"},{"taxonomy":"tribe_events_cat","embeddable":true,"href":"https:\/\/onlit.org\/fr\/wp-json\/wp\/v2\/tribe_events_cat?post=10000028"}],"curies":[{"name":"wp","href":"https:\/\/api.w.org\/{rel}","templated":true}]}}