{"id":42179,"date":"2026-03-03T19:17:02","date_gmt":"2026-03-04T00:17:02","guid":{"rendered":"https:\/\/onlit.org\/?page_id=42179"},"modified":"2026-03-03T19:23:56","modified_gmt":"2026-03-04T00:23:56","slug":"les-penuries-alimentaires-mondiales","status":"publish","type":"page","link":"https:\/\/onlit.org\/fr\/apprendre-lire-et-grandir\/6e-annee\/les-penuries-alimentaires-mondiales\/","title":{"rendered":"Les p\u00e9nuries alimentaires mondiales"},"content":{"rendered":"\n<h3 class=\"wp-block-heading\">6e ann\u00e9e &#8211; unit\u00e9 4<\/h3>\n\n\n\n<h2 class=\"wp-block-heading\">Les p\u00e9nuries alimentaires mondiales<\/h2>\n\n\n\n<p>L\u2019unit\u00e9 <em>Les p\u00e9nuries alimentaires mondiales<\/em>, inspir\u00e9e de <em>Releasing Writers<\/em>, relie l\u2019\u00e9criture en 6e ann\u00e9e au programme-cadre d\u2019\u00e9tudes sociales en explorant les causes et les solutions possibles aux p\u00e9nuries alimentaires \u00e0 l\u2019\u00e9chelle mondiale. Un travail explicite sur les phrases coordonn\u00e9es et complexes est int\u00e9gr\u00e9, ce qui en fait une ressource pratique, align\u00e9e sur le curriculum et pr\u00eate \u00e0 \u00eatre utilis\u00e9e en salle de classe.<\/p>\n\n\n\n<h2 class=\"wp-block-heading\">Cycle d\u2019\u00e9criture structur\u00e9e <\/h2>\n\n\n\n<h3 class=\"wp-block-heading\">Les p\u00e9nuries alimentaires mondiales<\/h3>\n\n\n\n<ul class=\"wp-block-list\">\n<li><a href=\"https:\/\/drive.google.com\/drive\/folders\/1p4Qmgg5g1qKhbi3gOqulFxwwr61dIMEz?usp=drive_link\" data-type=\"link\" data-id=\"onlit.org\" target=\"_blank\" rel=\"noreferrer noopener\">Texte mod\u00e8le<\/a> \u2013 <em>Les p\u00e9nuries alimentaires mondiales<\/em><\/li>\n\n\n\n<li><a href=\"https:\/\/drive.google.com\/drive\/folders\/1euvcuwCjrXFrxl_PB1dn4M2R7b6qo-Qz?usp=drive_link\" target=\"_blank\" rel=\"noreferrer noopener\">Fiche de r\u00e9f\u00e9rence<\/a> pour l\u2019\u00e9criture structur\u00e9e\n<ul class=\"wp-block-list\">\n<li><a href=\"https:\/\/drive.google.com\/drive\/folders\/1K8ek2uUWwa7FJKShItjo1XSG489k5tpI?usp=drive_link\" data-type=\"link\" data-id=\"onlit.org\" target=\"_blank\" rel=\"noreferrer noopener\">Diaporama p\u00e9dagogique<\/a> \u2013 l\u2019\u00e9criture structur\u00e9e<\/li>\n\n\n\n<li><a href=\"https:\/\/drive.google.com\/drive\/folders\/16bn_3OWcUcso_EK--GV4Dg064UQcWymq?usp=drive_link\" data-type=\"link\" data-id=\"onlit.org\" target=\"_blank\" rel=\"noreferrer noopener\">Diaporama p\u00e9dagogique<\/a> \u2013 vocabulaire<\/li>\n\n\n\n<li><a href=\"https:\/\/drive.google.com\/drive\/folders\/1xxBev4A-d0SCX38VJpsO3jvLoG3ffv6l?usp=drive_link\" data-type=\"link\" data-id=\"onlit.org\" target=\"_blank\" rel=\"noreferrer noopener\">Exemplaires soulign\u00e9es et copies pour les \u00e9l\u00e8ves<\/a><\/li>\n\n\n\n<li><a href=\"https:\/\/drive.google.com\/drive\/folders\/1sFQTA7d2d-AQNfLJwWbj8kkPaPY_omWI?usp=drive_link\" data-type=\"link\" data-id=\"onlit.org\" target=\"_blank\" rel=\"noreferrer noopener\">Page d\u2019\u00e9criture pour \u00e9l\u00e8ves<\/a><\/li>\n<\/ul>\n<\/li>\n<\/ul>\n\n\n\n<p><\/p>\n\n\n\n<p><\/p>\n","protected":false},"excerpt":{"rendered":"<p>6e ann\u00e9e &#8211; unit\u00e9 4 Les p\u00e9nuries alimentaires mondiales L\u2019unit\u00e9 Les p\u00e9nuries alimentaires mondiales, inspir\u00e9e de Releasing Writers, relie l\u2019\u00e9criture en 6e ann\u00e9e au programme-cadre d\u2019\u00e9tudes sociales en explorant les&#8230;<\/p>\n","protected":false},"author":32,"featured_media":0,"parent":41291,"menu_order":0,"comment_status":"closed","ping_status":"closed","template":"","meta":{"_acf_changed":false,"_kad_post_transparent":"","_kad_post_title":"","_kad_post_layout":"","_kad_post_sidebar_id":"","_kad_post_content_style":"","_kad_post_vertical_padding":"","_kad_post_feature":"","_kad_post_feature_position":"","_kad_post_header":false,"_kad_post_footer":false,"_kad_post_classname":"","footnotes":""},"content-language":[509],"class_list":["post-42179","page","type-page","status-publish","hentry","content-language-francais"],"acf":[],"_links":{"self":[{"href":"https:\/\/onlit.org\/fr\/wp-json\/wp\/v2\/pages\/42179","targetHints":{"allow":["GET"]}}],"collection":[{"href":"https:\/\/onlit.org\/fr\/wp-json\/wp\/v2\/pages"}],"about":[{"href":"https:\/\/onlit.org\/fr\/wp-json\/wp\/v2\/types\/page"}],"author":[{"embeddable":true,"href":"https:\/\/onlit.org\/fr\/wp-json\/wp\/v2\/users\/32"}],"replies":[{"embeddable":true,"href":"https:\/\/onlit.org\/fr\/wp-json\/wp\/v2\/comments?post=42179"}],"version-history":[{"count":1,"href":"https:\/\/onlit.org\/fr\/wp-json\/wp\/v2\/pages\/42179\/revisions"}],"predecessor-version":[{"id":42180,"href":"https:\/\/onlit.org\/fr\/wp-json\/wp\/v2\/pages\/42179\/revisions\/42180"}],"up":[{"embeddable":true,"href":"https:\/\/onlit.org\/fr\/wp-json\/wp\/v2\/pages\/41291"}],"wp:attachment":[{"href":"https:\/\/onlit.org\/fr\/wp-json\/wp\/v2\/media?parent=42179"}],"wp:term":[{"taxonomy":"content-language","embeddable":true,"href":"https:\/\/onlit.org\/fr\/wp-json\/wp\/v2\/content-language?post=42179"}],"curies":[{"name":"wp","href":"https:\/\/api.w.org\/{rel}","templated":true}]}}