{"id":42174,"date":"2026-03-03T19:12:02","date_gmt":"2026-03-04T00:12:02","guid":{"rendered":"https:\/\/onlit.org\/?page_id=42174"},"modified":"2026-03-03T19:12:03","modified_gmt":"2026-03-04T00:12:03","slug":"la-declaration-universelle-des-droits-de-lhomme","status":"publish","type":"page","link":"https:\/\/onlit.org\/fr\/apprendre-lire-et-grandir\/6e-annee\/la-declaration-universelle-des-droits-de-lhomme\/","title":{"rendered":"La D\u00e9claration universelle des droits de l\u2019homme"},"content":{"rendered":"\n<h3 class=\"wp-block-heading\">6e ann\u00e9e &#8211; unit\u00e9 3<\/h3>\n\n\n\n<h2 class=\"wp-block-heading\">La D\u00e9claration universelle des droits de l\u2019homme<\/h2>\n\n\n\n<p>L\u2019unit\u00e9 <em>La D\u00e9claration universelle des droits de l\u2019homme<\/em>, inspir\u00e9e de <em>Releasing Writers<\/em>, \u00e9tablit des liens entre l\u2019\u00e9criture en 6e ann\u00e9e et le programme-cadre d\u2019\u00e9tudes sociales, en explorant la D\u00e9claration ainsi que l\u2019importance de chaque droit et libert\u00e9. Un travail explicite sur la combinaison de phrases \u00e0 l\u2019aide de parce que, mais et donc est \u00e9galement int\u00e9gr\u00e9, ce qui en fait une ressource align\u00e9e sur le programme-cadre et pr\u00eate \u00e0 \u00eatre utilis\u00e9e en salle de classe.<\/p>\n\n\n\n<h2 class=\"wp-block-heading\">Cycle d\u2019\u00e9criture structur\u00e9e <\/h2>\n\n\n\n<h3 class=\"wp-block-heading\">La D\u00e9claration universelle des droits de l\u2019homme<\/h3>\n\n\n\n<ul class=\"wp-block-list\">\n<li><a href=\"https:\/\/drive.google.com\/drive\/folders\/1LpB-c0gASNNNTYowUI0ChfoquIG0yzMq?usp=drive_link\" data-type=\"link\" data-id=\"onlit.org\" target=\"_blank\" rel=\"noreferrer noopener\">Texte mod\u00e8le<\/a> \u2013 <em>La D\u00e9claration universelle des droits de l\u2019homme<\/em><\/li>\n\n\n\n<li><a href=\"https:\/\/drive.google.com\/drive\/folders\/1oXpCU1Q9gWZxcrpJfGGguvFZ1Qk16MM0?usp=drive_link\" target=\"_blank\" rel=\"noreferrer noopener\">Fiche de r\u00e9f\u00e9rence<\/a> pour l\u2019\u00e9criture structur\u00e9e\n<ul class=\"wp-block-list\">\n<li><a href=\"https:\/\/drive.google.com\/drive\/folders\/1KDmyAlDYrW87WWDILeLvYGnUumF6rqKZ?usp=drive_link\" data-type=\"link\" data-id=\"onlit.org\" target=\"_blank\" rel=\"noreferrer noopener\">Diaporama p\u00e9dagogique<\/a> \u2013 l\u2019\u00e9criture structur\u00e9e<\/li>\n\n\n\n<li><a href=\"https:\/\/drive.google.com\/drive\/folders\/1H2huS1u0yht9L-B3KoDbrG3eWYkz7w7P?usp=drive_link\" data-type=\"link\" data-id=\"onlit.org\" target=\"_blank\" rel=\"noreferrer noopener\">Diaporama p\u00e9dagogique<\/a> \u2013 vocabulaire<\/li>\n\n\n\n<li><a href=\"https:\/\/drive.google.com\/drive\/folders\/1kvg4CHzl7CEt8e8XEZ_08LlshK8vfTcJ?usp=drive_link\" data-type=\"link\" data-id=\"onlit.org\" target=\"_blank\" rel=\"noreferrer noopener\">Exemplaires soulign\u00e9es et copies pour les \u00e9l\u00e8ves<\/a><\/li>\n\n\n\n<li><a href=\"https:\/\/drive.google.com\/drive\/folders\/1MZN1PshjeMcPTJvj2zPtnEuggDxdKjYC?usp=drive_link\" data-type=\"link\" data-id=\"onlit.org\" target=\"_blank\" rel=\"noreferrer noopener\">Page d\u2019\u00e9criture pour \u00e9l\u00e8ves<\/a><\/li>\n<\/ul>\n<\/li>\n<\/ul>\n\n\n\n<p><\/p>\n\n\n\n<p><\/p>\n","protected":false},"excerpt":{"rendered":"<p>6e ann\u00e9e &#8211; unit\u00e9 3 La D\u00e9claration universelle des droits de l\u2019homme L\u2019unit\u00e9 La D\u00e9claration universelle des droits de l\u2019homme, inspir\u00e9e de Releasing Writers, \u00e9tablit des liens entre l\u2019\u00e9criture en&#8230;<\/p>\n","protected":false},"author":32,"featured_media":0,"parent":41291,"menu_order":0,"comment_status":"closed","ping_status":"closed","template":"","meta":{"_acf_changed":false,"_kad_post_transparent":"","_kad_post_title":"","_kad_post_layout":"","_kad_post_sidebar_id":"","_kad_post_content_style":"","_kad_post_vertical_padding":"","_kad_post_feature":"","_kad_post_feature_position":"","_kad_post_header":false,"_kad_post_footer":false,"_kad_post_classname":"","footnotes":""},"content-language":[509],"class_list":["post-42174","page","type-page","status-publish","hentry","content-language-francais"],"acf":[],"_links":{"self":[{"href":"https:\/\/onlit.org\/fr\/wp-json\/wp\/v2\/pages\/42174","targetHints":{"allow":["GET"]}}],"collection":[{"href":"https:\/\/onlit.org\/fr\/wp-json\/wp\/v2\/pages"}],"about":[{"href":"https:\/\/onlit.org\/fr\/wp-json\/wp\/v2\/types\/page"}],"author":[{"embeddable":true,"href":"https:\/\/onlit.org\/fr\/wp-json\/wp\/v2\/users\/32"}],"replies":[{"embeddable":true,"href":"https:\/\/onlit.org\/fr\/wp-json\/wp\/v2\/comments?post=42174"}],"version-history":[{"count":1,"href":"https:\/\/onlit.org\/fr\/wp-json\/wp\/v2\/pages\/42174\/revisions"}],"predecessor-version":[{"id":42175,"href":"https:\/\/onlit.org\/fr\/wp-json\/wp\/v2\/pages\/42174\/revisions\/42175"}],"up":[{"embeddable":true,"href":"https:\/\/onlit.org\/fr\/wp-json\/wp\/v2\/pages\/41291"}],"wp:attachment":[{"href":"https:\/\/onlit.org\/fr\/wp-json\/wp\/v2\/media?parent=42174"}],"wp:term":[{"taxonomy":"content-language","embeddable":true,"href":"https:\/\/onlit.org\/fr\/wp-json\/wp\/v2\/content-language?post=42174"}],"curies":[{"name":"wp","href":"https:\/\/api.w.org\/{rel}","templated":true}]}}