{"id":42161,"date":"2026-03-03T18:42:45","date_gmt":"2026-03-03T23:42:45","guid":{"rendered":"https:\/\/onlit.org\/?page_id=42161"},"modified":"2026-03-04T11:38:39","modified_gmt":"2026-03-04T16:38:39","slug":"le-probleme-du-plastique-cinq-amis-passent-a-laction","status":"publish","type":"page","link":"https:\/\/onlit.org\/fr\/apprendre-lire-et-grandir\/5e-annee\/le-probleme-du-plastique-cinq-amis-passent-a-laction\/","title":{"rendered":"Le probl\u00e8me du plastique : cinq amis passent \u00e0 l\u2019action"},"content":{"rendered":"\n<h3 class=\"wp-block-heading\">5e ann\u00e9e &#8211; unit\u00e9 1<\/h3>\n\n\n\n<h2 class=\"wp-block-heading\">Le probl\u00e8me du plastique : cinq amis passent \u00e0 l\u2019action<\/h2>\n\n\n\n<p>Ce qui commence comme une journ\u00e9e amusante au bord du lac devient rapidement un grand probl\u00e8me \u00e0 r\u00e9soudre ! Dans Le probl\u00e8me du plastique : cinq amis passent \u00e0 l\u2019action, les \u00e9l\u00e8ves suivent le parcours d\u2019un groupe d\u2019amis qui d\u00e9couvre comment la pollution plastique se d\u00e9place de la terre vers les rivi\u00e8res, les lacs et les oc\u00e9ans. <\/p>\n\n\n\n<p>\u00c0 travers ce r\u00e9cit engageant, une r\u00e9flexion est amorc\u00e9e sur la responsabilit\u00e9 environnementale et sur l\u2019impact des petits gestes. La le\u00e7on de syntaxe qui accompagne l\u2019unit\u00e9 permet un travail explicite sur l\u2019utilisation des propositions subordonn\u00e9es et sur la flexibilit\u00e9 syntaxique afin de renforcer l&rsquo;\u00e9criture. Pr\u00eate \u00e0 \u00eatre utilis\u00e9e et align\u00e9e sur le programme-cadre, cette unit\u00e9 soutient des apprentissages porteurs de sens et le d\u00e9veloppement d\u2019une \u00e9criture assur\u00e9e.<\/p>\n\n\n\n<h2 class=\"wp-block-heading\">Cycle d\u2019\u00e9criture structur\u00e9e <\/h2>\n\n\n\n<h3 class=\"wp-block-heading\">Le probl\u00e8me du plastique : cinq amis passent \u00e0 l\u2019action<\/h3>\n\n\n\n<ul class=\"wp-block-list\">\n<li><a href=\"https:\/\/drive.google.com\/drive\/folders\/1KSd1EYjNQfTXJFXit4I_GY-JimKXIZoS?usp=drive_link\" data-type=\"link\" data-id=\"onlit.org\" target=\"_blank\" rel=\"noreferrer noopener\">Texte mod\u00e8le<\/a> \u2013 <em>Le probl\u00e8me du plastique : cinq amis passent \u00e0 l\u2019action<\/em><\/li>\n\n\n\n<li><a href=\"https:\/\/drive.google.com\/drive\/folders\/1z4Tl6F_1V1IOKAjjNcNtSynfyDmWQwIC?usp=drive_link\" target=\"_blank\" rel=\"noreferrer noopener\">Fiche de r\u00e9f\u00e9rence<\/a> pour l\u2019\u00e9criture structur\u00e9e\n<ul class=\"wp-block-list\">\n<li><a href=\"https:\/\/drive.google.com\/drive\/folders\/1D-syfo-uLZJTVp_S4zsBdQ8FcoP43Nq2?usp=drive_link\" data-type=\"link\" data-id=\"onlit.org\" target=\"_blank\" rel=\"noreferrer noopener\">Diaporama p\u00e9dagogique<\/a> \u2013 l\u2019\u00e9criture structur\u00e9e<\/li>\n\n\n\n<li><a href=\"https:\/\/drive.google.com\/drive\/folders\/1nQ8RNCSdIEM6Sl8eEGoBbygvLfiI9IBv?usp=drive_link\" data-type=\"link\" data-id=\"onlit.org\" target=\"_blank\" rel=\"noreferrer noopener\">Diaporama p\u00e9dagogique<\/a> \u2013 vocabulaire<\/li>\n\n\n\n<li><a href=\"https:\/\/drive.google.com\/drive\/folders\/1JR4chOZ6yeKNtdnIoa-gFEXrw4aX00Wz?usp=drive_link\" data-type=\"link\" data-id=\"onlit.org\" target=\"_blank\" rel=\"noreferrer noopener\">Exemplaires soulign\u00e9es et copies pour les \u00e9l\u00e8ves<\/a><\/li>\n\n\n\n<li><a href=\"https:\/\/drive.google.com\/drive\/folders\/1cXvzL5n0RpF_AJd5Pduogs9IJLcwm1Y6?usp=drive_link\" data-type=\"link\" data-id=\"onlit.org\" target=\"_blank\" rel=\"noreferrer noopener\">Page d\u2019\u00e9criture pour \u00e9l\u00e8ves<\/a><\/li>\n<\/ul>\n<\/li>\n<\/ul>\n\n\n\n<p><\/p>\n\n\n\n<p><\/p>\n","protected":false},"excerpt":{"rendered":"<p>5e ann\u00e9e &#8211; unit\u00e9 1 Le probl\u00e8me du plastique : cinq amis passent \u00e0 l\u2019action Ce qui commence comme une journ\u00e9e amusante au bord du lac devient rapidement un grand&#8230;<\/p>\n","protected":false},"author":32,"featured_media":0,"parent":41306,"menu_order":0,"comment_status":"closed","ping_status":"closed","template":"","meta":{"_acf_changed":false,"_kad_post_transparent":"","_kad_post_title":"","_kad_post_layout":"","_kad_post_sidebar_id":"","_kad_post_content_style":"","_kad_post_vertical_padding":"","_kad_post_feature":"","_kad_post_feature_position":"","_kad_post_header":false,"_kad_post_footer":false,"_kad_post_classname":"","footnotes":""},"content-language":[509],"class_list":["post-42161","page","type-page","status-publish","hentry","content-language-francais"],"acf":[],"_links":{"self":[{"href":"https:\/\/onlit.org\/fr\/wp-json\/wp\/v2\/pages\/42161","targetHints":{"allow":["GET"]}}],"collection":[{"href":"https:\/\/onlit.org\/fr\/wp-json\/wp\/v2\/pages"}],"about":[{"href":"https:\/\/onlit.org\/fr\/wp-json\/wp\/v2\/types\/page"}],"author":[{"embeddable":true,"href":"https:\/\/onlit.org\/fr\/wp-json\/wp\/v2\/users\/32"}],"replies":[{"embeddable":true,"href":"https:\/\/onlit.org\/fr\/wp-json\/wp\/v2\/comments?post=42161"}],"version-history":[{"count":2,"href":"https:\/\/onlit.org\/fr\/wp-json\/wp\/v2\/pages\/42161\/revisions"}],"predecessor-version":[{"id":42163,"href":"https:\/\/onlit.org\/fr\/wp-json\/wp\/v2\/pages\/42161\/revisions\/42163"}],"up":[{"embeddable":true,"href":"https:\/\/onlit.org\/fr\/wp-json\/wp\/v2\/pages\/41306"}],"wp:attachment":[{"href":"https:\/\/onlit.org\/fr\/wp-json\/wp\/v2\/media?parent=42161"}],"wp:term":[{"taxonomy":"content-language","embeddable":true,"href":"https:\/\/onlit.org\/fr\/wp-json\/wp\/v2\/content-language?post=42161"}],"curies":[{"name":"wp","href":"https:\/\/api.w.org\/{rel}","templated":true}]}}