{"id":42156,"date":"2026-03-03T18:32:15","date_gmt":"2026-03-03T23:32:15","guid":{"rendered":"https:\/\/onlit.org\/?page_id=42156"},"modified":"2026-03-03T18:37:14","modified_gmt":"2026-03-03T23:37:14","slug":"leau-douce-au-canada-une-ressource-precieuse","status":"publish","type":"page","link":"https:\/\/onlit.org\/fr\/apprendre-lire-et-grandir\/5e-annee\/leau-douce-au-canada-une-ressource-precieuse\/","title":{"rendered":"L\u2019eau douce au Canada : une ressource pr\u00e9cieuse"},"content":{"rendered":"\n<h3 class=\"wp-block-heading\">5e ann\u00e9e &#8211; unit\u00e9 4<\/h3>\n\n\n\n<h2 class=\"wp-block-heading\">L\u2019eau douce au Canada : une ressource pr\u00e9cieuse<\/h2>\n\n\n\n<p>Qui prot\u00e8ge l\u2019eau douce du Canada, et pourquoi est-ce important pour l\u2019ensemble de la population ? Dans cette unit\u00e9 inspir\u00e9e de <em>Releasing Writers<\/em>, les \u00e9l\u00e8ves explorent l\u2019eau douce comme ressource pr\u00e9cieuse et le r\u00f4le des gouvernements f\u00e9d\u00e9ral, provinciaux et autochtones dans sa protection. Un travail explicite sur la r\u00e9daction de phrases coordonn\u00e9es et complexes est \u00e9galement int\u00e9gr\u00e9. Pratique, align\u00e9e sur le programme-cadre et pr\u00eate \u00e0 utiliser en salle de classe, cette unit\u00e9 soutient \u00e0 la fois le d\u00e9veloppement de l\u2019\u00e9criture et des apprentissages porteurs de sens.<\/p>\n\n\n\n<h2 class=\"wp-block-heading\">Cycle d\u2019\u00e9criture structur\u00e9e <\/h2>\n\n\n\n<h3 class=\"wp-block-heading\">L\u2019eau douce au Canada : une ressource pr\u00e9cieuse<\/h3>\n\n\n\n<ul class=\"wp-block-list\">\n<li><a href=\"https:\/\/drive.google.com\/drive\/folders\/1HimFPnk-cDX3YKcWxfEIrcwRWNtuMFA7?usp=drive_link\" data-type=\"link\" data-id=\"onlit.org\" target=\"_blank\" rel=\"noreferrer noopener\">Texte mod\u00e8le<\/a> \u2013<em> L\u2019eau douce au Canada : une ressource pr\u00e9cieuse<\/em><\/li>\n\n\n\n<li><a href=\"https:\/\/drive.google.com\/drive\/folders\/1ArJSnJ1MTB2O30pLxAl7bV85zv1ENIXx?usp=drive_link\" target=\"_blank\" rel=\"noreferrer noopener\">Fiche de r\u00e9f\u00e9rence<\/a> pour l\u2019\u00e9criture structur\u00e9e\n<ul class=\"wp-block-list\">\n<li><a href=\"https:\/\/drive.google.com\/drive\/folders\/1_WIm-y-Xvi4az90fQsGsMEEJrtG52ybh?usp=drive_link\" data-type=\"link\" data-id=\"onlit.org\" target=\"_blank\" rel=\"noreferrer noopener\">Diaporama p\u00e9dagogique<\/a> \u2013 l\u2019\u00e9criture structur\u00e9e<\/li>\n\n\n\n<li><a href=\"https:\/\/drive.google.com\/drive\/folders\/1KBSNfy8T31FyZLkODQrdhUZSMl-bzicI?usp=drive_link\" data-type=\"link\" data-id=\"onlit.org\" target=\"_blank\" rel=\"noreferrer noopener\">Diaporama p\u00e9dagogique<\/a> \u2013 vocabulaire<\/li>\n\n\n\n<li><a href=\"https:\/\/drive.google.com\/drive\/folders\/1AL0459EaY8gkMMGfmr3w5Yx3RbDt6o1k?usp=drive_link\" data-type=\"link\" data-id=\"onlit.org\" target=\"_blank\" rel=\"noreferrer noopener\">Exemplaires soulign\u00e9es et copies pour les \u00e9l\u00e8ves<\/a><\/li>\n\n\n\n<li><a href=\"https:\/\/drive.google.com\/drive\/folders\/1SJrOyTGljuBibHyAgnyxWq3zVGnikY2Y?usp=drive_link\" data-type=\"link\" data-id=\"onlit.org\" target=\"_blank\" rel=\"noreferrer noopener\">Page d\u2019\u00e9criture pour \u00e9l\u00e8ves<\/a><\/li>\n<\/ul>\n<\/li>\n<\/ul>\n\n\n\n<p><\/p>\n\n\n\n<p><\/p>\n","protected":false},"excerpt":{"rendered":"<p>5e ann\u00e9e &#8211; unit\u00e9 4 L\u2019eau douce au Canada : une ressource pr\u00e9cieuse Qui prot\u00e8ge l\u2019eau douce du Canada, et pourquoi est-ce important pour l\u2019ensemble de la population ? Dans&#8230;<\/p>\n","protected":false},"author":32,"featured_media":0,"parent":41306,"menu_order":0,"comment_status":"closed","ping_status":"closed","template":"","meta":{"_acf_changed":false,"_kad_post_transparent":"","_kad_post_title":"","_kad_post_layout":"","_kad_post_sidebar_id":"","_kad_post_content_style":"","_kad_post_vertical_padding":"","_kad_post_feature":"","_kad_post_feature_position":"","_kad_post_header":false,"_kad_post_footer":false,"_kad_post_classname":"","footnotes":""},"content-language":[509],"class_list":["post-42156","page","type-page","status-publish","hentry","content-language-francais"],"acf":[],"_links":{"self":[{"href":"https:\/\/onlit.org\/fr\/wp-json\/wp\/v2\/pages\/42156","targetHints":{"allow":["GET"]}}],"collection":[{"href":"https:\/\/onlit.org\/fr\/wp-json\/wp\/v2\/pages"}],"about":[{"href":"https:\/\/onlit.org\/fr\/wp-json\/wp\/v2\/types\/page"}],"author":[{"embeddable":true,"href":"https:\/\/onlit.org\/fr\/wp-json\/wp\/v2\/users\/32"}],"replies":[{"embeddable":true,"href":"https:\/\/onlit.org\/fr\/wp-json\/wp\/v2\/comments?post=42156"}],"version-history":[{"count":1,"href":"https:\/\/onlit.org\/fr\/wp-json\/wp\/v2\/pages\/42156\/revisions"}],"predecessor-version":[{"id":42157,"href":"https:\/\/onlit.org\/fr\/wp-json\/wp\/v2\/pages\/42156\/revisions\/42157"}],"up":[{"embeddable":true,"href":"https:\/\/onlit.org\/fr\/wp-json\/wp\/v2\/pages\/41306"}],"wp:attachment":[{"href":"https:\/\/onlit.org\/fr\/wp-json\/wp\/v2\/media?parent=42156"}],"wp:term":[{"taxonomy":"content-language","embeddable":true,"href":"https:\/\/onlit.org\/fr\/wp-json\/wp\/v2\/content-language?post=42156"}],"curies":[{"name":"wp","href":"https:\/\/api.w.org\/{rel}","templated":true}]}}