{"id":42149,"date":"2026-03-03T15:59:51","date_gmt":"2026-03-03T20:59:51","guid":{"rendered":"https:\/\/onlit.org\/?page_id=42149"},"modified":"2026-04-07T09:30:02","modified_gmt":"2026-04-07T13:30:02","slug":"des-structures-solides-contre-les-ouragans","status":"publish","type":"page","link":"https:\/\/onlit.org\/fr\/apprendre-lire-et-grandir\/5e-annee\/des-structures-solides-contre-les-ouragans\/","title":{"rendered":"Des structures solides contre les ouragans"},"content":{"rendered":"\n<h3 class=\"wp-block-heading\">5e ann\u00e9e &#8211; unit\u00e9 3<\/h3>\n\n\n\n<h2 class=\"wp-block-heading\">Des structures solides contre les ouragans<\/h2>\n\n\n\n<p>Quelles forces internes et externes influencent la conception et la construction d\u2019une maison ? L\u2019unit\u00e9 <em>Des structures solides contre les ouragans<\/em>, inspir\u00e9e de Releasing Writers, permet d\u2019explorer cette question de mani\u00e8re concr\u00e8te et riche de sens. Cette unit\u00e9 int\u00e8gre l\u2019\u00e9criture en 5e ann\u00e9e au programme-cadre de sciences et technologie, en abordant les forces, les mat\u00e9riaux et l\u2019ing\u00e9nierie. Un travail explicite sur la combinaison de phrases \u00e0 l\u2019aide de parce que, mais et donc est \u00e9galement int\u00e9gr\u00e9, ce qui en fait une ressource align\u00e9e sur le programme-cadre et pr\u00eate \u00e0 utiliser en salle de classe.<\/p>\n\n\n\n<h2 class=\"wp-block-heading\">Cycle d\u2019\u00e9criture structur\u00e9e <\/h2>\n\n\n\n<h3 class=\"wp-block-heading\">Des structures solides contre les ouragans<\/h3>\n\n\n\n<ul class=\"wp-block-list\">\n<li><a href=\"https:\/\/drive.google.com\/drive\/folders\/11b0LEetkZ6BgR67vA3heqnsAY-kEInWF?usp=drive_link\" data-type=\"link\" data-id=\"onlit.org\" target=\"_blank\" rel=\"noreferrer noopener\">Texte mod\u00e8le<\/a> \u2013 <em>Des structures solides contre les ouragans<\/em><\/li>\n\n\n\n<li><a href=\"https:\/\/drive.google.com\/drive\/folders\/1yaNPpPHzwxOFdPLbi7Ljxwx9XHT33wEB?usp=drive_link\" target=\"_blank\" rel=\"noreferrer noopener\">Fiche de r\u00e9f\u00e9rence<\/a> pour l\u2019\u00e9criture structur\u00e9e\n<ul class=\"wp-block-list\">\n<li><a href=\"https:\/\/drive.google.com\/drive\/folders\/1hxbNnHVrng1OnJDN8LQF6QkyYVfajB4n?usp=drive_link\" data-type=\"link\" data-id=\"https:\/\/drive.google.com\/drive\/folders\/1hxbNnHVrng1OnJDN8LQF6QkyYVfajB4n?usp=drive_link\" target=\"_blank\" rel=\"noreferrer noopener\">Diaporama p\u00e9dagogique<\/a> \u2013 l\u2019\u00e9criture structur\u00e9e<\/li>\n\n\n\n<li><a href=\"https:\/\/drive.google.com\/drive\/folders\/1BC6F4oMwTsT5uppB_pdNCcq_x89MuY_T?usp=drive_link\" data-type=\"link\" data-id=\"onlit.org\" target=\"_blank\" rel=\"noreferrer noopener\">Diaporama p\u00e9dagogique<\/a> \u2013 vocabulaire<\/li>\n\n\n\n<li><a href=\"https:\/\/drive.google.com\/drive\/folders\/1ls6f_VVirFvYWx9SYuJDi-823VdqJ5T8?usp=drive_link\" data-type=\"link\" data-id=\"onlit.org\" target=\"_blank\" rel=\"noreferrer noopener\">Exemplaires soulign\u00e9es et copies pour les \u00e9l\u00e8ves<\/a><\/li>\n\n\n\n<li><a href=\"https:\/\/drive.google.com\/drive\/folders\/1ACECOb7VpoKPh7bU_549JZ0axXSh0Hua?usp=drive_link\" data-type=\"link\" data-id=\"onlit.org\" target=\"_blank\" rel=\"noreferrer noopener\">Page d\u2019\u00e9criture pour \u00e9l\u00e8ves<\/a><\/li>\n<\/ul>\n<\/li>\n<\/ul>\n\n\n\n<p><\/p>\n\n\n\n<p><\/p>\n","protected":false},"excerpt":{"rendered":"<p>5e ann\u00e9e &#8211; unit\u00e9 3 Des structures solides contre les ouragans Quelles forces internes et externes influencent la conception et la construction d\u2019une maison ? L\u2019unit\u00e9 Des structures solides contre&#8230;<\/p>\n","protected":false},"author":32,"featured_media":0,"parent":41306,"menu_order":0,"comment_status":"closed","ping_status":"closed","template":"","meta":{"_acf_changed":false,"_kad_post_transparent":"","_kad_post_title":"","_kad_post_layout":"","_kad_post_sidebar_id":"","_kad_post_content_style":"","_kad_post_vertical_padding":"","_kad_post_feature":"","_kad_post_feature_position":"","_kad_post_header":false,"_kad_post_footer":false,"_kad_post_classname":"","footnotes":""},"content-language":[509],"class_list":["post-42149","page","type-page","status-publish","hentry","content-language-francais"],"acf":[],"_links":{"self":[{"href":"https:\/\/onlit.org\/fr\/wp-json\/wp\/v2\/pages\/42149","targetHints":{"allow":["GET"]}}],"collection":[{"href":"https:\/\/onlit.org\/fr\/wp-json\/wp\/v2\/pages"}],"about":[{"href":"https:\/\/onlit.org\/fr\/wp-json\/wp\/v2\/types\/page"}],"author":[{"embeddable":true,"href":"https:\/\/onlit.org\/fr\/wp-json\/wp\/v2\/users\/32"}],"replies":[{"embeddable":true,"href":"https:\/\/onlit.org\/fr\/wp-json\/wp\/v2\/comments?post=42149"}],"version-history":[{"count":2,"href":"https:\/\/onlit.org\/fr\/wp-json\/wp\/v2\/pages\/42149\/revisions"}],"predecessor-version":[{"id":42558,"href":"https:\/\/onlit.org\/fr\/wp-json\/wp\/v2\/pages\/42149\/revisions\/42558"}],"up":[{"embeddable":true,"href":"https:\/\/onlit.org\/fr\/wp-json\/wp\/v2\/pages\/41306"}],"wp:attachment":[{"href":"https:\/\/onlit.org\/fr\/wp-json\/wp\/v2\/media?parent=42149"}],"wp:term":[{"taxonomy":"content-language","embeddable":true,"href":"https:\/\/onlit.org\/fr\/wp-json\/wp\/v2\/content-language?post=42149"}],"curies":[{"name":"wp","href":"https:\/\/api.w.org\/{rel}","templated":true}]}}