{"id":42112,"date":"2026-03-02T15:35:47","date_gmt":"2026-03-02T20:35:47","guid":{"rendered":"https:\/\/onlit.org\/?page_id=42112"},"modified":"2026-04-17T15:53:08","modified_gmt":"2026-04-17T19:53:08","slug":"des-empereurs-aux-aines-les-gouvernements-du-passe","status":"publish","type":"page","link":"https:\/\/onlit.org\/fr\/apprendre-lire-et-grandir\/4e-annee\/des-empereurs-aux-aines-les-gouvernements-du-passe\/","title":{"rendered":"Des empereurs aux A\u00een\u00e9s : les gouvernements du pass\u00e9"},"content":{"rendered":"\n<h3 class=\"wp-block-heading\">4e ann\u00e9e &#8211; unit\u00e9 4<\/h3>\n\n\n\n<h2 class=\"wp-block-heading\">Des empereurs aux A\u00een\u00e9s : les gouvernements du pass\u00e9<\/h2>\n\n\n\n<p>L\u2019unit\u00e9 <em>Des empereurs aux A\u00een\u00e9s : les gouvernements du pass\u00e9<\/em> est directement li\u00e9e au programme-cadre d\u2019\u00e9tudes sociales de 4e ann\u00e9e de l\u2019Ontario. Elle permet aux \u00e9l\u00e8ves d\u2019explorer les premi\u00e8res soci\u00e9t\u00e9s tout en d\u00e9veloppant leur compr\u00e9hension des m\u00e9canismes du pouvoir et des processus d\u00e9cisionnels.<\/p>\n\n\n\n<p>Cette unit\u00e9 comprend \u00e9galement un enseignement explicite du vocabulaire ainsi qu\u2019un soutien cibl\u00e9 en syntaxe. Les \u00e9l\u00e8ves apprennent \u00e0 r\u00e9diger des phrases complexes \u00e0 l\u2019aide de propositions ind\u00e9pendantes et d\u00e9pendantes, renfor\u00e7ant ainsi simultan\u00e9ment leurs connaissances disciplinaires et leurs comp\u00e9tences en \u00e9criture.<\/p>\n\n\n\n<h2 class=\"wp-block-heading\">Cycle d\u2019\u00e9criture structur\u00e9e<\/h2>\n\n\n\n<h3 class=\"wp-block-heading\">Des empereurs aux A\u00een\u00e9s : les gouvernements du pass\u00e9<\/h3>\n\n\n\n<ul class=\"wp-block-list\">\n<li><a href=\"https:\/\/drive.google.com\/drive\/folders\/1Ls_Aj9G4FP80pOhaFDtPIK7rL5Uc2_md?usp=drive_link\" data-type=\"link\" data-id=\"onlit.org\" target=\"_blank\" rel=\"noreferrer noopener\">Texte mod\u00e8le<\/a> \u2013 <em>Des empereurs aux A\u00een\u00e9s : les gouvernements du pass\u00e9<\/em><\/li>\n\n\n\n<li><a href=\"https:\/\/drive.google.com\/drive\/folders\/140_VsdyWTZnoCELW32nbjonQn1a_I7-W?usp=drive_link\" target=\"_blank\" rel=\"noreferrer noopener\">Fiche de r\u00e9f\u00e9rence<\/a> pour l\u2019\u00e9criture structur\u00e9e\n<ul class=\"wp-block-list\">\n<li><a href=\"https:\/\/drive.google.com\/drive\/folders\/1oGx1S2OFk9bz_VKcjBBf8_bsCJhA8h1x?usp=drive_link\" data-type=\"link\" data-id=\"https:\/\/drive.google.com\/drive\/folders\/1oGx1S2OFk9bz_VKcjBBf8_bsCJhA8h1x?usp=drive_link\" target=\"_blank\" rel=\"noreferrer noopener\">Diaporama p\u00e9dagogique<\/a> \u2013 l\u2019\u00e9criture structur\u00e9e<\/li>\n\n\n\n<li><a href=\"https:\/\/drive.google.com\/drive\/folders\/1dGWD887xTAVpRa6HwkpkQYvBFabgPPzU?usp=drive_link\" data-type=\"link\" data-id=\"https:\/\/drive.google.com\/drive\/folders\/1dGWD887xTAVpRa6HwkpkQYvBFabgPPzU?usp=drive_link\" target=\"_blank\" rel=\"noreferrer noopener\">Diaporama p\u00e9dagogique<\/a> \u2013 vocabulaire<\/li>\n\n\n\n<li><a href=\"https:\/\/drive.google.com\/drive\/folders\/1RabWXAwLwnf20zVYH99VNtgISsvwIPZk?usp=drive_link\" data-type=\"link\" data-id=\"https:\/\/drive.google.com\/drive\/folders\/1RabWXAwLwnf20zVYH99VNtgISsvwIPZk?usp=drive_link\" target=\"_blank\" rel=\"noreferrer noopener\">Exemplaires soulign\u00e9es et copies pour les \u00e9l\u00e8ves<\/a><\/li>\n\n\n\n<li><a href=\"https:\/\/drive.google.com\/drive\/folders\/1AQfddGp-bc1lx1MuAf7he6qfES82qx1J?usp=drive_link\" data-type=\"link\" data-id=\"https:\/\/drive.google.com\/drive\/folders\/1AQfddGp-bc1lx1MuAf7he6qfES82qx1J?usp=drive_link\" target=\"_blank\" rel=\"noreferrer noopener\">Page d\u2019\u00e9criture pour \u00e9l\u00e8ves<\/a><\/li>\n<\/ul>\n<\/li>\n<\/ul>\n\n\n\n<p><\/p>\n\n\n\n<p><\/p>\n","protected":false},"excerpt":{"rendered":"<p>4e ann\u00e9e &#8211; unit\u00e9 4 Des empereurs aux A\u00een\u00e9s : les gouvernements du pass\u00e9 L\u2019unit\u00e9 Des empereurs aux A\u00een\u00e9s : les gouvernements du pass\u00e9 est directement li\u00e9e au programme-cadre d\u2019\u00e9tudes&#8230;<\/p>\n","protected":false},"author":32,"featured_media":0,"parent":41761,"menu_order":0,"comment_status":"closed","ping_status":"closed","template":"","meta":{"_acf_changed":false,"_kad_post_transparent":"","_kad_post_title":"","_kad_post_layout":"","_kad_post_sidebar_id":"","_kad_post_content_style":"","_kad_post_vertical_padding":"","_kad_post_feature":"","_kad_post_feature_position":"","_kad_post_header":false,"_kad_post_footer":false,"_kad_post_classname":"","footnotes":""},"content-language":[509],"class_list":["post-42112","page","type-page","status-publish","hentry","content-language-francais"],"acf":[],"_links":{"self":[{"href":"https:\/\/onlit.org\/fr\/wp-json\/wp\/v2\/pages\/42112","targetHints":{"allow":["GET"]}}],"collection":[{"href":"https:\/\/onlit.org\/fr\/wp-json\/wp\/v2\/pages"}],"about":[{"href":"https:\/\/onlit.org\/fr\/wp-json\/wp\/v2\/types\/page"}],"author":[{"embeddable":true,"href":"https:\/\/onlit.org\/fr\/wp-json\/wp\/v2\/users\/32"}],"replies":[{"embeddable":true,"href":"https:\/\/onlit.org\/fr\/wp-json\/wp\/v2\/comments?post=42112"}],"version-history":[{"count":1,"href":"https:\/\/onlit.org\/fr\/wp-json\/wp\/v2\/pages\/42112\/revisions"}],"predecessor-version":[{"id":42113,"href":"https:\/\/onlit.org\/fr\/wp-json\/wp\/v2\/pages\/42112\/revisions\/42113"}],"up":[{"embeddable":true,"href":"https:\/\/onlit.org\/fr\/wp-json\/wp\/v2\/pages\/41761"}],"wp:attachment":[{"href":"https:\/\/onlit.org\/fr\/wp-json\/wp\/v2\/media?parent=42112"}],"wp:term":[{"taxonomy":"content-language","embeddable":true,"href":"https:\/\/onlit.org\/fr\/wp-json\/wp\/v2\/content-language?post=42112"}],"curies":[{"name":"wp","href":"https:\/\/api.w.org\/{rel}","templated":true}]}}