{"id":36873,"date":"2025-04-14T13:47:01","date_gmt":"2025-04-14T17:47:01","guid":{"rendered":"https:\/\/onlit.org\/?page_id=36873"},"modified":"2025-08-27T14:08:49","modified_gmt":"2025-08-27T18:08:49","slug":"d1-developpement-didees-et-organisation-de-contenu","status":"publish","type":"page","link":"https:\/\/onlit.org\/fr\/survol-de-la-litteratie\/1re-annee\/d1-developpement-didees-et-organisation-de-contenu\/","title":{"rendered":"D1. D\u00e9veloppement d\u2019id\u00e9es et organisation de contenu"},"content":{"rendered":"\t\t<div data-elementor-type=\"wp-page\" data-elementor-id=\"36873\" class=\"elementor elementor-36873 elementor-36807\" data-elementor-post-type=\"page\">\n\t\t\t\t<div class=\"elementor-element elementor-element-3aa8a624 e-con-full e-flex e-con e-parent\" data-id=\"3aa8a624\" data-element_type=\"container\" data-e-type=\"container\">\n\t\t\t\t<div class=\"elementor-element elementor-element-370519fe elementor-widget elementor-widget-heading\" data-id=\"370519fe\" data-element_type=\"widget\" data-e-type=\"widget\" data-widget_type=\"heading.default\">\n\t\t\t\t<div class=\"elementor-widget-container\">\n\t\t\t\t\t<h1 class=\"elementor-heading-title elementor-size-default\">D1. D\u00e9veloppement d\u2019id\u00e9es et organisation de contenu<\/h1>\t\t\t\t<\/div>\n\t\t\t\t<\/div>\n\t\t\t\t<div class=\"elementor-element elementor-element-6bd6987 elementor-widget elementor-widget-text-editor\" data-id=\"6bd6987\" data-element_type=\"widget\" data-e-type=\"widget\" data-widget_type=\"text-editor.default\">\n\t\t\t\t<div class=\"elementor-widget-container\">\n\t\t\t\t\t\t\t\t\tEn 1<sup>re<\/sup> ann\u00e9e, les \u00e9l\u00e8ves continueront \u00e0 renforcer et \u00e0 d\u00e9velopper leur capacit\u00e9 \u00e0 trouver des id\u00e9es pour cr\u00e9er des textes, ils et elles commenceront \u00e0 comprendre comment rassembler de l&rsquo;information sur un sujet et comment trier et ordonner leurs id\u00e9es et l\u2019information recueillie, et ils et elles commenceront \u00e0 comprendre la que les raisons et les intentions de l\u2019\u00e9criture sont vari\u00e9es.\n\nLes \u00e9l\u00e8ves devraient avoir de nombreuses occasions d&rsquo;\u00e9crire tout au long de la journ\u00e9e. Ces occasions doivent \u00eatre vari\u00e9es et inclure des sujets choisis par les \u00e9l\u00e8ves, mais aussi les sujets abord\u00e9s au cours de leur apprentissage (par exemple, les sciences, les \u00e9tudes sociales, etc.). Il convient d&rsquo;enseigner explicitement aux \u00e9l\u00e8ves les strat\u00e9gies de remue-m\u00e9ninges et de collecte d&rsquo;informations \u00e0 partir de diverses sources, y compris l&rsquo;utilisation d&rsquo;organisateurs graphiques et de techniques de prise de notes.\n\nIl y a un grand \u00e9cart dans les attentes en r\u00e9daction entre le Programme de la maternelle et du jardin d\u2019enfants 2016 et le programme-cadre de fran\u00e7ais de la 1<sup>re<\/sup> ann\u00e9e. Nous avons not\u00e9 des sp\u00e9cificit\u00e9s qui apparaissent pour la premi\u00e8re fois en 1<sup>re<\/sup> ann\u00e9e.\t\t\t\t\t\t\t\t<\/div>\n\t\t\t\t<\/div>\n\t\t<div class=\"elementor-element elementor-element-4c9d7ee1 e-con-full e-flex e-con e-child\" data-id=\"4c9d7ee1\" data-element_type=\"container\" data-e-type=\"container\">\n\t\t<div class=\"elementor-element elementor-element-66faa67d e-con-full e-flex e-con e-child\" data-id=\"66faa67d\" data-element_type=\"container\" data-e-type=\"container\">\n\t\t\t\t<div class=\"elementor-element elementor-element-50f49d45 elementor-widget elementor-widget-heading\" data-id=\"50f49d45\" data-element_type=\"widget\" data-e-type=\"widget\" data-widget_type=\"heading.default\">\n\t\t\t\t<div class=\"elementor-widget-container\">\n\t\t\t\t\t<h4 class=\"elementor-heading-title elementor-size-default\">En maternelle\/jardin, l\u2019accent a \u00e9t\u00e9 mis sur:<\/h4>\t\t\t\t<\/div>\n\t\t\t\t<\/div>\n\t\t\t\t<div class=\"elementor-element elementor-element-15e13353 elementor-widget elementor-widget-text-editor\" data-id=\"15e13353\" data-element_type=\"widget\" data-e-type=\"widget\" data-widget_type=\"text-editor.default\">\n\t\t\t\t<div class=\"elementor-widget-container\">\n\t\t\t\t\t\t\t\t\t<p><em>Dans le Programme de la maternelle et du jardin d\u2019enfants 2016, l&rsquo;accent est mis sur les \u00ab comportements litt\u00e9raires \u00bb g\u00e9n\u00e9raux, plut\u00f4t que sur des attentes sp\u00e9cifiques. Voici les attentes d\u00e9crites pour l&rsquo;\u00e9criture :<\/em><\/p><ul><li>Comprendre le principe alphab\u00e9tique et que les lettres ont diff\u00e9rentes utilit\u00e9s<\/li><li>Comprendre que les lettres sont utilis\u00e9es pour former des mots<\/li><li>Se rendre compte que l\u2019\u00e9criture peut servir \u00e0 communiquer notre pens\u00e9e aux autres<\/li><li>Se mettre \u00e0 explorer diff\u00e9rentes fonctions de l\u2019\u00e9criture.<\/li><\/ul>\t\t\t\t\t\t\t\t<\/div>\n\t\t\t\t<\/div>\n\t\t\t\t<\/div>\n\t\t<div class=\"elementor-element elementor-element-30394711 e-con-full e-flex e-con e-child\" data-id=\"30394711\" data-element_type=\"container\" data-e-type=\"container\">\n\t\t\t\t<div class=\"elementor-element elementor-element-2a03c94 elementor-widget elementor-widget-heading\" data-id=\"2a03c94\" data-element_type=\"widget\" data-e-type=\"widget\" data-widget_type=\"heading.default\">\n\t\t\t\t<div class=\"elementor-widget-container\">\n\t\t\t\t\t<h4 class=\"elementor-heading-title elementor-size-default\">Nouveau pour  la 1<sup>re<\/sup> ann\u00e9e :<\/h4>\t\t\t\t<\/div>\n\t\t\t\t<\/div>\n\t\t\t\t<div class=\"elementor-element elementor-element-3745f91 elementor-widget elementor-widget-text-editor\" data-id=\"3745f91\" data-element_type=\"widget\" data-e-type=\"widget\" data-widget_type=\"text-editor.default\">\n\t\t\t\t<div class=\"elementor-widget-container\">\n\t\t\t\t\t\t\t\t\t<ul><li>D\u00e9terminer le sujet, l\u2019intention et les destinataires de divers textes simples qu\u2019elle ou il planifie de r\u00e9diger<\/li><li>G\u00e9n\u00e9rer des id\u00e9es concernant des sujets donn\u00e9s ou de son choix, en utilisant des strat\u00e9gies simples et en ayant recours \u00e0 diverses ressources, y compris ses exp\u00e9riences v\u00e9cues et ses apprentissages dans d\u2019autres mati\u00e8res<\/li><li>Rassembler l\u2019information et le contenu pertinents sur un sujet en utilisant une source unique<\/li><li>Trier et ordonner ses id\u00e9es et l\u2019information recueillie, en tenant compte de la forme de discours et du genre de texte \u00e0 utiliser<\/li><li>D\u00e9terminer les strat\u00e9gies qu\u2019il ou elle a utilis\u00e9es pour d\u00e9velopper ses id\u00e9es de cr\u00e9ation de textes<\/li><\/ul>\t\t\t\t\t\t\t\t<\/div>\n\t\t\t\t<\/div>\n\t\t\t\t<\/div>\n\t\t\t\t<\/div>\n\t\t\t\t<div class=\"elementor-element elementor-element-bad55fd elementor-widget elementor-widget-global elementor-global-36380 elementor-widget-text-editor\" data-id=\"bad55fd\" data-element_type=\"widget\" data-e-type=\"widget\" data-widget_type=\"text-editor.default\">\n\t\t\t\t<div class=\"elementor-widget-container\">\n\t\t\t\t\t\t\t\t\t<p>Il ne s&rsquo;agit pas d&rsquo;une liste exhaustive de toutes les attentes dans ce domaine. Veuillez consulter le <a href=\"https:\/\/www.dcp.edu.gov.on.ca\/fr\/curriculum\/elementaire-francais\" target=\"_blank\" rel=\"noopener\">programme-cadre de fran\u00e7ais<\/a> pour plus de d\u00e9tails.<\/p>\t\t\t\t\t\t\t\t<\/div>\n\t\t\t\t<\/div>\n\t\t<div class=\"elementor-element elementor-element-1a0c84e0 e-con-full e-flex e-con e-child\" data-id=\"1a0c84e0\" data-element_type=\"container\" data-e-type=\"container\">\n\t\t\t\t<div class=\"elementor-element elementor-element-53e2d884 elementor-align-left elementor-widget__width-initial elementor-mobile-align-center elementor-widget elementor-widget-button\" data-id=\"53e2d884\" data-element_type=\"widget\" data-e-type=\"widget\" data-widget_type=\"button.default\">\n\t\t\t\t<div class=\"elementor-widget-container\">\n\t\t\t\t\t\t\t\t\t<div class=\"elementor-button-wrapper\">\n\t\t\t\t\t<a class=\"elementor-button elementor-button-link elementor-size-sm\" href=\"https:\/\/onlit.org\/fr\/survol-de-la-litteratie\/1re-annee\/d-redaction\/\">\n\t\t\t\t\t\t<span class=\"elementor-button-content-wrapper\">\n\t\t\t\t\t\t\t\t\t<span class=\"elementor-button-text\">&lt;&lt; Retour<\/span>\n\t\t\t\t\t<\/span>\n\t\t\t\t\t<\/a>\n\t\t\t\t<\/div>\n\t\t\t\t\t\t\t\t<\/div>\n\t\t\t\t<\/div>\n\t\t\t\t<div class=\"elementor-element elementor-element-2df3cec7 elementor-align-right elementor-widget__width-initial elementor-mobile-align-center elementor-widget elementor-widget-button\" data-id=\"2df3cec7\" data-element_type=\"widget\" data-e-type=\"widget\" data-widget_type=\"button.default\">\n\t\t\t\t<div class=\"elementor-widget-container\">\n\t\t\t\t\t\t\t\t\t<div class=\"elementor-button-wrapper\">\n\t\t\t\t\t<a class=\"elementor-button elementor-button-link elementor-size-sm\" href=\"https:\/\/onlit.org\/fr\/survol-de-la-litteratie\/1re-annee\/d2-creation-de-textes\/\">\n\t\t\t\t\t\t<span class=\"elementor-button-content-wrapper\">\n\t\t\t\t\t\t\t\t\t<span class=\"elementor-button-text\">Suivant &gt;&gt;<\/span>\n\t\t\t\t\t<\/span>\n\t\t\t\t\t<\/a>\n\t\t\t\t<\/div>\n\t\t\t\t\t\t\t\t<\/div>\n\t\t\t\t<\/div>\n\t\t\t\t<\/div>\n\t\t\t\t<\/div>\n\t\t\t\t<\/div>\n\t\t","protected":false},"excerpt":{"rendered":"<p>D1. D\u00e9veloppement d\u2019id\u00e9es et organisation de contenu En 1re ann\u00e9e, les \u00e9l\u00e8ves continueront \u00e0 renforcer et \u00e0 d\u00e9velopper leur capacit\u00e9 \u00e0 trouver des id\u00e9es pour cr\u00e9er des textes, ils et&#8230;<\/p>\n","protected":false},"author":32,"featured_media":36876,"parent":36757,"menu_order":0,"comment_status":"closed","ping_status":"closed","template":"","meta":{"_acf_changed":false,"_kad_post_transparent":"","_kad_post_title":"hide","_kad_post_layout":"fullwidth","_kad_post_sidebar_id":"","_kad_post_content_style":"unboxed","_kad_post_vertical_padding":"hide","_kad_post_feature":"hide","_kad_post_feature_position":"","_kad_post_header":false,"_kad_post_footer":false,"_kad_post_classname":"","footnotes":""},"content-language":[509],"class_list":["post-36873","page","type-page","status-publish","has-post-thumbnail","hentry","content-language-francais"],"acf":[],"_links":{"self":[{"href":"https:\/\/onlit.org\/fr\/wp-json\/wp\/v2\/pages\/36873","targetHints":{"allow":["GET"]}}],"collection":[{"href":"https:\/\/onlit.org\/fr\/wp-json\/wp\/v2\/pages"}],"about":[{"href":"https:\/\/onlit.org\/fr\/wp-json\/wp\/v2\/types\/page"}],"author":[{"embeddable":true,"href":"https:\/\/onlit.org\/fr\/wp-json\/wp\/v2\/users\/32"}],"replies":[{"embeddable":true,"href":"https:\/\/onlit.org\/fr\/wp-json\/wp\/v2\/comments?post=36873"}],"version-history":[{"count":7,"href":"https:\/\/onlit.org\/fr\/wp-json\/wp\/v2\/pages\/36873\/revisions"}],"predecessor-version":[{"id":39311,"href":"https:\/\/onlit.org\/fr\/wp-json\/wp\/v2\/pages\/36873\/revisions\/39311"}],"up":[{"embeddable":true,"href":"https:\/\/onlit.org\/fr\/wp-json\/wp\/v2\/pages\/36757"}],"wp:featuredmedia":[{"embeddable":true,"href":"https:\/\/onlit.org\/fr\/wp-json\/wp\/v2\/media\/36876"}],"wp:attachment":[{"href":"https:\/\/onlit.org\/fr\/wp-json\/wp\/v2\/media?parent=36873"}],"wp:term":[{"taxonomy":"content-language","embeddable":true,"href":"https:\/\/onlit.org\/fr\/wp-json\/wp\/v2\/content-language?post=36873"}],"curies":[{"name":"wp","href":"https:\/\/api.w.org\/{rel}","templated":true}]}}