{"id":36865,"date":"2025-04-14T13:44:38","date_gmt":"2025-04-14T17:44:38","guid":{"rendered":"https:\/\/onlit.org\/?page_id=36865"},"modified":"2025-08-27T13:31:44","modified_gmt":"2025-08-27T17:31:44","slug":"c1-connaissances-des-textes","status":"publish","type":"page","link":"https:\/\/onlit.org\/fr\/survol-de-la-litteratie\/1re-annee\/c1-connaissances-des-textes\/","title":{"rendered":"C1. Connaissances des textes"},"content":{"rendered":"\t\t<div data-elementor-type=\"wp-page\" data-elementor-id=\"36865\" class=\"elementor elementor-36865 elementor-36799\" data-elementor-post-type=\"page\">\n\t\t\t\t<div class=\"elementor-element elementor-element-42078a9b e-con-full e-flex e-con e-parent\" data-id=\"42078a9b\" data-element_type=\"container\" data-e-type=\"container\">\n\t\t\t\t<div class=\"elementor-element elementor-element-11cedae2 elementor-widget elementor-widget-heading\" data-id=\"11cedae2\" data-element_type=\"widget\" data-e-type=\"widget\" data-widget_type=\"heading.default\">\n\t\t\t\t<div class=\"elementor-widget-container\">\n\t\t\t\t\t<h1 class=\"elementor-heading-title elementor-size-default\">C1. Connaissances des textes<\/h1>\t\t\t\t<\/div>\n\t\t\t\t<\/div>\n\t\t\t\t<div class=\"elementor-element elementor-element-379d4c39 elementor-widget elementor-widget-text-editor\" data-id=\"379d4c39\" data-element_type=\"widget\" data-e-type=\"widget\" data-widget_type=\"text-editor.default\">\n\t\t\t\t<div class=\"elementor-widget-container\">\n\t\t\t\t\t\t\t\t\tDans ce domaine, les \u00e9l\u00e8ves appliqueront leurs connaissances et comp\u00e9tences fondamentales pour comprendre ce qui est lu.\n\nEn maternelle et jardin d\u2019enfants, l&rsquo;accent est mis sur le d\u00e9veloppement du langage oral, des comp\u00e9tences de compr\u00e9hension du langage et des comp\u00e9tences phon\u00e9tiques fondamentales n\u00e9cessaires \u00e0 la lecture et \u00e0 l\u2019\u00e9criture de mots et de phrases simples. En 1<sup>re<\/sup> ann\u00e9e, les \u00e9l\u00e8ves commencent \u00e0 appliquer ces comp\u00e9tences fondamentales pour lire et comprendre des textes courts et simples qui deviendront de plus en plus complexes au fur et \u00e0 mesure que l&rsquo;ann\u00e9e avancera et que leurs connaissances phon\u00e9tiques fondamentales se d\u00e9velopperont. Les \u00e9l\u00e8ves ne se contenteront pas d&rsquo;am\u00e9liorer leurs comp\u00e9tences en compr\u00e9hension de la lecture, mais continueront \u00e9galement \u00e0 d\u00e9velopper leur compr\u00e9hension globale de la langue en \u00e9coutant d&rsquo;autres \u00e9l\u00e8ves lire divers textes et en participant \u00e0 des discussions pour approfondir leur compr\u00e9hension du contenu.\n\nLes attentes du <a href=\"https:\/\/www.dcp.edu.gov.on.ca\/fr\/curriculum\/maternelle-jardin\" target=\"_blank\" rel=\"noopener\">Programme de la maternelle et du jardin d\u2019enfants<\/a> (2016) et du programme-cadre de fran\u00e7ais de la 1<sup>re<\/sup> ann\u00e9e sont \u00e9troitement li\u00e9es, les comp\u00e9tences et les connaissances acquises en maternelle et jardin d&rsquo;enfants constituant une fondation solide pour la r\u00e9ussite en 1<sup>re<\/sup> ann\u00e9e et au-del\u00e0.\t\t\t\t\t\t\t\t<\/div>\n\t\t\t\t<\/div>\n\t\t<div class=\"elementor-element elementor-element-587471fb e-con-full e-flex e-con e-child\" data-id=\"587471fb\" data-element_type=\"container\" data-e-type=\"container\">\n\t\t<div class=\"elementor-element elementor-element-4996e65d e-con-full e-flex e-con e-child\" data-id=\"4996e65d\" data-element_type=\"container\" data-e-type=\"container\">\n\t\t\t\t<div class=\"elementor-element elementor-element-5249b5f6 elementor-widget elementor-widget-heading\" data-id=\"5249b5f6\" data-element_type=\"widget\" data-e-type=\"widget\" data-widget_type=\"heading.default\">\n\t\t\t\t<div class=\"elementor-widget-container\">\n\t\t\t\t\t<h4 class=\"elementor-heading-title elementor-size-default\">En maternelle\/jardin, l\u2019accent a \u00e9t\u00e9 mis sur:<\/h4>\t\t\t\t<\/div>\n\t\t\t\t<\/div>\n\t\t\t\t<div class=\"elementor-element elementor-element-41b37dfd elementor-widget elementor-widget-text-editor\" data-id=\"41b37dfd\" data-element_type=\"widget\" data-e-type=\"widget\" data-widget_type=\"text-editor.default\">\n\t\t\t\t<div class=\"elementor-widget-container\">\n\t\t\t\t\t\t\t\t\t<p><em>Dans le Programme de la maternelle et du jardin d\u2019enfants 2016, l&rsquo;accent est mis sur les \u00ab comportements litt\u00e9raires \u00bb g\u00e9n\u00e9raux, plut\u00f4t que sur des attentes sp\u00e9cifiques. Voici les attentes d\u00e9crites pour la compr\u00e9hension de la lecture<\/em> :<\/p><ul><li>\u00c9couter des histoires et des textes<\/li><li>Partager des id\u00e9es et des r\u00e9ponses \u00e0 des textes<\/li><li>Se rendre compte que les textes peuvent communiquer un message<\/li><li>Exprimer ses pens\u00e9es et ses id\u00e9es avec un vocabulaire de plus en plus vari\u00e9 et sp\u00e9cialis\u00e9<\/li><li>Poser des questions et donner des r\u00e9ponses qui t\u00e9moignent d\u2019une capacit\u00e9 \u00e0 d\u00e9duire, \u00e0 faire des inf\u00e9rences, \u00e0 \u00e9tablir des liens et \u00e0 faire preuve de pens\u00e9e critique<\/li><li>Utiliser des mots, des illustrations et des exp\u00e9riences ant\u00e9rieures pour donner du sens \u00e0 un texte<\/li><\/ul>\t\t\t\t\t\t\t\t<\/div>\n\t\t\t\t<\/div>\n\t\t\t\t<\/div>\n\t\t<div class=\"elementor-element elementor-element-745ff3c5 e-con-full e-flex e-con e-child\" data-id=\"745ff3c5\" data-element_type=\"container\" data-e-type=\"container\">\n\t\t\t\t<div class=\"elementor-element elementor-element-5992749a elementor-widget elementor-widget-heading\" data-id=\"5992749a\" data-element_type=\"widget\" data-e-type=\"widget\" data-widget_type=\"heading.default\">\n\t\t\t\t<div class=\"elementor-widget-container\">\n\t\t\t\t\t<h4 class=\"elementor-heading-title elementor-size-default\">Nouveau pour  la 1<sup>re<\/sup> ann\u00e9e :<\/h4>\t\t\t\t<\/div>\n\t\t\t\t<\/div>\n\t\t\t\t<div class=\"elementor-element elementor-element-13d35e9 elementor-widget elementor-widget-text-editor\" data-id=\"13d35e9\" data-element_type=\"widget\" data-e-type=\"widget\" data-widget_type=\"text-editor.default\">\n\t\t\t\t<div class=\"elementor-widget-container\">\n\t\t\t\t\t\t\t\t\t<ul><li>Lire et d\u00e9montrer sa compr\u00e9hension des textes courts et simples<\/li><li>Reconna\u00eetre des formes simples de discours narratif, descriptif, incitatif et po\u00e9tique\/ludique<\/li><li>Reconna\u00eetre quelques organisateurs textuels et expliquer la fa\u00e7on dont ils favorisent la compr\u00e9hension du sens<ul><li>la structure s\u00e9quentielle et l\u2019ordre chronologique<\/li><li>les caract\u00e9ristiques de textes incluant les illustrations, les symboles et les titres<\/li><\/ul><\/li><li>D\u00e9montrer sa compr\u00e9hension de la relation entre le texte et ses \u00e9l\u00e9ments visuels simples<\/li><li>Reconna\u00eetre quelques \u00e9l\u00e9ments stylistiques simples, y compris la voix, le choix des mots, les r\u00e9gularit\u00e9s lexicales et la structure des phrases<\/li><li>Rep\u00e9rer le point de vue et sugg\u00e9rer un autre point de vue pour raconter l\u2019histoire<\/li><li>Lire, \u00e9couter et interpr\u00e9ter visuellement des textes relevant de diverses formes de discours produits par des cr\u00e9atrices et cr\u00e9ateurs des Premi\u00e8res Nations, m\u00e9tis et inuit pour d\u00e9montrer sa compr\u00e9hension des histoires, des cultures, des relations, des communaut\u00e9s, des groupes, des nations et des exp\u00e9riences des Premi\u00e8res Nations, des M\u00e9tis et des Inuits.<\/li><\/ul>\t\t\t\t\t\t\t\t<\/div>\n\t\t\t\t<\/div>\n\t\t\t\t<\/div>\n\t\t\t\t<\/div>\n\t\t\t\t<div class=\"elementor-element elementor-element-6531a8c elementor-widget elementor-widget-global elementor-global-36380 elementor-widget-text-editor\" data-id=\"6531a8c\" data-element_type=\"widget\" data-e-type=\"widget\" data-widget_type=\"text-editor.default\">\n\t\t\t\t<div class=\"elementor-widget-container\">\n\t\t\t\t\t\t\t\t\t<p>Il ne s&rsquo;agit pas d&rsquo;une liste exhaustive de toutes les attentes dans ce domaine. Veuillez consulter le <a href=\"https:\/\/www.dcp.edu.gov.on.ca\/fr\/curriculum\/elementaire-francais\" target=\"_blank\" rel=\"noopener\">programme-cadre de fran\u00e7ais<\/a> pour plus de d\u00e9tails.<\/p>\t\t\t\t\t\t\t\t<\/div>\n\t\t\t\t<\/div>\n\t\t<div class=\"elementor-element elementor-element-2d61462f e-con-full e-flex e-con e-child\" data-id=\"2d61462f\" data-element_type=\"container\" data-e-type=\"container\">\n\t\t\t\t<div class=\"elementor-element elementor-element-7116de9f elementor-align-left elementor-widget__width-initial elementor-mobile-align-center elementor-widget elementor-widget-button\" data-id=\"7116de9f\" data-element_type=\"widget\" data-e-type=\"widget\" data-widget_type=\"button.default\">\n\t\t\t\t<div class=\"elementor-widget-container\">\n\t\t\t\t\t\t\t\t\t<div class=\"elementor-button-wrapper\">\n\t\t\t\t\t<a class=\"elementor-button elementor-button-link elementor-size-sm\" href=\"https:\/\/onlit.org\/fr\/survol-de-la-litteratie\/1re-annee\/c-comprehension\/\">\n\t\t\t\t\t\t<span class=\"elementor-button-content-wrapper\">\n\t\t\t\t\t\t\t\t\t<span class=\"elementor-button-text\">&lt;&lt; Retour<\/span>\n\t\t\t\t\t<\/span>\n\t\t\t\t\t<\/a>\n\t\t\t\t<\/div>\n\t\t\t\t\t\t\t\t<\/div>\n\t\t\t\t<\/div>\n\t\t\t\t<div class=\"elementor-element elementor-element-132c1ad8 elementor-align-right elementor-widget__width-initial elementor-mobile-align-center elementor-widget elementor-widget-button\" data-id=\"132c1ad8\" data-element_type=\"widget\" data-e-type=\"widget\" data-widget_type=\"button.default\">\n\t\t\t\t<div class=\"elementor-widget-container\">\n\t\t\t\t\t\t\t\t\t<div class=\"elementor-button-wrapper\">\n\t\t\t\t\t<a class=\"elementor-button elementor-button-link elementor-size-sm\" href=\"https:\/\/onlit.org\/fr\/survol-de-la-litteratie\/1re-annee\/c2-strategies-de-comprehension\/\">\n\t\t\t\t\t\t<span class=\"elementor-button-content-wrapper\">\n\t\t\t\t\t\t\t\t\t<span class=\"elementor-button-text\">Suivant &gt;&gt;<\/span>\n\t\t\t\t\t<\/span>\n\t\t\t\t\t<\/a>\n\t\t\t\t<\/div>\n\t\t\t\t\t\t\t\t<\/div>\n\t\t\t\t<\/div>\n\t\t\t\t<\/div>\n\t\t\t\t<\/div>\n\t\t\t\t<\/div>\n\t\t","protected":false},"excerpt":{"rendered":"<p>C1. Connaissances des textes Dans ce domaine, les \u00e9l\u00e8ves appliqueront leurs connaissances et comp\u00e9tences fondamentales pour comprendre ce qui est lu. En maternelle et jardin d\u2019enfants, l&rsquo;accent est mis sur&#8230;<\/p>\n","protected":false},"author":32,"featured_media":36767,"parent":36757,"menu_order":0,"comment_status":"closed","ping_status":"closed","template":"","meta":{"_acf_changed":false,"_kad_post_transparent":"","_kad_post_title":"hide","_kad_post_layout":"fullwidth","_kad_post_sidebar_id":"","_kad_post_content_style":"unboxed","_kad_post_vertical_padding":"hide","_kad_post_feature":"hide","_kad_post_feature_position":"","_kad_post_header":false,"_kad_post_footer":false,"_kad_post_classname":"","footnotes":""},"content-language":[509],"class_list":["post-36865","page","type-page","status-publish","has-post-thumbnail","hentry","content-language-francais"],"acf":[],"_links":{"self":[{"href":"https:\/\/onlit.org\/fr\/wp-json\/wp\/v2\/pages\/36865","targetHints":{"allow":["GET"]}}],"collection":[{"href":"https:\/\/onlit.org\/fr\/wp-json\/wp\/v2\/pages"}],"about":[{"href":"https:\/\/onlit.org\/fr\/wp-json\/wp\/v2\/types\/page"}],"author":[{"embeddable":true,"href":"https:\/\/onlit.org\/fr\/wp-json\/wp\/v2\/users\/32"}],"replies":[{"embeddable":true,"href":"https:\/\/onlit.org\/fr\/wp-json\/wp\/v2\/comments?post=36865"}],"version-history":[{"count":7,"href":"https:\/\/onlit.org\/fr\/wp-json\/wp\/v2\/pages\/36865\/revisions"}],"predecessor-version":[{"id":39293,"href":"https:\/\/onlit.org\/fr\/wp-json\/wp\/v2\/pages\/36865\/revisions\/39293"}],"up":[{"embeddable":true,"href":"https:\/\/onlit.org\/fr\/wp-json\/wp\/v2\/pages\/36757"}],"wp:featuredmedia":[{"embeddable":true,"href":"https:\/\/onlit.org\/fr\/wp-json\/wp\/v2\/media\/36767"}],"wp:attachment":[{"href":"https:\/\/onlit.org\/fr\/wp-json\/wp\/v2\/media?parent=36865"}],"wp:term":[{"taxonomy":"content-language","embeddable":true,"href":"https:\/\/onlit.org\/fr\/wp-json\/wp\/v2\/content-language?post=36865"}],"curies":[{"name":"wp","href":"https:\/\/api.w.org\/{rel}","templated":true}]}}