{"id":36832,"date":"2025-04-14T13:24:46","date_gmt":"2025-04-14T17:24:46","guid":{"rendered":"https:\/\/onlit.org\/?page_id=36832"},"modified":"2025-12-03T10:51:01","modified_gmt":"2025-12-03T15:51:01","slug":"b1-communication-orale-et-non-verbale","status":"publish","type":"page","link":"https:\/\/onlit.org\/fr\/survol-de-la-litteratie\/1re-annee\/b1-communication-orale-et-non-verbale\/","title":{"rendered":"B1. Communication orale et non verbale"},"content":{"rendered":"\t\t<div data-elementor-type=\"wp-page\" data-elementor-id=\"36832\" class=\"elementor elementor-36832 elementor-36764\" data-elementor-post-type=\"page\">\n\t\t\t\t<div class=\"elementor-element elementor-element-75048f8e e-flex e-con-boxed e-con e-parent\" data-id=\"75048f8e\" data-element_type=\"container\" data-e-type=\"container\">\n\t\t\t\t\t<div class=\"e-con-inner\">\n\t\t\t\t<div class=\"elementor-element elementor-element-3c8f4393 elementor-widget elementor-widget-heading\" data-id=\"3c8f4393\" data-element_type=\"widget\" data-e-type=\"widget\" data-widget_type=\"heading.default\">\n\t\t\t\t<div class=\"elementor-widget-container\">\n\t\t\t\t\t<h1 class=\"elementor-heading-title elementor-size-default\">B1. Communication orale et non verbale <\/h1>\t\t\t\t<\/div>\n\t\t\t\t<\/div>\n\t\t\t\t<div class=\"elementor-element elementor-element-774d3cc elementor-widget elementor-widget-text-editor\" data-id=\"774d3cc\" data-element_type=\"widget\" data-e-type=\"widget\" data-widget_type=\"text-editor.default\">\n\t\t\t\t<div class=\"elementor-widget-container\">\n\t\t\t\t\t\t\t\t\t<p>Le langage oral est essentiel pour la lecture et l&rsquo;\u00e9criture, car il jette les bases du d\u00e9veloppement de la litt\u00e9ratie. De solides comp\u00e9tences en langage oral constituent la base de la compr\u00e9hension du langage \u00e9crit et de la r\u00e9daction d&rsquo;\u00e9crits coh\u00e9rents et bien structur\u00e9s. <\/p><p>Vous pouvez enseigner explicitement la langue orale en incorporant des activit\u00e9s structur\u00e9es telles que des le\u00e7ons de vocabulaire, des lectures \u00e0 haute voix cibl\u00e9es et des discussions guid\u00e9es qui se concentrent sur des comp\u00e9tences linguistiques sp\u00e9cifiques. En outre, vous pouvez donner aux \u00e9l\u00e8ves l&rsquo;occasion de d\u00e9velopper leurs comp\u00e9tences linguistiques de mani\u00e8re implicite gr\u00e2ce \u00e0 des conversations structur\u00e9es et encadr\u00e9es qui les encouragent \u00e0 utiliser et \u00e0 d\u00e9velopper leur langage dans un environnement de classe favorable. Un enseignement cibl\u00e9 et efficace dans ce domaine n\u00e9cessite une planification pr\u00e9alable r\u00e9fl\u00e9chie, un enseignement explicite, une structure coh\u00e9rente et une ex\u00e9cution habile &#8211; il ne suffit pas de faire en sorte que les \u00e9l\u00e8ves \u00ab\u00a0se tournent et parlent\u00a0\u00bb quelques fois par jour. Consultez les ressources mises en lien et visitez le <a href=\"https:\/\/onlit.org\/fr\/\" target=\"_blank\" rel=\"noopener\">site ONlit.org<\/a> pour plus d&rsquo;informations et d&rsquo;id\u00e9es.     <\/p>\t\t\t\t\t\t\t\t<\/div>\n\t\t\t\t<\/div>\n\t\t<div class=\"elementor-element elementor-element-7f6b9810 e-con-full e-flex e-con e-child\" data-id=\"7f6b9810\" data-element_type=\"container\" data-e-type=\"container\">\n\t\t<div class=\"elementor-element elementor-element-17270432 e-con-full e-flex e-con e-child\" data-id=\"17270432\" data-element_type=\"container\" data-e-type=\"container\">\n\t\t\t\t<div class=\"elementor-element elementor-element-7acab9d6 elementor-widget elementor-widget-heading\" data-id=\"7acab9d6\" data-element_type=\"widget\" data-e-type=\"widget\" data-widget_type=\"heading.default\">\n\t\t\t\t<div class=\"elementor-widget-container\">\n\t\t\t\t\t<h4 class=\"elementor-heading-title elementor-size-default\">Au cours de l'\u00e9cole maternelle, l'accent a \u00e9t\u00e9 mis sur :<\/h4>\t\t\t\t<\/div>\n\t\t\t\t<\/div>\n\t\t\t\t<div class=\"elementor-element elementor-element-4420e889 elementor-widget elementor-widget-text-editor\" data-id=\"4420e889\" data-element_type=\"widget\" data-e-type=\"widget\" data-widget_type=\"text-editor.default\">\n\t\t\t\t<div class=\"elementor-widget-container\">\n\t\t\t\t\t\t\t\t\t<ul><li>Collaboration et interaction avec les autres<\/li><li>Expliquer ses sentiments et utiliser des mots pour communiquer leur pens\u00e9e aux autres<\/li><li>Poser des questions et y r\u00e9pondre<\/li><li>Initier, r\u00e9pondre et s&rsquo;engager dans une communication verbale et non verbale avec les autres<\/li><li>\u00c9couter les autres avec attention et s&rsquo;engager dans des conversations \u00e0 b\u00e2tons rompus (prendre son tour)<\/li><li>Partager leurs id\u00e9es et leurs r\u00e9ponses aux textes<\/li><\/ul>\t\t\t\t\t\t\t\t<\/div>\n\t\t\t\t<\/div>\n\t\t\t\t<\/div>\n\t\t<div class=\"elementor-element elementor-element-4a8c3cd6 e-con-full e-flex e-con e-child\" data-id=\"4a8c3cd6\" data-element_type=\"container\" data-e-type=\"container\">\n\t\t\t\t<div class=\"elementor-element elementor-element-7ead6d26 elementor-widget elementor-widget-heading\" data-id=\"7ead6d26\" data-element_type=\"widget\" data-e-type=\"widget\" data-widget_type=\"heading.default\">\n\t\t\t\t<div class=\"elementor-widget-container\">\n\t\t\t\t\t<h4 class=\"elementor-heading-title elementor-size-default\">Nouveau pour la 1<sup>re<\/sup> ann\u00e9e :<\/h4>\t\t\t\t<\/div>\n\t\t\t\t<\/div>\n\t\t\t\t<div class=\"elementor-element elementor-element-6ca4c6e1 elementor-widget elementor-widget-text-editor\" data-id=\"6ca4c6e1\" data-element_type=\"widget\" data-e-type=\"widget\" data-widget_type=\"text-editor.default\">\n\t\t\t\t<div class=\"elementor-widget-container\">\n\t\t\t\t\t\t\t\t\t<ul>\n<li>L&rsquo;\u00e9coute active<\/li>\n<li>Poser des questions pertinentes<\/li>\n<li>Comprendre l\u2019objectif de la prise de parole et l\u2019auditoire<\/li><li>Prendre son tour, comprendre quand il faut parler et savoir ce qu&rsquo;il faut dire pour communiquer clairement<\/li>\n<li>Comprendre comment l&rsquo;expression, les gestes et le langage corporel contribuent \u00e0 la signification d&rsquo;un message<\/li>\n<li>Utiliser un choix de mots appropri\u00e9, un nouveau vocabulaire, la grammaire et des phrases coh\u00e9rentes \u00e0 l&rsquo;oral.<\/li>\n<\/ul>\t\t\t\t\t\t\t\t<\/div>\n\t\t\t\t<\/div>\n\t\t\t\t<\/div>\n\t\t\t\t<\/div>\n\t\t\t\t<div class=\"elementor-element elementor-element-0bcdefe elementor-widget elementor-widget-global elementor-global-36380 elementor-widget-text-editor\" data-id=\"0bcdefe\" data-element_type=\"widget\" data-e-type=\"widget\" data-widget_type=\"text-editor.default\">\n\t\t\t\t<div class=\"elementor-widget-container\">\n\t\t\t\t\t\t\t\t\t<p>Il ne s&rsquo;agit pas d&rsquo;une liste exhaustive de toutes les attentes dans ce domaine. Veuillez consulter le <a href=\"https:\/\/www.dcp.edu.gov.on.ca\/fr\/curriculum\/elementaire-francais\" target=\"_blank\" rel=\"noopener\">programme-cadre de fran\u00e7ais<\/a> pour plus de d\u00e9tails.<\/p>\t\t\t\t\t\t\t\t<\/div>\n\t\t\t\t<\/div>\n\t\t\t\t<div class=\"elementor-element elementor-element-61ba128c elementor-widget elementor-widget-heading\" data-id=\"61ba128c\" data-element_type=\"widget\" data-e-type=\"widget\" data-widget_type=\"heading.default\">\n\t\t\t\t<div class=\"elementor-widget-container\">\n\t\t\t\t\t<h4 class=\"elementor-heading-title elementor-size-default\">Pour en savoir plus<\/h4>\t\t\t\t<\/div>\n\t\t\t\t<\/div>\n\t\t\t\t<div class=\"elementor-element elementor-element-40e87594 elementor-widget elementor-widget-text-editor\" data-id=\"40e87594\" data-element_type=\"widget\" data-e-type=\"widget\" data-widget_type=\"text-editor.default\">\n\t\t\t\t<div class=\"elementor-widget-container\">\n\t\t\t\t\t\t\t\t\t<ul><li><a href=\"https:\/\/www.ldatschool.ca\/wp-content\/uploads\/2022\/08\/LDAO-Oral-Language-Toolkit_FINALFINAL.pdf\" target=\"_blank\" rel=\"noopener\">Soutenir le langage oral en classe : Bo\u00eete \u00e0 outils de l&rsquo;\u00e9ducateur<\/a><\/li><li><a href=\"https:\/\/www.ldatschool.ca\/supporting-oral-language-in-the-classroom\/\" target=\"_blank\" rel=\"noopener\">Soutenir le langage oral en classe : \u00c9tendre l&rsquo;enseignement de la lecture au-del\u00e0 du d\u00e9codage<\/a><\/li><li><a href=\"https:\/\/ila.onlinelibrary.wiley.com\/doi\/full\/10.1002\/trtr.2266\" target=\"_blank\" rel=\"noopener\">Utilisation des conversations \u00ab\u00a0Strive for Five\u00a0\u00bb pour renforcer la compr\u00e9hension du langage<\/a> (Cabell &amp; Zuker, 2023)<\/li><\/ul>\t\t\t\t\t\t\t\t<\/div>\n\t\t\t\t<\/div>\n\t\t\t\t<div class=\"elementor-element elementor-element-6961f1ec elementor-widget elementor-widget-heading\" data-id=\"6961f1ec\" data-element_type=\"widget\" data-e-type=\"widget\" data-widget_type=\"heading.default\">\n\t\t\t\t<div class=\"elementor-widget-container\">\n\t\t\t\t\t<h4 class=\"elementor-heading-title elementor-size-default\">Ressources sugg\u00e9r\u00e9es<\/h4>\t\t\t\t<\/div>\n\t\t\t\t<\/div>\n\t\t\t\t<div class=\"elementor-element elementor-element-2c6aad98 elementor-widget elementor-widget-text-editor\" data-id=\"2c6aad98\" data-element_type=\"widget\" data-e-type=\"widget\" data-widget_type=\"text-editor.default\">\n\t\t\t\t<div class=\"elementor-widget-container\">\n\t\t\t\t\t\t\t\t\t<ul><li><a href=\"https:\/\/www.youtube.com\/watch?v=2ADAY9AQm54&amp;ab_channel=Edutopia\" target=\"_blank\" rel=\"noopener\">L&rsquo;oralit\u00e9 en classe : Strat\u00e9gies pour une discussion efficace<\/a> (Edutopia, 2016)<\/li><li><a href=\"https:\/\/onlit.org\/resource\/strive-for-five-conversations\/\" target=\"_blank\" rel=\"noopener\">Strive-for-Five Conversations [livre]<\/a> (Zuker &amp; Cabell, 2024)<\/li><li><a href=\"https:\/\/onlit.org\/resource\/mystery-bag-promoting-oral-language\/\" target=\"_blank\" rel=\"noopener\">Sac \u00e0 myst\u00e8res : Promouvoir le langage oral<\/a><\/li><li><a href=\"https:\/\/onlit.org\/resource\/whats-going-on-in-this-picture\/\" target=\"_blank\" rel=\"noopener\">Que se passe-t-il dans l&rsquo;image ?<\/a> <\/li><li><a href=\"https:\/\/onlit.org\/resource\/barrier-games\/\" target=\"_blank\" rel=\"noopener\">Jeux \u00e0 barri\u00e8re<\/a><\/li><li>Cherchez \u00ab\u00a0Langue orale\u00a0\u00bb dans la <a href=\"https:\/\/onlit.org\/fr\/bibliotheque-de-ressources\/\" target=\"_blank\" rel=\"noopener\">biblioth\u00e8que de ressources ONlit<\/a> pour trouver d&rsquo;autres ressources !<\/li><\/ul>\t\t\t\t\t\t\t\t<\/div>\n\t\t\t\t<\/div>\n\t\t<div class=\"elementor-element elementor-element-4b334d3d e-con-full e-flex e-con e-child\" data-id=\"4b334d3d\" data-element_type=\"container\" data-e-type=\"container\">\n\t\t\t\t<div class=\"elementor-element elementor-element-57626f85 elementor-align-left elementor-widget__width-initial elementor-mobile-align-center elementor-widget elementor-widget-button\" data-id=\"57626f85\" data-element_type=\"widget\" data-e-type=\"widget\" data-widget_type=\"button.default\">\n\t\t\t\t<div class=\"elementor-widget-container\">\n\t\t\t\t\t\t\t\t\t<div class=\"elementor-button-wrapper\">\n\t\t\t\t\t<a class=\"elementor-button elementor-button-link elementor-size-sm\" href=\"https:\/\/onlit.org\/fr\/survol-de-la-litteratie\/1re-annee\/apercu-du-programme-cadre\/\">\n\t\t\t\t\t\t<span class=\"elementor-button-content-wrapper\">\n\t\t\t\t\t\t\t\t\t<span class=\"elementor-button-text\">&lt;&lt;  Retour<\/span>\n\t\t\t\t\t<\/span>\n\t\t\t\t\t<\/a>\n\t\t\t\t<\/div>\n\t\t\t\t\t\t\t\t<\/div>\n\t\t\t\t<\/div>\n\t\t\t\t<div class=\"elementor-element elementor-element-5935d242 elementor-align-right elementor-widget__width-initial elementor-mobile-align-center elementor-widget elementor-widget-button\" data-id=\"5935d242\" data-element_type=\"widget\" data-e-type=\"widget\" data-widget_type=\"button.default\">\n\t\t\t\t<div class=\"elementor-widget-container\">\n\t\t\t\t\t\t\t\t\t<div class=\"elementor-button-wrapper\">\n\t\t\t\t\t<a class=\"elementor-button elementor-button-link elementor-size-sm\" href=\"https:\/\/onlit.org\/fr\/survol-de-la-litteratie\/1re-annee\/b2-notions-fondamentales-de-la-lecture-et-de-lecriture\/\">\n\t\t\t\t\t\t<span class=\"elementor-button-content-wrapper\">\n\t\t\t\t\t\t\t\t\t<span class=\"elementor-button-text\">Prochaine &gt;&gt;<\/span>\n\t\t\t\t\t<\/span>\n\t\t\t\t\t<\/a>\n\t\t\t\t<\/div>\n\t\t\t\t\t\t\t\t<\/div>\n\t\t\t\t<\/div>\n\t\t\t\t<\/div>\n\t\t\t\t\t<\/div>\n\t\t\t\t<\/div>\n\t\t\t\t<\/div>\n\t\t","protected":false},"excerpt":{"rendered":"<p>B1. Communication orale et non verbale Le langage oral est essentiel pour la lecture et l&rsquo;\u00e9criture, car il jette les bases du d\u00e9veloppement de la litt\u00e9ratie. De solides comp\u00e9tences en&#8230;<\/p>\n","protected":false},"author":32,"featured_media":36876,"parent":36757,"menu_order":0,"comment_status":"closed","ping_status":"closed","template":"","meta":{"_acf_changed":false,"_kad_post_transparent":"","_kad_post_title":"hide","_kad_post_layout":"fullwidth","_kad_post_sidebar_id":"","_kad_post_content_style":"unboxed","_kad_post_vertical_padding":"hide","_kad_post_feature":"hide","_kad_post_feature_position":"","_kad_post_header":false,"_kad_post_footer":false,"_kad_post_classname":"","footnotes":""},"content-language":[509],"class_list":["post-36832","page","type-page","status-publish","has-post-thumbnail","hentry","content-language-francais"],"acf":[],"_links":{"self":[{"href":"https:\/\/onlit.org\/fr\/wp-json\/wp\/v2\/pages\/36832","targetHints":{"allow":["GET"]}}],"collection":[{"href":"https:\/\/onlit.org\/fr\/wp-json\/wp\/v2\/pages"}],"about":[{"href":"https:\/\/onlit.org\/fr\/wp-json\/wp\/v2\/types\/page"}],"author":[{"embeddable":true,"href":"https:\/\/onlit.org\/fr\/wp-json\/wp\/v2\/users\/32"}],"replies":[{"embeddable":true,"href":"https:\/\/onlit.org\/fr\/wp-json\/wp\/v2\/comments?post=36832"}],"version-history":[{"count":23,"href":"https:\/\/onlit.org\/fr\/wp-json\/wp\/v2\/pages\/36832\/revisions"}],"predecessor-version":[{"id":40133,"href":"https:\/\/onlit.org\/fr\/wp-json\/wp\/v2\/pages\/36832\/revisions\/40133"}],"up":[{"embeddable":true,"href":"https:\/\/onlit.org\/fr\/wp-json\/wp\/v2\/pages\/36757"}],"wp:featuredmedia":[{"embeddable":true,"href":"https:\/\/onlit.org\/fr\/wp-json\/wp\/v2\/media\/36876"}],"wp:attachment":[{"href":"https:\/\/onlit.org\/fr\/wp-json\/wp\/v2\/media?parent=36832"}],"wp:term":[{"taxonomy":"content-language","embeddable":true,"href":"https:\/\/onlit.org\/fr\/wp-json\/wp\/v2\/content-language?post=36832"}],"curies":[{"name":"wp","href":"https:\/\/api.w.org\/{rel}","templated":true}]}}