{"id":35781,"date":"2025-02-11T14:27:39","date_gmt":"2025-02-11T19:27:39","guid":{"rendered":"https:\/\/onlit.org\/?page_id=35781"},"modified":"2025-08-27T14:22:21","modified_gmt":"2025-08-27T18:22:21","slug":"mise-en-commun","status":"publish","type":"page","link":"https:\/\/onlit.org\/fr\/survol-de-la-litteratie\/2e-annee\/mise-en-commun\/","title":{"rendered":"Mise en commun"},"content":{"rendered":"\t\t<div data-elementor-type=\"wp-page\" data-elementor-id=\"35781\" class=\"elementor elementor-35781 elementor-34413\" data-elementor-post-type=\"page\">\n\t\t\t\t<div class=\"elementor-element elementor-element-a005191 e-con-full e-flex e-con e-parent\" data-id=\"a005191\" data-element_type=\"container\" data-e-type=\"container\">\n\t\t\t\t<div class=\"elementor-element elementor-element-3e1eb915 elementor-widget elementor-widget-heading\" data-id=\"3e1eb915\" data-element_type=\"widget\" data-e-type=\"widget\" data-widget_type=\"heading.default\">\n\t\t\t\t<div class=\"elementor-widget-container\">\n\t\t\t\t\t<h1 class=\"elementor-heading-title elementor-size-default\">Mise en commun<\/h1>\t\t\t\t<\/div>\n\t\t\t\t<\/div>\n\t\t\t\t<div class=\"elementor-element elementor-element-02d7779 elementor-widget elementor-widget-n-accordion\" data-id=\"02d7779\" data-element_type=\"widget\" data-e-type=\"widget\" data-settings=\"{&quot;max_items_expended&quot;:&quot;multiple&quot;,&quot;default_state&quot;:&quot;expanded&quot;,&quot;n_accordion_animation_duration&quot;:{&quot;unit&quot;:&quot;ms&quot;,&quot;size&quot;:400,&quot;sizes&quot;:[]}}\" data-widget_type=\"nested-accordion.default\">\n\t\t\t\t<div class=\"elementor-widget-container\">\n\t\t\t\t\t\t\t<div class=\"e-n-accordion\" aria-label=\"Accordion. Open links with Enter or Space, close with Escape, and navigate with Arrow Keys\">\n\t\t\t\t\t\t<details id=\"e-n-accordion-item-2970\" class=\"e-n-accordion-item\" open>\n\t\t\t\t<summary class=\"e-n-accordion-item-title\" data-accordion-index=\"1\" tabindex=\"0\" aria-expanded=\"true\" aria-controls=\"e-n-accordion-item-2970\" >\n\t\t\t\t\t<span class='e-n-accordion-item-title-header'><h3 class=\"e-n-accordion-item-title-text\"> Int\u00e9grer la lecture et l\u2019\u00e9criture en sciences et en \u00e9tudes sociales  <\/h3><\/span>\n\t\t\t\t\t\t\t<span class='e-n-accordion-item-title-icon'>\n\t\t\t<span class='e-opened' ><i aria-hidden=\"true\" class=\"fas fa-minus\"><\/i><\/span>\n\t\t\t<span class='e-closed'><i aria-hidden=\"true\" class=\"fas fa-plus\"><\/i><\/span>\n\t\t<\/span>\n\n\t\t\t\t\t\t<\/summary>\n\t\t\t\t<div role=\"region\" aria-labelledby=\"e-n-accordion-item-2970\" class=\"elementor-element elementor-element-e54dd6c e-con-full e-flex e-con e-child\" data-id=\"e54dd6c\" data-element_type=\"container\" data-e-type=\"container\">\n\t\t<div role=\"region\" aria-labelledby=\"e-n-accordion-item-2970\" class=\"elementor-element elementor-element-01cff41 e-flex e-con-boxed e-con e-child\" data-id=\"01cff41\" data-element_type=\"container\" data-e-type=\"container\">\n\t\t\t\t\t<div class=\"e-con-inner\">\n\t\t\t\t<div class=\"elementor-element elementor-element-55e34b8b elementor-widget elementor-widget-text-editor\" data-id=\"55e34b8b\" data-element_type=\"widget\" data-e-type=\"widget\" data-widget_type=\"text-editor.default\">\n\t\t\t\t<div class=\"elementor-widget-container\">\n\t\t\t\t\t\t\t\t\t<p>L\u2019int\u00e9gration est la cl\u00e9 de l\u2019approche structur\u00e9e de la lecture et de l\u2019\u00e9criture qui sous-tend le programme-cadre. L\u2019acquisition de solides comp\u00e9tences fondamentales (domaine B) est essentielle pour permettre aux \u00e9l\u00e8ves de comprendre (domaine C) et d\u2019\u00e9crire (domaine D) de mani\u00e8re efficace. La ma\u00eetrise de l\u2019\u00e9criture et de la compr\u00e9hension ouvre la voie aux comp\u00e9tences de niveau plus \u00e9lev\u00e9 d\u00e9crites dans le domaine A, comme la pens\u00e9e critique, qui permet aux \u00e9l\u00e8ves d\u2019analyser, d\u2019\u00e9valuer et de cr\u00e9er avec plus de profondeur.<\/p><p>L\u2019int\u00e9gration des domaines C et D dans l\u2019apprentissage tout au long de la journ\u00e9e donne aux \u00e9l\u00e8ves des occasions cibl\u00e9es de d\u00e9velopper leurs comp\u00e9tences en mati\u00e8re de compr\u00e9hension et d\u2019\u00e9criture. En incorporant des activit\u00e9s d\u2019\u00e9coute, de lecture et d\u2019\u00e9criture dans les cours de sciences et d\u2019\u00e9tudes sociales, les \u00e9l\u00e8ves am\u00e9liorent non seulement leurs capacit\u00e9s de compr\u00e9hension et d\u2019\u00e9criture, mais approfondissent \u00e9galement leur compr\u00e9hension de ces sujets<\/p>\t\t\t\t\t\t\t\t<\/div>\n\t\t\t\t<\/div>\n\t\t\t\t\t<\/div>\n\t\t\t\t<\/div>\n\t\t\t\t<\/div>\n\t\t\t\t\t<\/details>\n\t\t\t\t\t\t<details id=\"e-n-accordion-item-2971\" class=\"e-n-accordion-item\" >\n\t\t\t\t<summary class=\"e-n-accordion-item-title\" data-accordion-index=\"2\" tabindex=\"-1\" aria-expanded=\"false\" aria-controls=\"e-n-accordion-item-2971\" >\n\t\t\t\t\t<span class='e-n-accordion-item-title-header'><h3 class=\"e-n-accordion-item-title-text\"> La planification : Questions \u00e0 consid\u00e9rer (lien avec l\u2019attente A3) <\/h3><\/span>\n\t\t\t\t\t\t\t<span class='e-n-accordion-item-title-icon'>\n\t\t\t<span class='e-opened' ><i aria-hidden=\"true\" class=\"fas fa-minus\"><\/i><\/span>\n\t\t\t<span class='e-closed'><i aria-hidden=\"true\" class=\"fas fa-plus\"><\/i><\/span>\n\t\t<\/span>\n\n\t\t\t\t\t\t<\/summary>\n\t\t\t\t<div role=\"region\" aria-labelledby=\"e-n-accordion-item-2971\" class=\"elementor-element elementor-element-f2e7a62 e-con-full e-flex e-con e-child\" data-id=\"f2e7a62\" data-element_type=\"container\" data-e-type=\"container\">\n\t\t<div role=\"region\" aria-labelledby=\"e-n-accordion-item-2971\" class=\"elementor-element elementor-element-2843d43 e-flex e-con-boxed e-con e-child\" data-id=\"2843d43\" data-element_type=\"container\" data-e-type=\"container\">\n\t\t\t\t\t<div class=\"e-con-inner\">\n\t\t\t\t<div class=\"elementor-element elementor-element-50823c7 elementor-widget elementor-widget-text-editor\" data-id=\"50823c7\" data-element_type=\"widget\" data-e-type=\"widget\" data-widget_type=\"text-editor.default\">\n\t\t\t\t<div class=\"elementor-widget-container\">\n\t\t\t\t\t\t\t\t\t<ul><li>Comment puis-je int\u00e9grer les activit\u00e9s de litt\u00e9ratie au contenu enseign\u00e9 tout au long de la journ\u00e9e scolaire ?<\/li><li>Quel vocabulaire cl\u00e9 des autres mati\u00e8res doit \u00eatre introduit et renforc\u00e9 par des activit\u00e9s de lecture et d&rsquo;\u00e9criture ?<\/li><li>Comment puis-je utiliser la litt\u00e9ratie pour soutenir la compr\u00e9hension de concepts dans d&rsquo;autres mati\u00e8res ?<\/li><li>Quels types de travaux d&rsquo;\u00e9criture peuvent \u00eatre li\u00e9s \u00e0 des projets en cours ou \u00e0 des apprentissages dans d&rsquo;autres mati\u00e8res ?<\/li><li>Quelles occasions puis-je donner aux \u00e9l\u00e8ves d&rsquo;appliquer des strat\u00e9gies de lecture \u00e0 des textes d&rsquo;autres mati\u00e8res ?<\/li><li>Comment puis-je \u00e9valuer la compr\u00e9hension qu&rsquo;ont les \u00e9l\u00e8ves du contenu d&rsquo;autres mati\u00e8res gr\u00e2ce \u00e0 leurs comp\u00e9tences en lecture et en \u00e9criture ?<\/li><\/ul>\t\t\t\t\t\t\t\t<\/div>\n\t\t\t\t<\/div>\n\t\t\t\t\t<\/div>\n\t\t\t\t<\/div>\n\t\t\t\t<\/div>\n\t\t\t\t\t<\/details>\n\t\t\t\t\t\t<details id=\"e-n-accordion-item-2972\" class=\"e-n-accordion-item\" >\n\t\t\t\t<summary class=\"e-n-accordion-item-title\" data-accordion-index=\"3\" tabindex=\"-1\" aria-expanded=\"false\" aria-controls=\"e-n-accordion-item-2972\" >\n\t\t\t\t\t<span class='e-n-accordion-item-title-header'><h3 class=\"e-n-accordion-item-title-text\"> Routines de litt\u00e9ratie quotidiennes : questions \u00e0 se poser <\/h3><\/span>\n\t\t\t\t\t\t\t<span class='e-n-accordion-item-title-icon'>\n\t\t\t<span class='e-opened' ><i aria-hidden=\"true\" class=\"fas fa-minus\"><\/i><\/span>\n\t\t\t<span class='e-closed'><i aria-hidden=\"true\" class=\"fas fa-plus\"><\/i><\/span>\n\t\t<\/span>\n\n\t\t\t\t\t\t<\/summary>\n\t\t\t\t<div role=\"region\" aria-labelledby=\"e-n-accordion-item-2972\" class=\"elementor-element elementor-element-a77b096 e-con-full e-flex e-con e-child\" data-id=\"a77b096\" data-element_type=\"container\" data-e-type=\"container\">\n\t\t<div role=\"region\" aria-labelledby=\"e-n-accordion-item-2972\" class=\"elementor-element elementor-element-9366b7d e-flex e-con-boxed e-con e-child\" data-id=\"9366b7d\" data-element_type=\"container\" data-e-type=\"container\">\n\t\t\t\t\t<div class=\"e-con-inner\">\n\t\t\t\t<div class=\"elementor-element elementor-element-bd2d7e7 elementor-widget elementor-widget-text-editor\" data-id=\"bd2d7e7\" data-element_type=\"widget\" data-e-type=\"widget\" data-widget_type=\"text-editor.default\">\n\t\t\t\t<div class=\"elementor-widget-container\">\n\t\t\t\t\t\t\t\t\t<ul><li>Avez-vous des objectifs d&rsquo;apprentissage et des crit\u00e8res de r\u00e9ussite pour votre apprentissage quotidien (bas\u00e9s sur les donn\u00e9es des \u00e9l\u00e8ves !) ?<\/li><li>Le mat\u00e9riel utilis\u00e9 par les \u00e9l\u00e8ves est-il facilement accessible, par exemple \u00e0 la hauteur des yeux de l&rsquo;\u00e9l\u00e8ve ? Les \u00e9l\u00e8ves savent-ils comment acc\u00e9der correctement \u00e0 ce mat\u00e9riel ?<\/li><li>Disposez-vous d&rsquo;un syst\u00e8me d&rsquo;organisation des donn\u00e9es recueillies sur les \u00e9l\u00e8ves (donn\u00e9es de but rep\u00e8re et de suivi des progr\u00e8s, \u00e9valuations formatives, etc.) ?<\/li><li>Disposez-vous de soutiens visuels pour faciliter les routines des \u00e9l\u00e8ves (chronom\u00e8tres, emploi du temps visuel, mur des sons, etc.) ?<\/li><li>Disposez-vous de routines coh\u00e9rentes et famili\u00e8res \u00e0 l&rsquo;\u00e9l\u00e8ve afin de favoriser l&rsquo;apprentissage et de minimiser le temps consacr\u00e9 aux transitions ?<\/li><li>Comment partagerez-vous les donn\u00e9es de l&rsquo;\u00e9l\u00e8ve, ses progr\u00e8s et ses r\u00e9ponses \u00e0 l&rsquo;enseignement avec les autres parties prenantes (c&rsquo;est-\u00e0-dire les personnes qui s&rsquo;occupent de l&rsquo;enfant, l&rsquo;\u00e9quipe de l&rsquo;\u00e9cole, etc.) ?<\/li><\/ul>\t\t\t\t\t\t\t\t<\/div>\n\t\t\t\t<\/div>\n\t\t\t\t\t<\/div>\n\t\t\t\t<\/div>\n\t\t\t\t<\/div>\n\t\t\t\t\t<\/details>\n\t\t\t\t\t\t<details id=\"e-n-accordion-item-2973\" class=\"e-n-accordion-item\" >\n\t\t\t\t<summary class=\"e-n-accordion-item-title\" data-accordion-index=\"4\" tabindex=\"-1\" aria-expanded=\"false\" aria-controls=\"e-n-accordion-item-2973\" >\n\t\t\t\t\t<span class='e-n-accordion-item-title-header'><h3 class=\"e-n-accordion-item-title-text\"> Routines de blocs d\u2019enseignement : questions \u00e0 se poser  <\/h3><\/span>\n\t\t\t\t\t\t\t<span class='e-n-accordion-item-title-icon'>\n\t\t\t<span class='e-opened' ><i aria-hidden=\"true\" class=\"fas fa-minus\"><\/i><\/span>\n\t\t\t<span class='e-closed'><i aria-hidden=\"true\" class=\"fas fa-plus\"><\/i><\/span>\n\t\t<\/span>\n\n\t\t\t\t\t\t<\/summary>\n\t\t\t\t<div role=\"region\" aria-labelledby=\"e-n-accordion-item-2973\" class=\"elementor-element elementor-element-9d6bba0 e-flex e-con-boxed e-con e-child\" data-id=\"9d6bba0\" data-element_type=\"container\" data-e-type=\"container\">\n\t\t\t\t\t<div class=\"e-con-inner\">\n\t\t<div role=\"region\" aria-labelledby=\"e-n-accordion-item-2973\" class=\"elementor-element elementor-element-fa78e73 e-con-full e-flex e-con e-child\" data-id=\"fa78e73\" data-element_type=\"container\" data-e-type=\"container\">\n\t\t\t\t<div class=\"elementor-element elementor-element-16f34d6 elementor-widget elementor-widget-text-editor\" data-id=\"16f34d6\" data-element_type=\"widget\" data-e-type=\"widget\" data-widget_type=\"text-editor.default\">\n\t\t\t\t<div class=\"elementor-widget-container\">\n\t\t\t\t\t\t\t\t\t<ul><li>Est-ce que votre horaire quotidien comprend 30 minutes d&rsquo;enseignement des notions fondamentales de la lecture et de l&rsquo;\u00e9criture (domaine B) ?<\/li><li>Comment pouvez-vous int\u00e9grer les contenus du programme-cadre dans votre bloc de litt\u00e9ratie ?<\/li><li>Comment pouvez-vous int\u00e9grer la litt\u00e9ratie dans l&rsquo;enseignement des contenus ?<\/li><\/ul>\t\t\t\t\t\t\t\t<\/div>\n\t\t\t\t<\/div>\n\t\t\t\t<\/div>\n\t\t\t\t\t<\/div>\n\t\t\t\t<\/div>\n\t\t\t\t\t<\/details>\n\t\t\t\t\t<\/div>\n\t\t\t\t\t\t<\/div>\n\t\t\t\t<\/div>\n\t\t<div class=\"elementor-element elementor-element-69f7e3a1 e-con-full e-flex e-con e-child\" data-id=\"69f7e3a1\" data-element_type=\"container\" data-e-type=\"container\">\n\t\t\t\t<div class=\"elementor-element elementor-element-13234ee0 elementor-align-left elementor-widget__width-initial elementor-mobile-align-center elementor-widget elementor-widget-button\" data-id=\"13234ee0\" data-element_type=\"widget\" data-e-type=\"widget\" data-widget_type=\"button.default\">\n\t\t\t\t<div class=\"elementor-widget-container\">\n\t\t\t\t\t\t\t\t\t<div class=\"elementor-button-wrapper\">\n\t\t\t\t\t<a class=\"elementor-button elementor-button-link elementor-size-sm\" href=\"https:\/\/onlit.org\/fr\/survol-de-la-litteratie\/2e-annee\/resolution-de-problemes-au-niveau-de-la-classe\/\">\n\t\t\t\t\t\t<span class=\"elementor-button-content-wrapper\">\n\t\t\t\t\t\t\t\t\t<span class=\"elementor-button-text\">&lt;&lt; Retour<\/span>\n\t\t\t\t\t<\/span>\n\t\t\t\t\t<\/a>\n\t\t\t\t<\/div>\n\t\t\t\t\t\t\t\t<\/div>\n\t\t\t\t<\/div>\n\t\t\t\t<div class=\"elementor-element elementor-element-66c696fb elementor-align-right elementor-widget__width-initial elementor-mobile-align-center elementor-hidden-desktop elementor-hidden-tablet elementor-widget elementor-widget-button\" data-id=\"66c696fb\" data-element_type=\"widget\" data-e-type=\"widget\" data-widget_type=\"button.default\">\n\t\t\t\t<div class=\"elementor-widget-container\">\n\t\t\t\t\t\t\t\t\t<div class=\"elementor-button-wrapper\">\n\t\t\t\t\t<a class=\"elementor-button elementor-size-sm\" role=\"button\">\n\t\t\t\t\t\t<span class=\"elementor-button-content-wrapper\">\n\t\t\t\t\t\t\t\t\t<span class=\"elementor-button-text\">Suivant &gt;&gt;<\/span>\n\t\t\t\t\t<\/span>\n\t\t\t\t\t<\/a>\n\t\t\t\t<\/div>\n\t\t\t\t\t\t\t\t<\/div>\n\t\t\t\t<\/div>\n\t\t\t\t<\/div>\n\t\t\t\t<\/div>\n\t\t\t\t<\/div>\n\t\t","protected":false},"excerpt":{"rendered":"<p>Mise en commun Int\u00e9grer la lecture et l\u2019\u00e9criture en sciences et en \u00e9tudes sociales L\u2019int\u00e9gration est la cl\u00e9 de l\u2019approche structur\u00e9e de la lecture et de l\u2019\u00e9criture qui sous-tend le&#8230;<\/p>\n","protected":false},"author":32,"featured_media":38450,"parent":36106,"menu_order":0,"comment_status":"closed","ping_status":"closed","template":"","meta":{"_acf_changed":false,"_kad_post_transparent":"","_kad_post_title":"hide","_kad_post_layout":"fullwidth","_kad_post_sidebar_id":"","_kad_post_content_style":"unboxed","_kad_post_vertical_padding":"hide","_kad_post_feature":"hide","_kad_post_feature_position":"","_kad_post_header":false,"_kad_post_footer":false,"_kad_post_classname":"","footnotes":""},"content-language":[509],"class_list":["post-35781","page","type-page","status-publish","has-post-thumbnail","hentry","content-language-francais"],"acf":[],"_links":{"self":[{"href":"https:\/\/onlit.org\/fr\/wp-json\/wp\/v2\/pages\/35781","targetHints":{"allow":["GET"]}}],"collection":[{"href":"https:\/\/onlit.org\/fr\/wp-json\/wp\/v2\/pages"}],"about":[{"href":"https:\/\/onlit.org\/fr\/wp-json\/wp\/v2\/types\/page"}],"author":[{"embeddable":true,"href":"https:\/\/onlit.org\/fr\/wp-json\/wp\/v2\/users\/32"}],"replies":[{"embeddable":true,"href":"https:\/\/onlit.org\/fr\/wp-json\/wp\/v2\/comments?post=35781"}],"version-history":[{"count":9,"href":"https:\/\/onlit.org\/fr\/wp-json\/wp\/v2\/pages\/35781\/revisions"}],"predecessor-version":[{"id":36639,"href":"https:\/\/onlit.org\/fr\/wp-json\/wp\/v2\/pages\/35781\/revisions\/36639"}],"up":[{"embeddable":true,"href":"https:\/\/onlit.org\/fr\/wp-json\/wp\/v2\/pages\/36106"}],"wp:featuredmedia":[{"embeddable":true,"href":"https:\/\/onlit.org\/fr\/wp-json\/wp\/v2\/media\/38450"}],"wp:attachment":[{"href":"https:\/\/onlit.org\/fr\/wp-json\/wp\/v2\/media?parent=35781"}],"wp:term":[{"taxonomy":"content-language","embeddable":true,"href":"https:\/\/onlit.org\/fr\/wp-json\/wp\/v2\/content-language?post=35781"}],"curies":[{"name":"wp","href":"https:\/\/api.w.org\/{rel}","templated":true}]}}