{"id":35741,"date":"2025-01-02T08:13:14","date_gmt":"2025-01-02T13:13:14","guid":{"rendered":"https:\/\/onlit.org\/?page_id=35741"},"modified":"2025-12-04T10:08:56","modified_gmt":"2025-12-04T15:08:56","slug":"b2-3-mise-en-application-de-ses-connaissances-morphologiques","status":"publish","type":"page","link":"https:\/\/onlit.org\/fr\/survol-de-la-litteratie\/2e-annee\/b2-3-mise-en-application-de-ses-connaissances-morphologiques\/","title":{"rendered":"B2.3. Mise en application de ses connaissances morphologiques"},"content":{"rendered":"\t\t<div data-elementor-type=\"wp-page\" data-elementor-id=\"35741\" class=\"elementor elementor-35741 elementor-32581\" data-elementor-post-type=\"page\">\n\t\t\t\t<div class=\"elementor-element elementor-element-2456ba57 e-con-full e-flex e-con e-parent\" data-id=\"2456ba57\" data-element_type=\"container\" data-e-type=\"container\">\n\t\t\t\t<div class=\"elementor-element elementor-element-1147fc00 elementor-widget elementor-widget-heading\" data-id=\"1147fc00\" data-element_type=\"widget\" data-e-type=\"widget\" data-widget_type=\"heading.default\">\n\t\t\t\t<div class=\"elementor-widget-container\">\n\t\t\t\t\t<h1 class=\"elementor-heading-title elementor-size-default\">B2.3. Mise en application de ses connaissances morphologiques<\/h1>\t\t\t\t<\/div>\n\t\t\t\t<\/div>\n\t\t\t\t<div class=\"elementor-element elementor-element-7e5d8a18 elementor-widget elementor-widget-text-editor\" data-id=\"7e5d8a18\" data-element_type=\"widget\" data-e-type=\"widget\" data-widget_type=\"text-editor.default\">\n\t\t\t\t<div class=\"elementor-widget-container\">\n\t\t\t\t\t\t\t\t\t<p>Les connaissances morphologiques concernent les connaissances relatives aux r\u00e8gles qui r\u00e9gissent les plus petites unit\u00e9s de sens contenues dans les mots, les morph\u00e8mes. Le d\u00e9veloppement des connaissances morphologiques aide les \u00e9l\u00e8ves \u00e0 segmenter les mots en morph\u00e8mes reconnus et d\u2019appliquer leurs connaissances morphologiques pour orthographier et lire des mots plus longs et plus complexes. Ces connaissances sont \u00e9galement importantes pour le d\u00e9veloppement du vocabulaire.<\/p><p>\u00c0 tous les niveaux scolaires, les \u00e9l\u00e8ves apprennent que :<\/p><ul><li>Les morph\u00e8mes libres sont porteurs de sens \u00e0 eux seuls et ne peuvent \u00eatre divis\u00e9s en \u00e9l\u00e9ments plus petits sans en perdre le sens, et ils contiennent un seul morph\u00e8me : la base<\/li><li>Certains mots peuvent \u00eatre divis\u00e9s en \u00e9l\u00e9ments auxquels on peut attribuer un sens : la base et les affixes. On dit que ces mots sont construits. Les affixes d\u00e9rivationnels modifient le sens de la base :<ul><li>les pr\u00e9fixes sont des affixes plac\u00e9s devant la base<\/li><li>les suffixes sont des affixes plac\u00e9s apr\u00e8s la base et peuvent entra\u00eener un changement dans la classe de mots (p. ex., copie = copier, copiage, copiable)<\/li><\/ul><\/li><\/ul><p>L\u2019\u00e9l\u00e8ve apprend que les mots sont constitu\u00e9s de bases qui v\u00e9hiculent un sens et peuvent \u00eatre modifi\u00e9s par des pr\u00e9fixes et des suffixes, ce qui entra\u00eene un changement de sens du mot. L\u2019\u00e9l\u00e8ve d\u00e9couvre la possibilit\u00e9 de segmenter les mots en morph\u00e8mes qu\u2019elle ou il peut reconna\u00eetre et d\u2019appliquer ses connaissances morphologiques pour orthographier et lire des mots plus longs et plus complexes.<\/p>\t\t\t\t\t\t\t\t<\/div>\n\t\t\t\t<\/div>\n\t\t<div class=\"elementor-element elementor-element-c6545c9 e-con-full e-flex e-con e-child\" data-id=\"c6545c9\" data-element_type=\"container\" data-e-type=\"container\">\n\t\t<div class=\"elementor-element elementor-element-779abe1b e-con-full e-flex e-con e-child\" data-id=\"779abe1b\" data-element_type=\"container\" data-e-type=\"container\">\n\t\t\t\t<div class=\"elementor-element elementor-element-4057ff14 elementor-widget elementor-widget-heading\" data-id=\"4057ff14\" data-element_type=\"widget\" data-e-type=\"widget\" data-widget_type=\"heading.default\">\n\t\t\t\t<div class=\"elementor-widget-container\">\n\t\t\t\t\t<h4 class=\"elementor-heading-title elementor-size-default\">En 1<sup>re<\/sup> ann\u00e9e, l\u2019accent a \u00e9t\u00e9 mis sur :<\/h4>\t\t\t\t<\/div>\n\t\t\t\t<\/div>\n\t\t\t\t<div class=\"elementor-element elementor-element-6b9b84 elementor-widget elementor-widget-text-editor\" data-id=\"6b9b84\" data-element_type=\"widget\" data-e-type=\"widget\" data-widget_type=\"text-editor.default\">\n\t\t\t\t<div class=\"elementor-widget-container\">\n\t\t\t\t\t\t\t\t\t<p><strong>Les pr\u00e9fixes<\/strong><br \/>Les pr\u00e9fixes les<strong> plus courants<\/strong> \u00e0 l\u2019oral \u00e9crit<\/p><p>Attirer l\u2019attention des \u00e9l\u00e8ves \u00e0 la repr\u00e9sentation \u00e9crite associ\u00e9e au sens de chaque pr\u00e9fixe<\/p><p><strong>\u00c0 l\u2019oral et \u00e0 l\u2019\u00e9crit<\/strong><\/p><ul><li><strong>Identification<\/strong> : rep\u00e9rer le pr\u00e9fixe commun dans une liste de mots et expliquer le sens du pr\u00e9fixe<\/li><li><strong>Ajout<\/strong> : ajouter un pr\u00e9fixe \u00e0 un mot, prononcer le mot et expliquer le changement de sens du mot<\/li><li><strong>Suppression<\/strong> : enlever un pr\u00e9fixe dans un mot et prononcer le mot qui reste; expliquer que le sens du mot a chang\u00e9<\/li><\/ul>\t\t\t\t\t\t\t\t<\/div>\n\t\t\t\t<\/div>\n\t\t\t\t<\/div>\n\t\t<div class=\"elementor-element elementor-element-703e227f e-con-full e-flex e-con e-child\" data-id=\"703e227f\" data-element_type=\"container\" data-e-type=\"container\">\n\t\t\t\t<div class=\"elementor-element elementor-element-777af2ab elementor-widget elementor-widget-heading\" data-id=\"777af2ab\" data-element_type=\"widget\" data-e-type=\"widget\" data-widget_type=\"heading.default\">\n\t\t\t\t<div class=\"elementor-widget-container\">\n\t\t\t\t\t<h4 class=\"elementor-heading-title elementor-size-default\">Nouveau pour  la 2<sup>e<\/sup> ann\u00e9e :<\/h4>\t\t\t\t<\/div>\n\t\t\t\t<\/div>\n\t\t\t\t<div class=\"elementor-element elementor-element-38ccda3 elementor-widget elementor-widget-text-editor\" data-id=\"38ccda3\" data-element_type=\"widget\" data-e-type=\"widget\" data-widget_type=\"text-editor.default\">\n\t\t\t\t<div class=\"elementor-widget-container\">\n\t\t\t\t\t\t\t\t\t<strong>Les pr\u00e9fixes<\/strong>\nLes pr\u00e9fixes les plus courants \u00e0 l\u2019oral \u00e9crit\n\nAttirer l\u2019attention des \u00e9l\u00e8ves \u00e0 la repr\u00e9sentation \u00e9crite associ\u00e9e au sens de chaque pr\u00e9fixe\n\n<strong>\u00c0 l\u2019oral et \u00e0 l\u2019\u00e9crit<\/strong>\n\n<strong>Tout \u00e0 partir de la 1<sup>re<\/sup> ann\u00e9e, et<\/strong>\n<ul>\n \t<li><strong>Substitution<\/strong> : \u00e9changer un pr\u00e9fixe par un autre pr\u00e9fixe dans un mot et prononcer le nouveau mot ; expliquer que le sens du mot a chang\u00e9<\/li>\n<\/ul>\t\t\t\t\t\t\t\t<\/div>\n\t\t\t\t<\/div>\n\t\t\t\t<\/div>\n\t\t\t\t<\/div>\n\t\t<div class=\"elementor-element elementor-element-23d7c63 e-con-full e-flex e-con e-child\" data-id=\"23d7c63\" data-element_type=\"container\" data-e-type=\"container\">\n\t\t<div class=\"elementor-element elementor-element-257cad0 e-con-full e-flex e-con e-child\" data-id=\"257cad0\" data-element_type=\"container\" data-e-type=\"container\">\n\t\t\t\t<div class=\"elementor-element elementor-element-2b02865 elementor-widget elementor-widget-heading\" data-id=\"2b02865\" data-element_type=\"widget\" data-e-type=\"widget\" data-widget_type=\"heading.default\">\n\t\t\t\t<div class=\"elementor-widget-container\">\n\t\t\t\t\t<h4 class=\"elementor-heading-title elementor-size-default\">En 1<sup>re<\/sup> ann\u00e9e, l\u2019accent a \u00e9t\u00e9 mis sur :<\/h4>\t\t\t\t<\/div>\n\t\t\t\t<\/div>\n\t\t\t\t<div class=\"elementor-element elementor-element-8d56b50 elementor-widget elementor-widget-text-editor\" data-id=\"8d56b50\" data-element_type=\"widget\" data-e-type=\"widget\" data-widget_type=\"text-editor.default\">\n\t\t\t\t<div class=\"elementor-widget-container\">\n\t\t\t\t\t\t\t\t\t<p><strong>Les suffixes<\/strong><\/p><p><strong>\u00c0 l\u2019oral et \u00e0 l\u2019\u00e9crit<\/strong><\/p><ul><li><strong>Identification<\/strong> : rep\u00e9rer le suffixe partag\u00e9 dans une liste de mots et en comprendre le sens <\/li><li><strong>Ajout<\/strong> : ajouter un suffixe \u00e0 un mot et prononcer le mot ; expliquer que le sens a chang\u00e9<\/li><li><strong>Suppression<\/strong> : enlever un suffixe dans un mot et prononcer le mot qui reste ; expliquer que le sens a chang\u00e9<\/li><\/ul>\t\t\t\t\t\t\t\t<\/div>\n\t\t\t\t<\/div>\n\t\t\t\t<\/div>\n\t\t<div class=\"elementor-element elementor-element-fc1894b e-con-full e-flex e-con e-child\" data-id=\"fc1894b\" data-element_type=\"container\" data-e-type=\"container\">\n\t\t\t\t<div class=\"elementor-element elementor-element-31406c8 elementor-widget elementor-widget-heading\" data-id=\"31406c8\" data-element_type=\"widget\" data-e-type=\"widget\" data-widget_type=\"heading.default\">\n\t\t\t\t<div class=\"elementor-widget-container\">\n\t\t\t\t\t<h4 class=\"elementor-heading-title elementor-size-default\">Nouveau pour  la 2<sup>e<\/sup> ann\u00e9e :<\/h4>\t\t\t\t<\/div>\n\t\t\t\t<\/div>\n\t\t\t\t<div class=\"elementor-element elementor-element-794e376 elementor-widget elementor-widget-text-editor\" data-id=\"794e376\" data-element_type=\"widget\" data-e-type=\"widget\" data-widget_type=\"text-editor.default\">\n\t\t\t\t<div class=\"elementor-widget-container\">\n\t\t\t\t\t\t\t\t\t<p><strong>Les suffixes <\/strong><\/p><p><strong>\u00c0 l\u2019oral et \u00e0 l\u2019\u00e9crit<\/strong><\/p><ul><li><strong>Identification<\/strong> : rep\u00e9rer le suffixe partag\u00e9 dans une liste de mots et en comprendre le sens<\/li><li><strong>Ajout<\/strong> : ajouter un suffixe \u00e0 un mot et prononcer le mot ; expliquer que le sens a chang\u00e9<ul><li>Reconna\u00eetre lorsque l\u2019ajout d\u2019un suffixe change la classe de mots<\/li><\/ul><\/li><li><strong>Suppression<\/strong> : enlever un suffixe dans un mot et prononcer le mot qui reste ; expliquer que le sens a chang\u00e9<ul><li>Reconna\u00eetre lorsque la suppression d\u2019un suffixe change la classe du mot qui reste<\/li><\/ul><\/li><li><strong>Substitution<\/strong> : \u00e9changer un suffixe par un autre suffixe dans un mot et prononcer le nouveau mot ; expliquer que le sens a chang\u00e9<ul><li>Reconna\u00eetre lorsque la substitution d\u2019un suffixe change la cat\u00e9gorie du mot qui reste<\/li><\/ul><\/li><\/ul>\t\t\t\t\t\t\t\t<\/div>\n\t\t\t\t<\/div>\n\t\t\t\t<\/div>\n\t\t\t\t<\/div>\n\t\t<div class=\"elementor-element elementor-element-f3cf709 e-con-full e-flex e-con e-child\" data-id=\"f3cf709\" data-element_type=\"container\" data-e-type=\"container\">\n\t\t<div class=\"elementor-element elementor-element-6282f8a e-con-full e-flex e-con e-child\" data-id=\"6282f8a\" data-element_type=\"container\" data-e-type=\"container\">\n\t\t\t\t<div class=\"elementor-element elementor-element-2178376 elementor-widget elementor-widget-heading\" data-id=\"2178376\" data-element_type=\"widget\" data-e-type=\"widget\" data-widget_type=\"heading.default\">\n\t\t\t\t<div class=\"elementor-widget-container\">\n\t\t\t\t\t<h4 class=\"elementor-heading-title elementor-size-default\">En 1<sup>re<\/sup> ann\u00e9e, l\u2019accent a \u00e9t\u00e9 mis sur :<\/h4>\t\t\t\t<\/div>\n\t\t\t\t<\/div>\n\t\t\t\t<div class=\"elementor-element elementor-element-5f935a3 elementor-widget elementor-widget-text-editor\" data-id=\"5f935a3\" data-element_type=\"widget\" data-e-type=\"widget\" data-widget_type=\"text-editor.default\">\n\t\t\t\t<div class=\"elementor-widget-container\">\n\t\t\t\t\t\t\t\t\t<p><strong>Les bases<\/strong><br \/><strong>Identification \u00e0 l\u2019oral et \u00e0 l\u2019\u00e9crit<\/strong> : <\/p><ul><li>associer des mots qui appartiennent \u00e0 la m\u00eame famille morphologique que la base; comprendre et expliquer le sens partag\u00e9 par ces mots<\/li><li>compl\u00e9ter une liste de mots appartenant \u00e0 la m\u00eame famille morphologique que la base; comprendre et expliquer le sens partag\u00e9 par ces mots<\/li><li>rep\u00e9rer la base partag\u00e9e par une liste de mots d\u2019une famille morphologique et la pr\u00e9sence d\u2019affixes; comprendre et expliquer le sens partag\u00e9 par ces mots<\/li><\/ul><p><strong>Cat\u00e9gorisation \u00e0 l\u2019oral et \u00e0 l\u2019\u00e9crit<\/strong> : <\/p><ul><li>trouver le mot qui n\u2019est pas \u00e0 sa place dans une suite de mots; comprendre et expliquer ce qui distingue l\u2019intrus des autres mots au regard du sens et en quoi les autres mots sont associ\u00e9s<\/li><\/ul>\t\t\t\t\t\t\t\t<\/div>\n\t\t\t\t<\/div>\n\t\t\t\t<\/div>\n\t\t<div class=\"elementor-element elementor-element-6b46342 e-con-full e-flex e-con e-child\" data-id=\"6b46342\" data-element_type=\"container\" data-e-type=\"container\">\n\t\t\t\t<div class=\"elementor-element elementor-element-322f780 elementor-widget elementor-widget-heading\" data-id=\"322f780\" data-element_type=\"widget\" data-e-type=\"widget\" data-widget_type=\"heading.default\">\n\t\t\t\t<div class=\"elementor-widget-container\">\n\t\t\t\t\t<h4 class=\"elementor-heading-title elementor-size-default\">Nouveau pour  la 2<sup>e<\/sup> ann\u00e9e :<\/h4>\t\t\t\t<\/div>\n\t\t\t\t<\/div>\n\t\t\t\t<div class=\"elementor-element elementor-element-7b88c24 elementor-widget elementor-widget-text-editor\" data-id=\"7b88c24\" data-element_type=\"widget\" data-e-type=\"widget\" data-widget_type=\"text-editor.default\">\n\t\t\t\t<div class=\"elementor-widget-container\">\n\t\t\t\t\t\t\t\t\t<strong>Les bases<\/strong>\n<strong>Identification \u00e0 l\u2019oral et \u00e0 l\u2019\u00e9crit<\/strong> :\n<ul>\n \t<li>Tout \u00e0 partir de la 1<sup>re<\/sup> ann\u00e9e<\/li>\n<\/ul>\n<strong>Cat\u00e9gorisation \u00e0 l\u2019oral et \u00e0 l\u2019\u00e9crit<\/strong> :\n<ul>\n \t<li>Tout \u00e0 partir de la 1<sup>re<\/sup> ann\u00e9e<\/li>\n<\/ul>\t\t\t\t\t\t\t\t<\/div>\n\t\t\t\t<\/div>\n\t\t\t\t<\/div>\n\t\t\t\t<\/div>\n\t\t\t\t<div class=\"elementor-element elementor-element-29e42d9 elementor-widget elementor-widget-global elementor-global-36380 elementor-widget-text-editor\" data-id=\"29e42d9\" data-element_type=\"widget\" data-e-type=\"widget\" data-widget_type=\"text-editor.default\">\n\t\t\t\t<div class=\"elementor-widget-container\">\n\t\t\t\t\t\t\t\t\t<p>Il ne s&rsquo;agit pas d&rsquo;une liste exhaustive de toutes les attentes dans ce domaine. Veuillez consulter le <a href=\"https:\/\/www.dcp.edu.gov.on.ca\/fr\/curriculum\/elementaire-francais\" target=\"_blank\" rel=\"noopener\">programme-cadre de fran\u00e7ais<\/a> pour plus de d\u00e9tails.<\/p>\t\t\t\t\t\t\t\t<\/div>\n\t\t\t\t<\/div>\n\t\t\t\t<div class=\"elementor-element elementor-element-255ef88 elementor-widget elementor-widget-heading\" data-id=\"255ef88\" data-element_type=\"widget\" data-e-type=\"widget\" data-widget_type=\"heading.default\">\n\t\t\t\t<div class=\"elementor-widget-container\">\n\t\t\t\t\t<h2 class=\"elementor-heading-title elementor-size-default\">Routine p\u00e9dagogique<\/h2>\t\t\t\t<\/div>\n\t\t\t\t<\/div>\n\t\t\t\t<div class=\"elementor-element elementor-element-47f675a elementor-widget elementor-widget-text-editor\" data-id=\"47f675a\" data-element_type=\"widget\" data-e-type=\"widget\" data-widget_type=\"text-editor.default\">\n\t\t\t\t<div class=\"elementor-widget-container\">\n\t\t\t\t\t\t\t\t\t<p>L\u2019int\u00e9gration de la morphologie dans l\u2019enseignement quotidien des \u00e9l\u00e8ves de deuxi\u00e8me ann\u00e9e peut s\u2019av\u00e9rer tr\u00e8s efficace lorsqu\u2019elle est int\u00e9gr\u00e9e de mani\u00e8re transparente dans divers aspects de la journ\u00e9e scolaire. Voici quelques strat\u00e9gies pour int\u00e9grer la morphologie de mani\u00e8re coh\u00e9rente :<\/p>\t\t\t\t\t\t\t\t<\/div>\n\t\t\t\t<\/div>\n\t\t<div class=\"elementor-element elementor-element-7c138c5 e-con-full e-flex e-con e-child\" data-id=\"7c138c5\" data-element_type=\"container\" data-e-type=\"container\">\n\t\t<div class=\"elementor-element elementor-element-62cba65 e-con-full e-flex e-con e-child\" data-id=\"62cba65\" data-element_type=\"container\" data-e-type=\"container\">\n\t\t\t\t<div class=\"elementor-element elementor-element-dc51218 elementor-widget elementor-widget-heading\" data-id=\"dc51218\" data-element_type=\"widget\" data-e-type=\"widget\" data-widget_type=\"heading.default\">\n\t\t\t\t<div class=\"elementor-widget-container\">\n\t\t\t\t\t<h4 class=\"elementor-heading-title elementor-size-default\">Routine du matin\n\n<\/h4>\t\t\t\t<\/div>\n\t\t\t\t<\/div>\n\t\t\t\t<div class=\"elementor-element elementor-element-d13862d elementor-widget elementor-widget-text-editor\" data-id=\"d13862d\" data-element_type=\"widget\" data-e-type=\"widget\" data-widget_type=\"text-editor.default\">\n\t\t\t\t<div class=\"elementor-widget-container\">\n\t\t\t\t\t\t\t\t\t<p><strong>Mot du jour (5 minutes) :<\/strong><br \/>Introduisez chaque jour un nouveau mot comprenant une base, un pr\u00e9fixe ou un suffixe.<br \/>Discutez de sa signification, d\u00e9composez-le en ses parties morphologiques et utilisez-le dans une phrase. <br \/><strong>Message du matin : <\/strong><br \/>\u00c9crivez au tableau un court message ou une histoire qui comprend plusieurs mots morphologiquement riches.<br \/>Demandez aux \u00e9l\u00e8ves d\u2019identifier et de souligner les mots de base, les pr\u00e9fixes et les suffixes.\u00a0<\/p>\t\t\t\t\t\t\t\t<\/div>\n\t\t\t\t<\/div>\n\t\t\t\t<\/div>\n\t\t<div class=\"elementor-element elementor-element-dfcf01a e-con-full e-flex e-con e-child\" data-id=\"dfcf01a\" data-element_type=\"container\" data-e-type=\"container\">\n\t\t\t\t<div class=\"elementor-element elementor-element-c251779 elementor-widget elementor-widget-heading\" data-id=\"c251779\" data-element_type=\"widget\" data-e-type=\"widget\" data-widget_type=\"heading.default\">\n\t\t\t\t<div class=\"elementor-widget-container\">\n\t\t\t\t\t<h4 class=\"elementor-heading-title elementor-size-default\">Bloc d\u2019enseignement des notions fondamentales en lecture et en \u00e9criture<\/h4>\t\t\t\t<\/div>\n\t\t\t\t<\/div>\n\t\t\t\t<div class=\"elementor-element elementor-element-98b5310 elementor-widget elementor-widget-text-editor\" data-id=\"98b5310\" data-element_type=\"widget\" data-e-type=\"widget\" data-widget_type=\"text-editor.default\">\n\t\t\t\t<div class=\"elementor-widget-container\">\n\t\t\t\t\t\t\t\t\t<p><strong>Temps de lecture :<\/strong><br \/>Pendant la lecture, faites des pauses pour relever les mots comportant des pr\u00e9fixes, des suffixes ou des mots de base.<br \/>Discutez de la mani\u00e8re dont ces \u00e9l\u00e9ments modifient le sens des mots.<\/p><p><strong>Travaille avec les mots :<\/strong><br \/>Organisez diff\u00e9rentes activit\u00e9s cibl\u00e9es et utiles ax\u00e9es sur les morph\u00e8mes d\u00e9j\u00e0 explicitement enseign\u00e9s, telles que<\/p><ul><li>Classer les mots en fonction de leur base, pr\u00e9fixe ou suffixe<\/li><li>Cr\u00e9er de nouveaux mots en ajoutant des pr\u00e9fixes ou des suffixes aux mots de base<\/li><li>Jouer \u00e0 des jeux d\u2019association avec les bases et les affixes<\/li><\/ul>\t\t\t\t\t\t\t\t<\/div>\n\t\t\t\t<\/div>\n\t\t\t\t<\/div>\n\t\t\t\t<\/div>\n\t\t<div class=\"elementor-element elementor-element-837f829 e-con-full e-flex e-con e-child\" data-id=\"837f829\" data-element_type=\"container\" data-e-type=\"container\">\n\t\t<div class=\"elementor-element elementor-element-c17d5de e-con-full e-flex e-con e-child\" data-id=\"c17d5de\" data-element_type=\"container\" data-e-type=\"container\">\n\t\t\t\t<div class=\"elementor-element elementor-element-cfd1c31 elementor-widget elementor-widget-heading\" data-id=\"cfd1c31\" data-element_type=\"widget\" data-e-type=\"widget\" data-widget_type=\"heading.default\">\n\t\t\t\t<div class=\"elementor-widget-container\">\n\t\t\t\t\t<h4 class=\"elementor-heading-title elementor-size-default\">\u00c9criture\n<\/h4>\t\t\t\t<\/div>\n\t\t\t\t<\/div>\n\t\t\t\t<div class=\"elementor-element elementor-element-39f30e6 elementor-widget elementor-widget-text-editor\" data-id=\"39f30e6\" data-element_type=\"widget\" data-e-type=\"widget\" data-widget_type=\"text-editor.default\">\n\t\t\t\t<div class=\"elementor-widget-container\">\n\t\t\t\t\t\t\t\t\t<p><strong>\u00c9criture quotidienne :<\/strong><br \/>Encouragez les \u00e9l\u00e8ves \u00e0 utiliser des mots avec des pr\u00e9fixes ou des suffixes dans leurs \u00e9crits quotidiens. Demandez-leur de souligner les parties morphologiques et d\u2019expliquer leurs significations. <\/p><p><strong>D\u00e9veloppement des phrases :<\/strong><br \/>Fournissez aux \u00e9l\u00e8ves des mots de base et une liste de pr\u00e9fixes et de suffixes. <\/p><p>Demandez-leur de cr\u00e9er des phrases en utilisant les nouveaux mots qu\u2019ils forment.<\/p>\t\t\t\t\t\t\t\t<\/div>\n\t\t\t\t<\/div>\n\t\t\t\t<\/div>\n\t\t<div class=\"elementor-element elementor-element-36de678 e-con-full e-flex e-con e-child\" data-id=\"36de678\" data-element_type=\"container\" data-e-type=\"container\">\n\t\t\t\t<div class=\"elementor-element elementor-element-ca2bf98 elementor-widget elementor-widget-heading\" data-id=\"ca2bf98\" data-element_type=\"widget\" data-e-type=\"widget\" data-widget_type=\"heading.default\">\n\t\t\t\t<div class=\"elementor-widget-container\">\n\t\t\t\t\t<h4 class=\"elementor-heading-title elementor-size-default\">Domaines de contenu<\/h4>\t\t\t\t<\/div>\n\t\t\t\t<\/div>\n\t\t\t\t<div class=\"elementor-element elementor-element-3e9e498 elementor-widget elementor-widget-text-editor\" data-id=\"3e9e498\" data-element_type=\"widget\" data-e-type=\"widget\" data-widget_type=\"text-editor.default\">\n\t\t\t\t<div class=\"elementor-widget-container\">\n\t\t\t\t\t\t\t\t\t<p><strong>Vocabulaire en math\u00e9matique :<\/strong><br \/>Pr\u00e9sentez et d\u00e9cortiquez les mots de vocabulaire math\u00e9matique qui ont des pr\u00e9fixes, des suffixes ou des mots de base (p. ex., triangle = tri + angle).<br \/>Discutez de la fa\u00e7on dont la compr\u00e9hension de ces parties morphologiques peut aider \u00e0 comprendre les concepts \u00e0 l\u2019\u00e9tude. <\/p><p><strong>Vocabulaire sp\u00e9cifique \u00e0 un sujet (par exemple en sciences, sant\u00e9, les arts, les \u00e9tudes sociales)<\/strong> :<br \/>Soulignez les composantes morphologiques des nouveaux mots de vocabulaire en sciences et en \u00e9tudes sociales et discutez-en.<\/p><p>Cr\u00e9ez un mur de la morphologie o\u00f9 les nouveaux mots et leurs parties sont affich\u00e9s.<\/p>\t\t\t\t\t\t\t\t<\/div>\n\t\t\t\t<\/div>\n\t\t\t\t<\/div>\n\t\t\t\t<\/div>\n\t\t<div class=\"elementor-element elementor-element-79219ed e-con-full e-flex e-con e-child\" data-id=\"79219ed\" data-element_type=\"container\" data-e-type=\"container\">\n\t\t<div class=\"elementor-element elementor-element-207f56e e-con-full e-flex e-con e-child\" data-id=\"207f56e\" data-element_type=\"container\" data-e-type=\"container\">\n\t\t\t\t<div class=\"elementor-element elementor-element-7f97144 elementor-widget elementor-widget-heading\" data-id=\"7f97144\" data-element_type=\"widget\" data-e-type=\"widget\" data-widget_type=\"heading.default\">\n\t\t\t\t<div class=\"elementor-widget-container\">\n\t\t\t\t\t<h4 class=\"elementor-heading-title elementor-size-default\">R\u00e9vision et renforcement\n<\/h4>\t\t\t\t<\/div>\n\t\t\t\t<\/div>\n\t\t\t\t<div class=\"elementor-element elementor-element-c864a52 elementor-widget elementor-widget-text-editor\" data-id=\"c864a52\" data-element_type=\"widget\" data-e-type=\"widget\" data-widget_type=\"text-editor.default\">\n\t\t\t\t<div class=\"elementor-widget-container\">\n\t\t\t\t\t\t\t\t\t<p><strong>Revue de fin de journ\u00e9e :<\/strong><br \/>Organisez une br\u00e8ve s\u00e9ance de r\u00e9vision au cours de laquelle les \u00e9l\u00e8ves partagent les nouveaux mots qu\u2019elles ou ils ont appris au cours de la journ\u00e9e et qui comprennent des parties morphologiques. <br \/>Encouragez-les \u00e0 utiliser ces mots dans une phrase.<\/p><p><strong>D\u00e9fi hebdomadaire de morphologie<\/strong> :<br \/>\u00c0 la fin de la semaine, proposez un quiz amusant ou un d\u00e9fi o\u00f9 les \u00e9l\u00e8ves doivent identifier et utiliser des mots avec des pr\u00e9fixes, des suffixes et des mots de base.<\/p>\t\t\t\t\t\t\t\t<\/div>\n\t\t\t\t<\/div>\n\t\t\t\t<\/div>\n\t\t<div class=\"elementor-element elementor-element-c5b92ce e-con-full e-flex e-con e-child\" data-id=\"c5b92ce\" data-element_type=\"container\" data-e-type=\"container\">\n\t\t\t\t<div class=\"elementor-element elementor-element-d893a1a elementor-widget elementor-widget-heading\" data-id=\"d893a1a\" data-element_type=\"widget\" data-e-type=\"widget\" data-widget_type=\"heading.default\">\n\t\t\t\t<div class=\"elementor-widget-container\">\n\t\t\t\t\t<h4 class=\"elementor-heading-title elementor-size-default\">Aides visuelles et \u00e9tayage<\/h4>\t\t\t\t<\/div>\n\t\t\t\t<\/div>\n\t\t\t\t<div class=\"elementor-element elementor-element-2509e47 elementor-widget elementor-widget-text-editor\" data-id=\"2509e47\" data-element_type=\"widget\" data-e-type=\"widget\" data-widget_type=\"text-editor.default\">\n\t\t\t\t<div class=\"elementor-widget-container\">\n\t\t\t\t\t\t\t\t\t<p><strong>Mur de morphologie :<\/strong><br \/>Cr\u00e9ez un mur dans la classe avec des sections pour les mots de base, les pr\u00e9fixes et les suffixes. Ajoutez de nouveaux mots au fur et \u00e0 mesure qu\u2019ils sont introduits. <\/p><p><strong>Cahier interactif :<\/strong><br \/>Demandez aux \u00e9l\u00e8ves de remplir des cahiers interactifs dans lesquels ils peuvent coller ou \u00e9crire de nouveaux mots, les d\u00e9composer en leurs parties morphologiques et \u00e9crire des phrases \u00e0 partir de ces mots.<\/p>\t\t\t\t\t\t\t\t<\/div>\n\t\t\t\t<\/div>\n\t\t\t\t<\/div>\n\t\t\t\t<\/div>\n\t\t\t\t<div class=\"elementor-element elementor-element-1fafa3f elementor-widget elementor-widget-text-editor\" data-id=\"1fafa3f\" data-element_type=\"widget\" data-e-type=\"widget\" data-widget_type=\"text-editor.default\">\n\t\t\t\t<div class=\"elementor-widget-container\">\n\t\t\t\t\t\t\t\t\t<p><em>En int\u00e9grant syst\u00e9matiquement la morphologie dans les activit\u00e9s quotidiennes, les \u00e9l\u00e8ves d\u00e9velopperont une bonne compr\u00e9hension de la structure des mots, ce qui facilitera leur lecture, leur \u00e9criture et le d\u00e9veloppement global de leur langue.<\/em><\/p>\t\t\t\t\t\t\t\t<\/div>\n\t\t\t\t<\/div>\n\t\t\t\t<div class=\"elementor-element elementor-element-3436be31 elementor-widget elementor-widget-heading\" data-id=\"3436be31\" data-element_type=\"widget\" data-e-type=\"widget\" data-widget_type=\"heading.default\">\n\t\t\t\t<div class=\"elementor-widget-container\">\n\t\t\t\t\t<h4 class=\"elementor-heading-title elementor-size-default\">Liens vers des recherches<\/h4>\t\t\t\t<\/div>\n\t\t\t\t<\/div>\n\t\t\t\t<div class=\"elementor-element elementor-element-fb7c285 elementor-widget elementor-widget-text-editor\" data-id=\"fb7c285\" data-element_type=\"widget\" data-e-type=\"widget\" data-widget_type=\"text-editor.default\">\n\t\t\t\t<div class=\"elementor-widget-container\">\n\t\t\t\t\t\t\t\t\t<ul><li><a href=\"https:\/\/onlit.org\/fr\/lecture-et-orthographe-au-niveau-des-mots-mise-en-application-de-ses-connaissances-morphologiques\/\" target=\"_blank\" rel=\"noopener\">Mise en application de ses connaissances morphologique &#8211; Exploration du programme-cadre<\/a>, ONlit<\/li><li><a href=\"https:\/\/onlit.org\/fr\/pd-silde-deck\/les-fondements-essentiels-de-la-morphologie\/\" target=\"_blank\" rel=\"noopener\">Les fondements essentiels de la morphologie<\/a>, ONlit<\/li><li><a href=\"https:\/\/onlit.org\/fr\/courses\/pourquoi-enseigner-la-morphologie\/\" target=\"_blank\" rel=\"noopener\">Module d\u2019apprentissage : Pourquoi enseigner la morphologie<\/a>, ONlit<\/li><li><a href=\"https:\/\/onlit.org\/fr\/ressource\/serie-de-webinaires-sur-la-morphologie\/\" target=\"_blank\" rel=\"noopener\">La morphologie<\/a> (vid\u00e9o)<\/li><li><a href=\"https:\/\/onlit.org\/fr\/ressource\/apprendre-la-morphologie-derivationnelle-pour-mieux-orthographier\/\" target=\"_blank\" rel=\"noopener\">Apprendre la morphologie d\u00e9rivationnelle pour mieux orthographier<\/a><\/li><\/ul>\t\t\t\t\t\t\t\t<\/div>\n\t\t\t\t<\/div>\n\t\t\t\t<div class=\"elementor-element elementor-element-53a39987 elementor-widget elementor-widget-heading\" data-id=\"53a39987\" data-element_type=\"widget\" data-e-type=\"widget\" data-widget_type=\"heading.default\">\n\t\t\t\t<div class=\"elementor-widget-container\">\n\t\t\t\t\t<h4 class=\"elementor-heading-title elementor-size-default\">Ressources<\/h4>\t\t\t\t<\/div>\n\t\t\t\t<\/div>\n\t\t\t\t<div class=\"elementor-element elementor-element-49270f58 elementor-widget elementor-widget-text-editor\" data-id=\"49270f58\" data-element_type=\"widget\" data-e-type=\"widget\" data-widget_type=\"text-editor.default\">\n\t\t\t\t<div class=\"elementor-widget-container\">\n\t\t\t\t\t\t\t\t\t<ul><li><a href=\"https:\/\/drive.google.com\/drive\/folders\/1mxaUEZmJafFv4yBgFbDzG5V96AtM3qDC\" target=\"_blank\" rel=\"noopener\">Morphographe<\/a><\/li><li><a href=\"https:\/\/onlit.org\/fr\/ressource\/morpho\/\" target=\"_blank\" rel=\"noopener\">morpho+<\/a><\/li><li>Recherchez \u00abmorphologie \u00bb sur le <a href=\"https:\/\/onlit.org\/fr\/bibliotheque-de-ressources\/\" target=\"_blank\" rel=\"noopener\">Biblioth\u00e8que des ressources<\/a> pour trouver d\u2019autres ressources !<\/li><\/ul>\t\t\t\t\t\t\t\t<\/div>\n\t\t\t\t<\/div>\n\t\t<div class=\"elementor-element elementor-element-7176eb4d e-con-full e-flex e-con e-child\" data-id=\"7176eb4d\" data-element_type=\"container\" data-e-type=\"container\">\n\t\t\t\t<div class=\"elementor-element elementor-element-726096b6 elementor-align-left elementor-widget__width-initial elementor-mobile-align-center elementor-widget elementor-widget-button\" data-id=\"726096b6\" data-element_type=\"widget\" data-e-type=\"widget\" data-widget_type=\"button.default\">\n\t\t\t\t<div class=\"elementor-widget-container\">\n\t\t\t\t\t\t\t\t\t<div class=\"elementor-button-wrapper\">\n\t\t\t\t\t<a class=\"elementor-button elementor-button-link elementor-size-sm\" href=\"https:\/\/onlit.org\/fr\/survol-de-la-litteratie\/2e-annee\/b2-2-mise-en-application-de-ses-connaissances-des-regularites-orthographiques\/\">\n\t\t\t\t\t\t<span class=\"elementor-button-content-wrapper\">\n\t\t\t\t\t\t\t\t\t<span class=\"elementor-button-text\">&lt;&lt; Retour<\/span>\n\t\t\t\t\t<\/span>\n\t\t\t\t\t<\/a>\n\t\t\t\t<\/div>\n\t\t\t\t\t\t\t\t<\/div>\n\t\t\t\t<\/div>\n\t\t\t\t<div class=\"elementor-element elementor-element-9847e7f elementor-align-right elementor-widget__width-initial elementor-mobile-align-center elementor-widget elementor-widget-button\" data-id=\"9847e7f\" data-element_type=\"widget\" data-e-type=\"widget\" data-widget_type=\"button.default\">\n\t\t\t\t<div class=\"elementor-widget-container\">\n\t\t\t\t\t\t\t\t\t<div class=\"elementor-button-wrapper\">\n\t\t\t\t\t<a class=\"elementor-button elementor-button-link elementor-size-sm\" href=\"https:\/\/onlit.org\/fr\/survol-de-la-litteratie\/2e-annee\/b2-les-mots-irreguliers\/\">\n\t\t\t\t\t\t<span class=\"elementor-button-content-wrapper\">\n\t\t\t\t\t\t\t\t\t<span class=\"elementor-button-text\">Suivant &gt;&gt;<\/span>\n\t\t\t\t\t<\/span>\n\t\t\t\t\t<\/a>\n\t\t\t\t<\/div>\n\t\t\t\t\t\t\t\t<\/div>\n\t\t\t\t<\/div>\n\t\t\t\t<\/div>\n\t\t\t\t<\/div>\n\t\t\t\t<\/div>\n\t\t","protected":false},"excerpt":{"rendered":"<p>B2.3. Mise en application de ses connaissances morphologiques Les connaissances morphologiques concernent les connaissances relatives aux r\u00e8gles qui r\u00e9gissent les plus petites unit\u00e9s de sens contenues dans les mots, les&#8230;<\/p>\n","protected":false},"author":32,"featured_media":38450,"parent":36106,"menu_order":0,"comment_status":"closed","ping_status":"closed","template":"","meta":{"_acf_changed":false,"_kad_post_transparent":"","_kad_post_title":"hide","_kad_post_layout":"fullwidth","_kad_post_sidebar_id":"","_kad_post_content_style":"unboxed","_kad_post_vertical_padding":"hide","_kad_post_feature":"hide","_kad_post_feature_position":"","_kad_post_header":false,"_kad_post_footer":false,"_kad_post_classname":"","footnotes":""},"content-language":[509],"class_list":["post-35741","page","type-page","status-publish","has-post-thumbnail","hentry","content-language-francais"],"acf":[],"_links":{"self":[{"href":"https:\/\/onlit.org\/fr\/wp-json\/wp\/v2\/pages\/35741","targetHints":{"allow":["GET"]}}],"collection":[{"href":"https:\/\/onlit.org\/fr\/wp-json\/wp\/v2\/pages"}],"about":[{"href":"https:\/\/onlit.org\/fr\/wp-json\/wp\/v2\/types\/page"}],"author":[{"embeddable":true,"href":"https:\/\/onlit.org\/fr\/wp-json\/wp\/v2\/users\/32"}],"replies":[{"embeddable":true,"href":"https:\/\/onlit.org\/fr\/wp-json\/wp\/v2\/comments?post=35741"}],"version-history":[{"count":14,"href":"https:\/\/onlit.org\/fr\/wp-json\/wp\/v2\/pages\/35741\/revisions"}],"predecessor-version":[{"id":39342,"href":"https:\/\/onlit.org\/fr\/wp-json\/wp\/v2\/pages\/35741\/revisions\/39342"}],"up":[{"embeddable":true,"href":"https:\/\/onlit.org\/fr\/wp-json\/wp\/v2\/pages\/36106"}],"wp:featuredmedia":[{"embeddable":true,"href":"https:\/\/onlit.org\/fr\/wp-json\/wp\/v2\/media\/38450"}],"wp:attachment":[{"href":"https:\/\/onlit.org\/fr\/wp-json\/wp\/v2\/media?parent=35741"}],"wp:term":[{"taxonomy":"content-language","embeddable":true,"href":"https:\/\/onlit.org\/fr\/wp-json\/wp\/v2\/content-language?post=35741"}],"curies":[{"name":"wp","href":"https:\/\/api.w.org\/{rel}","templated":true}]}}