{"id":35737,"date":"2025-01-02T08:12:09","date_gmt":"2025-01-02T13:12:09","guid":{"rendered":"https:\/\/onlit.org\/?page_id=35737"},"modified":"2025-08-27T14:14:04","modified_gmt":"2025-08-27T18:14:04","slug":"b2-1-mise-en-application-de-ses-connaissances-des-correspondances-graphemes-phonemes","status":"publish","type":"page","link":"https:\/\/onlit.org\/fr\/survol-de-la-litteratie\/2e-annee\/b2-1-mise-en-application-de-ses-connaissances-des-correspondances-graphemes-phonemes\/","title":{"rendered":"B2.1. Mise en application de ses connaissances des correspondances graph\u00e8mes-phon\u00e8mes"},"content":{"rendered":"\t\t<div data-elementor-type=\"wp-page\" data-elementor-id=\"35737\" class=\"elementor elementor-35737 elementor-32577\" data-elementor-post-type=\"page\">\n\t\t\t\t<div class=\"elementor-element elementor-element-737f4e9b e-con-full e-flex e-con e-parent\" data-id=\"737f4e9b\" data-element_type=\"container\" data-e-type=\"container\">\n\t\t\t\t<div class=\"elementor-element elementor-element-328319cb elementor-widget elementor-widget-heading\" data-id=\"328319cb\" data-element_type=\"widget\" data-e-type=\"widget\" data-widget_type=\"heading.default\">\n\t\t\t\t<div class=\"elementor-widget-container\">\n\t\t\t\t\t<h1 class=\"elementor-heading-title elementor-size-default\">B2.1. Mise en application de ses connaissances des correspondances graph\u00e8mes-phon\u00e8mes<\/h1>\t\t\t\t<\/div>\n\t\t\t\t<\/div>\n\t\t\t\t<div class=\"elementor-element elementor-element-13d7034a elementor-widget elementor-widget-text-editor\" data-id=\"13d7034a\" data-element_type=\"widget\" data-e-type=\"widget\" data-widget_type=\"text-editor.default\">\n\t\t\t\t<div class=\"elementor-widget-container\">\n\t\t\t\t\t\t\t\t\tComme mentionn\u00e9 dans la section pr\u00e9c\u00e9dente, la phon\u00e9tique joue un r\u00f4le essentiel dans la capacit\u00e9 d&rsquo;un ou d\u2019une \u00e9l\u00e8ve \u00e0 lire et \u00e0 \u00e9crire. L&rsquo;enseignement explicite et syst\u00e9matique de la phon\u00e9tique est une priorit\u00e9 en 1<sup>re<\/sup> ann\u00e9e et constitue la base des comp\u00e9tences enseign\u00e9es en 2<sup>e<\/sup> ann\u00e9e, en 3<sup>e<\/sup> ann\u00e9e et au-del\u00e0.\t\t\t\t\t\t\t\t<\/div>\n\t\t\t\t<\/div>\n\t\t<div class=\"elementor-element elementor-element-5c71f4e5 e-con-full e-flex e-con e-child\" data-id=\"5c71f4e5\" data-element_type=\"container\" data-e-type=\"container\">\n\t\t<div class=\"elementor-element elementor-element-2e137192 e-con-full e-flex e-con e-child\" data-id=\"2e137192\" data-element_type=\"container\" data-e-type=\"container\">\n\t\t\t\t<div class=\"elementor-element elementor-element-154515c4 elementor-widget elementor-widget-heading\" data-id=\"154515c4\" data-element_type=\"widget\" data-e-type=\"widget\" data-widget_type=\"heading.default\">\n\t\t\t\t<div class=\"elementor-widget-container\">\n\t\t\t\t\t<h4 class=\"elementor-heading-title elementor-size-default\">En 1<sup>re<\/sup> ann\u00e9e, l\u2019accent a \u00e9t\u00e9 mis sur :<\/h4>\t\t\t\t<\/div>\n\t\t\t\t<\/div>\n\t\t\t\t<div class=\"elementor-element elementor-element-1c5c138b elementor-widget elementor-widget-text-editor\" data-id=\"1c5c138b\" data-element_type=\"widget\" data-e-type=\"widget\" data-widget_type=\"text-editor.default\">\n\t\t\t\t<div class=\"elementor-widget-container\">\n\t\t\t\t\t\t\t\t\t<ul><li>Lire et orthographier des mots \u00e0 structure syllabique et \u00e0 longueur vari\u00e9e<br \/><ul><li>1 syllabe : CV, VC, CVC, CCV, CCVC, CVCC<\/li><li>2 syllabes : CV\/VC, CV\/CVC, V\/CVC, CCV\/CV<\/li><li>3 syllabes ou plus : CV\/CV\/CV, VC\/CV\/CV\/CVC, V\/CV\/CVC<\/li><li>Mots \u00e9crits pr\u00e9sent\u00e9s de fa\u00e7on isol\u00e9e ou en contexte de phrases ou de courts textes<\/li><\/ul><\/li><\/ul>\t\t\t\t\t\t\t\t<\/div>\n\t\t\t\t<\/div>\n\t\t\t\t<\/div>\n\t\t<div class=\"elementor-element elementor-element-66cdb5d5 e-con-full e-flex e-con e-child\" data-id=\"66cdb5d5\" data-element_type=\"container\" data-e-type=\"container\">\n\t\t\t\t<div class=\"elementor-element elementor-element-74ac9b21 elementor-widget elementor-widget-heading\" data-id=\"74ac9b21\" data-element_type=\"widget\" data-e-type=\"widget\" data-widget_type=\"heading.default\">\n\t\t\t\t<div class=\"elementor-widget-container\">\n\t\t\t\t\t<h4 class=\"elementor-heading-title elementor-size-default\">Nouveau pour  la 2<sup>e<\/sup> ann\u00e9e :<\/h4>\t\t\t\t<\/div>\n\t\t\t\t<\/div>\n\t\t\t\t<div class=\"elementor-element elementor-element-1607d11b elementor-widget elementor-widget-text-editor\" data-id=\"1607d11b\" data-element_type=\"widget\" data-e-type=\"widget\" data-widget_type=\"text-editor.default\">\n\t\t\t\t<div class=\"elementor-widget-container\">\n\t\t\t\t\t\t\t\t\t<ul><li>\u00c9tude syst\u00e9matique des correspondances entre des graph\u00e8mes complexes et des sons vocaliques et consonantiques courants et constants : <br \/><ul><li>au, eau = \/o\/<\/li><li>ou = \/u\/<\/li><li>eu = \/\u0153\/<\/li><li>ai, ei = \/\u025b\/<\/li><li>er = \/e\/<\/li><li>oi = \/wa\/<\/li><li>ch = \/\u0283\/<\/li><li>qu = \/k\/<\/li><li>gu = \/g\/ devant e, i,<\/li><li>et y<\/li><li>gn = \/\u0272\/<\/li><li>an, en = \/\u00e3\/ <\/li><li>in = \/\u1ebd\/ <\/li><li>on = \/\u0254\u0303\/ <\/li><li>un = \/\u0153\u0303\/ <\/li><li>ain, ein = \/\u1ebd \/<\/li><\/ul><\/li><li>\u00c9tude syst\u00e9matique des correspondances entre les graph\u00e8mes complexes et les semi-consonnes<br \/><ul><li>oin = \/w\u1ebd\/ (oi + in = \/w\u1ebd\/) <\/li><li>ion = \/j\u0254\u0303\/ (ionn(e) = \/j\u0254\u0303n\/) (i + on = j\u0254\u0303)<\/li><li>ien = \/j\u1ebd\/ (ienne = \/j\u1ebdn\/) (\/i\/ + \/\u1ebd\/ = \/j\u1ebd\/)<\/li><li>ail, aille = \/aj\/<\/li><li>ouil, ouille = \/uj\/<\/li><li>ei, eille = \/\u025bj\/<\/li><li>euil, euille = \/\u0153j\/<\/li><\/ul><\/li><\/ul><p>Correspondances graph\u00e8mes-phon\u00e8mes contextuelles<\/p><ul><li>\u00c9tude syst\u00e9matique : <br \/><ul><li>Associer : <br \/><ul><li>le phon\u00e8me correspondant \u00e0 un graph\u00e8me contextuel<\/li><li>les phon\u00e8mes correspondant au graph\u00e8me &lt;x&gt;<\/li><\/ul><\/li><li>Reconna\u00eetre que :<ul><li>le &lt;e&gt; en fin de mot est muet en lecture, l\u2019\u00e9l\u00e8ve oralise le son de la consonne qui pr\u00e9c\u00e8de le &lt;e&gt; muet ; en orthographe, l\u2019\u00e9l\u00e8ve ajoute la lettre &lt;e&gt; lorsque le mot se termine par un son consonantique<\/li><li>la majorit\u00e9 des consonnes en fin de mot sont muettes<\/li><\/ul><\/li><\/ul><\/li><li>Mots \u00e9crits contenant les CGP enseign\u00e9es<\/li><li>Mots \u00e9crits de 1 ou plusieurs syllabes, \u00e0 structure syllabiques vari\u00e9es, pr\u00e9sent\u00e9s de fa\u00e7on isol\u00e9e ou en contexte de phrases ou de textes<\/li><\/ul>\t\t\t\t\t\t\t\t<\/div>\n\t\t\t\t<\/div>\n\t\t\t\t<\/div>\n\t\t\t\t<\/div>\n\t\t\t\t<div class=\"elementor-element elementor-element-8dfd110 elementor-widget elementor-widget-global elementor-global-36380 elementor-widget-text-editor\" data-id=\"8dfd110\" data-element_type=\"widget\" data-e-type=\"widget\" data-widget_type=\"text-editor.default\">\n\t\t\t\t<div class=\"elementor-widget-container\">\n\t\t\t\t\t\t\t\t\t<p>Il ne s&rsquo;agit pas d&rsquo;une liste exhaustive de toutes les attentes dans ce domaine. Veuillez consulter le <a href=\"https:\/\/www.dcp.edu.gov.on.ca\/fr\/curriculum\/elementaire-francais\" target=\"_blank\" rel=\"noopener\">programme-cadre de fran\u00e7ais<\/a> pour plus de d\u00e9tails.<\/p>\t\t\t\t\t\t\t\t<\/div>\n\t\t\t\t<\/div>\n\t\t\t\t<div class=\"elementor-element elementor-element-ab6cb78 elementor-widget elementor-widget-text-editor\" data-id=\"ab6cb78\" data-element_type=\"widget\" data-e-type=\"widget\" data-widget_type=\"text-editor.default\">\n\t\t\t\t<div class=\"elementor-widget-container\">\n\t\t\t\t\t\t\t\t\tUn nouvel objectif pour la 2<sup>e<\/sup> ann\u00e9e est de d\u00e9velopper la capacit\u00e9 \u00e0 inf\u00e9rer le sens des mots inconnus en s\u2019appuyant sur des indices contextuels et des connaissances orthographiques. Cela signifie que lorsque les \u00e9l\u00e8ves essaient de d\u00e9coder des mots inconnus, la connaissance des relations entre les lettres et les sons et la flexibilit\u00e9 des tendances orthographiques permettent d&rsquo;essayer diff\u00e9rentes prononciations possibles du mot jusqu&rsquo;\u00e0 ce que les \u00e9l\u00e8ves tombent sur un vrai mot qui a un sens dans le contexte.\t\t\t\t\t\t\t\t<\/div>\n\t\t\t\t<\/div>\n\t\t\t\t<div class=\"elementor-element elementor-element-c7dbe9e elementor-widget elementor-widget-text-editor\" data-id=\"c7dbe9e\" data-element_type=\"widget\" data-e-type=\"widget\" data-widget_type=\"text-editor.default\">\n\t\t\t\t<div class=\"elementor-widget-container\">\n\t\t\t\t\t\t\t\t\t<p>Il convient de noter qu&rsquo;il <strong>ne<\/strong> s&rsquo;agit <strong>pas<\/strong> de la m\u00eame chose que l&rsquo;utilisation d&rsquo;indices contextuels dans le cadre de la m\u00e9thode des trois indices, o\u00f9 les \u00e9l\u00e8ves \u00e9taient encourag\u00e9s \u00e0 utiliser le contexte pour deviner et confirmer leur supposition en regardant les lettres. Au contraire, cette strat\u00e9gie commence par un examen approfondi des lettres du mot et l&rsquo;application des connaissances pr\u00e9c\u00e9demment acquises en mati\u00e8re de phon\u00e9tique, d&rsquo;orthographe et de morphologie pour parvenir \u00e0 une prononciation approximative, puis \u00e0 un ajustement souple des voyelles et de l&rsquo;accentuation des syllabes pour parvenir \u00e0 la prononciation correcte du mot. Il s&rsquo;agit d&rsquo;une comp\u00e9tence tr\u00e8s importante pour l&rsquo;apprentissage autonome des mots. Comme d&rsquo;autres comp\u00e9tences de d\u00e9codage, l\u2019utilisation des indices contextuels est une comp\u00e9tence qui doit \u00eatre enseign\u00e9e de mani\u00e8re explicite.<\/p>\t\t\t\t\t\t\t\t<\/div>\n\t\t\t\t<\/div>\n\t\t\t\t<div class=\"elementor-element elementor-element-6ab3ba75 elementor-widget elementor-widget-heading\" data-id=\"6ab3ba75\" data-element_type=\"widget\" data-e-type=\"widget\" data-widget_type=\"heading.default\">\n\t\t\t\t<div class=\"elementor-widget-container\">\n\t\t\t\t\t<h4 class=\"elementor-heading-title elementor-size-default\">Liens vers des recherches<\/h4>\t\t\t\t<\/div>\n\t\t\t\t<\/div>\n\t\t\t\t<div class=\"elementor-element elementor-element-6e303d53 elementor-widget elementor-widget-text-editor\" data-id=\"6e303d53\" data-element_type=\"widget\" data-e-type=\"widget\" data-widget_type=\"text-editor.default\">\n\t\t\t\t<div class=\"elementor-widget-container\">\n\t\t\t\t\t\t\t\t\t<ul><li><a href=\"https:\/\/onlit.org\/fr\/phonetique-correspondances-phonemes-graphemes\/\" target=\"_blank\" rel=\"noopener\">Phon\u00e9tique : correspondances phon\u00e8mes-graph\u00e8mes &#8211; Exploration du programme-cadre<\/a>, ONlit<\/li><li><a href=\"https:\/\/onlit.org\/fr\/lecture-et-orthographe-au-niveau-des-mots-application-des-connaissances-des-correspondances-phonemes-graphemes\/\" target=\"_blank\" rel=\"noopener\">Application des connaissances des correspondances phon\u00e8mes-graph\u00e8mes &#8211; Exploration du programme-cadre<\/a>, ONlit<\/li><\/ul>\t\t\t\t\t\t\t\t<\/div>\n\t\t\t\t<\/div>\n\t\t\t\t<div class=\"elementor-element elementor-element-12abbc04 elementor-widget elementor-widget-heading\" data-id=\"12abbc04\" data-element_type=\"widget\" data-e-type=\"widget\" data-widget_type=\"heading.default\">\n\t\t\t\t<div class=\"elementor-widget-container\">\n\t\t\t\t\t<h4 class=\"elementor-heading-title elementor-size-default\">Ressources<\/h4>\t\t\t\t<\/div>\n\t\t\t\t<\/div>\n\t\t\t\t<div class=\"elementor-element elementor-element-5836f236 elementor-widget elementor-widget-text-editor\" data-id=\"5836f236\" data-element_type=\"widget\" data-e-type=\"widget\" data-widget_type=\"text-editor.default\">\n\t\t\t\t<div class=\"elementor-widget-container\">\n\t\t\t\t\t\t\t\t\t<ul><li><a href=\"https:\/\/onlit.org\/fr\/phonetique-correspondances-phonemes-graphemes\/\" target=\"_blank\" rel=\"noopener\">Phon\u00e9tique : correspondances phon\u00e8mes-graph\u00e8mes<\/a><\/li><li><a href=\"https:\/\/onlit.org\/fr\/ressource\/la-phonetique-modelage-dune-lecon\/\" target=\"_blank\" rel=\"noopener\">La phon\u00e9tique : Modelage d\u2019une le\u00e7on<\/a><\/li><li>Recherchez \u00ab phon\u00e9tique \u00bb dans le <a href=\"https:\/\/onlit.org\/fr\/bibliotheque-de-ressources\/\" target=\"_blank\" rel=\"noopener\">Biblioth\u00e8que des ressources<\/a> pour trouver d&rsquo;autres ressources<\/li><\/ul>\t\t\t\t\t\t\t\t<\/div>\n\t\t\t\t<\/div>\n\t\t<div class=\"elementor-element elementor-element-2af3bf8a e-con-full e-flex e-con e-child\" data-id=\"2af3bf8a\" data-element_type=\"container\" data-e-type=\"container\">\n\t\t\t\t<div class=\"elementor-element elementor-element-16ea1c0d elementor-align-left elementor-widget__width-initial elementor-mobile-align-center elementor-widget elementor-widget-button\" data-id=\"16ea1c0d\" data-element_type=\"widget\" data-e-type=\"widget\" data-widget_type=\"button.default\">\n\t\t\t\t<div class=\"elementor-widget-container\">\n\t\t\t\t\t\t\t\t\t<div class=\"elementor-button-wrapper\">\n\t\t\t\t\t<a class=\"elementor-button elementor-button-link elementor-size-sm\" href=\"https:\/\/onlit.org\/fr\/survol-de-la-litteratie\/2e-annee\/b2-lecture-et-orthographe-au-niveau-des-mots\/\">\n\t\t\t\t\t\t<span class=\"elementor-button-content-wrapper\">\n\t\t\t\t\t\t\t\t\t<span class=\"elementor-button-text\">&lt;&lt; Retour<\/span>\n\t\t\t\t\t<\/span>\n\t\t\t\t\t<\/a>\n\t\t\t\t<\/div>\n\t\t\t\t\t\t\t\t<\/div>\n\t\t\t\t<\/div>\n\t\t\t\t<div class=\"elementor-element elementor-element-3bfa3114 elementor-align-right elementor-widget__width-initial elementor-mobile-align-center elementor-widget elementor-widget-button\" data-id=\"3bfa3114\" data-element_type=\"widget\" data-e-type=\"widget\" data-widget_type=\"button.default\">\n\t\t\t\t<div class=\"elementor-widget-container\">\n\t\t\t\t\t\t\t\t\t<div class=\"elementor-button-wrapper\">\n\t\t\t\t\t<a class=\"elementor-button elementor-button-link elementor-size-sm\" href=\"https:\/\/onlit.org\/fr\/survol-de-la-litteratie\/2e-annee\/b2-2-mise-en-application-de-ses-connaissances-des-regularites-orthographiques\/\">\n\t\t\t\t\t\t<span class=\"elementor-button-content-wrapper\">\n\t\t\t\t\t\t\t\t\t<span class=\"elementor-button-text\">Suivant &gt;&gt;<\/span>\n\t\t\t\t\t<\/span>\n\t\t\t\t\t<\/a>\n\t\t\t\t<\/div>\n\t\t\t\t\t\t\t\t<\/div>\n\t\t\t\t<\/div>\n\t\t\t\t<\/div>\n\t\t\t\t<\/div>\n\t\t\t\t<\/div>\n\t\t","protected":false},"excerpt":{"rendered":"<p>B2.1. Mise en application de ses connaissances des correspondances graph\u00e8mes-phon\u00e8mes Comme mentionn\u00e9 dans la section pr\u00e9c\u00e9dente, la phon\u00e9tique joue un r\u00f4le essentiel dans la capacit\u00e9 d&rsquo;un ou d\u2019une \u00e9l\u00e8ve \u00e0&#8230;<\/p>\n","protected":false},"author":32,"featured_media":38450,"parent":36106,"menu_order":0,"comment_status":"closed","ping_status":"closed","template":"","meta":{"_acf_changed":false,"_kad_post_transparent":"","_kad_post_title":"hide","_kad_post_layout":"fullwidth","_kad_post_sidebar_id":"","_kad_post_content_style":"unboxed","_kad_post_vertical_padding":"hide","_kad_post_feature":"hide","_kad_post_feature_position":"","_kad_post_header":false,"_kad_post_footer":false,"_kad_post_classname":"","footnotes":""},"content-language":[509],"class_list":["post-35737","page","type-page","status-publish","has-post-thumbnail","hentry","content-language-francais"],"acf":[],"_links":{"self":[{"href":"https:\/\/onlit.org\/fr\/wp-json\/wp\/v2\/pages\/35737","targetHints":{"allow":["GET"]}}],"collection":[{"href":"https:\/\/onlit.org\/fr\/wp-json\/wp\/v2\/pages"}],"about":[{"href":"https:\/\/onlit.org\/fr\/wp-json\/wp\/v2\/types\/page"}],"author":[{"embeddable":true,"href":"https:\/\/onlit.org\/fr\/wp-json\/wp\/v2\/users\/32"}],"replies":[{"embeddable":true,"href":"https:\/\/onlit.org\/fr\/wp-json\/wp\/v2\/comments?post=35737"}],"version-history":[{"count":14,"href":"https:\/\/onlit.org\/fr\/wp-json\/wp\/v2\/pages\/35737\/revisions"}],"predecessor-version":[{"id":39336,"href":"https:\/\/onlit.org\/fr\/wp-json\/wp\/v2\/pages\/35737\/revisions\/39336"}],"up":[{"embeddable":true,"href":"https:\/\/onlit.org\/fr\/wp-json\/wp\/v2\/pages\/36106"}],"wp:featuredmedia":[{"embeddable":true,"href":"https:\/\/onlit.org\/fr\/wp-json\/wp\/v2\/media\/38450"}],"wp:attachment":[{"href":"https:\/\/onlit.org\/fr\/wp-json\/wp\/v2\/media?parent=35737"}],"wp:term":[{"taxonomy":"content-language","embeddable":true,"href":"https:\/\/onlit.org\/fr\/wp-json\/wp\/v2\/content-language?post=35737"}],"curies":[{"name":"wp","href":"https:\/\/api.w.org\/{rel}","templated":true}]}}