{"id":35731,"date":"2025-01-02T08:08:12","date_gmt":"2025-01-02T13:08:12","guid":{"rendered":"https:\/\/onlit.org\/?page_id=35731"},"modified":"2025-08-27T14:12:41","modified_gmt":"2025-08-27T18:12:41","slug":"b2-la-conscience-phonemique","status":"publish","type":"page","link":"https:\/\/onlit.org\/fr\/survol-de-la-litteratie\/2e-annee\/b2-la-conscience-phonemique\/","title":{"rendered":"B2. La conscience phon\u00e9mique"},"content":{"rendered":"\t\t<div data-elementor-type=\"wp-page\" data-elementor-id=\"35731\" class=\"elementor elementor-35731 elementor-32569\" data-elementor-post-type=\"page\">\n\t\t\t\t<div class=\"elementor-element elementor-element-6bcd2d8a e-con-full e-flex e-con e-parent\" data-id=\"6bcd2d8a\" data-element_type=\"container\" data-e-type=\"container\">\n\t\t\t\t<div class=\"elementor-element elementor-element-1f2a2a30 elementor-widget elementor-widget-heading\" data-id=\"1f2a2a30\" data-element_type=\"widget\" data-e-type=\"widget\" data-widget_type=\"heading.default\">\n\t\t\t\t<div class=\"elementor-widget-container\">\n\t\t\t\t\t<h1 class=\"elementor-heading-title elementor-size-default\">B2. La conscience phon\u00e9mique<\/h1>\t\t\t\t<\/div>\n\t\t\t\t<\/div>\n\t\t\t\t<div class=\"elementor-element elementor-element-263c063c elementor-widget elementor-widget-text-editor\" data-id=\"263c063c\" data-element_type=\"widget\" data-e-type=\"widget\" data-widget_type=\"text-editor.default\">\n\t\t\t\t<div class=\"elementor-widget-container\">\n\t\t\t\t\t\t\t\t\tLa conscience phon\u00e9mique est la capacit\u00e9 d\u2019identifier et de manipuler la plus petite unit\u00e9 de son dans les mots parl\u00e9s :les phon\u00e8mes. La conscience phon\u00e9mique est une habilet\u00e9 essentielle au d\u00e9codage et \u00e0 l\u2019encodage des mots et constitue un \u00e9l\u00e9ment important de l\u2019enseignement de la maternelle et de la premi\u00e8re ann\u00e9e. Si les \u00e9l\u00e8ves ont re\u00e7u un enseignement efficace en conscience phon\u00e9mique en Maternelle\/Jardin et en 1re ann\u00e9e, la plupart d\u2019entre eux et elles auront d\u00e9j\u00e0 ma\u00eetris\u00e9 le fusionnement et la segmentation, deux comp\u00e9tences essentielles pr\u00e9requises \u00e0 l\u2019orthographe (encodage) des mots en 2<sup>e<\/sup> ann\u00e9e.\t\t\t\t\t\t\t\t<\/div>\n\t\t\t\t<\/div>\n\t\t<div class=\"elementor-element elementor-element-5a2b4df5 e-con-full e-flex e-con e-child\" data-id=\"5a2b4df5\" data-element_type=\"container\" data-e-type=\"container\">\n\t\t<div class=\"elementor-element elementor-element-76a34198 e-con-full e-flex e-con e-child\" data-id=\"76a34198\" data-element_type=\"container\" data-e-type=\"container\">\n\t\t\t\t<div class=\"elementor-element elementor-element-b2df26e elementor-widget elementor-widget-heading\" data-id=\"b2df26e\" data-element_type=\"widget\" data-e-type=\"widget\" data-widget_type=\"heading.default\">\n\t\t\t\t<div class=\"elementor-widget-container\">\n\t\t\t\t\t<h4 class=\"elementor-heading-title elementor-size-default\">En 1<sup>re<\/sup> ann\u00e9e, l\u2019accent a \u00e9t\u00e9 mis sur :<\/h4>\t\t\t\t<\/div>\n\t\t\t\t<\/div>\n\t\t\t\t<div class=\"elementor-element elementor-element-54027c5e elementor-widget elementor-widget-text-editor\" data-id=\"54027c5e\" data-element_type=\"widget\" data-e-type=\"widget\" data-widget_type=\"text-editor.default\">\n\t\t\t\t<div class=\"elementor-widget-container\">\n\t\t\t\t\t\t\t\t\t<ul><li>Reconna\u00eetre un phon\u00e8me dans un mot ou dans une syllabe (p. ex., en position initiale, finale et ensuite m\u00e9diane)<\/li><li>Fusionner des phon\u00e8mes dans des mots en commen\u00e7ant par deux phon\u00e8mes et, lorsque l\u2019\u00e9l\u00e8ve est pr\u00eat ou pr\u00eate, passer \u00e0 des mots comportant jusqu\u2019\u00e0 cinq phon\u00e8mes, avec le soutien du personnel enseignant<\/li><li>Segmenter des mots avec des structures syllabiques plus complexes<\/li><\/ul>\t\t\t\t\t\t\t\t<\/div>\n\t\t\t\t<\/div>\n\t\t\t\t<\/div>\n\t\t<div class=\"elementor-element elementor-element-1601f066 e-con-full e-flex e-con e-child\" data-id=\"1601f066\" data-element_type=\"container\" data-e-type=\"container\">\n\t\t\t\t<div class=\"elementor-element elementor-element-2c947c69 elementor-widget elementor-widget-heading\" data-id=\"2c947c69\" data-element_type=\"widget\" data-e-type=\"widget\" data-widget_type=\"heading.default\">\n\t\t\t\t<div class=\"elementor-widget-container\">\n\t\t\t\t\t<h4 class=\"elementor-heading-title elementor-size-default\">Nouveau pour  la 2<sup>e<\/sup> ann\u00e9e :<\/h4>\t\t\t\t<\/div>\n\t\t\t\t<\/div>\n\t\t\t\t<div class=\"elementor-element elementor-element-e59b779 elementor-widget elementor-widget-text-editor\" data-id=\"e59b779\" data-element_type=\"widget\" data-e-type=\"widget\" data-widget_type=\"text-editor.default\">\n\t\t\t\t<div class=\"elementor-widget-container\">\n\t\t\t\t\t\t\t\t\tEn 2<sup>e<\/sup> ann\u00e9e, les comp\u00e9tences de conscience phon\u00e9mique que sont l\u2019isolation, le fusionnement et la segmentation devraient \u00eatre consolid\u00e9es. Par cons\u00e9quent, il n\u2019y a pas d\u2019attentes sp\u00e9cifiques en mati\u00e8re de conscience phon\u00e9mique pour la deuxi\u00e8me ann\u00e9e, et il n\u2019est pas n\u00e9cessaire d\u2019\u00e9valuer la conscience phon\u00e9mique pour tous les \u00e9l\u00e8ves.\n\nPour les \u00e9l\u00e8ves dont les donn\u00e9es de d\u00e9pistage indiquent un risque de difficult\u00e9s de lecture,\u00a0 utilisez l\u2019infographie d\u2019ONlit <a href=\"https:\/\/onlit.org\/fr\/ressource\/donner-un-sens-au-depistage\/\" target=\"_blank\" rel=\"noopener\">Donner un sens au d\u00e9pistage<\/a> pour d\u00e9terminer les \u00e9l\u00e8ves qui ont besoin d\u2019une \u00e9valuation diagnostique de la conscience phon\u00e9mique.\t\t\t\t\t\t\t\t<\/div>\n\t\t\t\t<\/div>\n\t\t\t\t<\/div>\n\t\t\t\t<\/div>\n\t\t\t\t<div class=\"elementor-element elementor-element-98abb40 elementor-widget elementor-widget-global elementor-global-36380 elementor-widget-text-editor\" data-id=\"98abb40\" data-element_type=\"widget\" data-e-type=\"widget\" data-widget_type=\"text-editor.default\">\n\t\t\t\t<div class=\"elementor-widget-container\">\n\t\t\t\t\t\t\t\t\t<p>Il ne s&rsquo;agit pas d&rsquo;une liste exhaustive de toutes les attentes dans ce domaine. Veuillez consulter le <a href=\"https:\/\/www.dcp.edu.gov.on.ca\/fr\/curriculum\/elementaire-francais\" target=\"_blank\" rel=\"noopener\">programme-cadre de fran\u00e7ais<\/a> pour plus de d\u00e9tails.<\/p>\t\t\t\t\t\t\t\t<\/div>\n\t\t\t\t<\/div>\n\t\t\t\t<div class=\"elementor-element elementor-element-86dc1f0 elementor-widget elementor-widget-text-editor\" data-id=\"86dc1f0\" data-element_type=\"widget\" data-e-type=\"widget\" data-widget_type=\"text-editor.default\">\n\t\t\t\t<div class=\"elementor-widget-container\">\n\t\t\t\t\t\t\t\t\tPour les \u00e9l\u00e8ves dont les donn\u00e9es d\u2019\u00e9valuation indiquent un besoin d\u2019intervention en mati\u00e8re de conscience phon\u00e9mique, la Dre Susan Brady a partag\u00e9 quelques consid\u00e9rations importantes dans la pr\u00e9sentation <a href=\"https:\/\/youtu.be\/VX_45kRJHEQ?si=wsfh1B8jWIjzCgXf\" target=\"_blank\" rel=\"noopener\">Phoneme Awareness Research Updated (2022)<\/a> :\n<ul>\n \t<li>L\u2019enseignement de la conscience phon\u00e9mique est plus efficace lorsqu\u2019il est int\u00e9gr\u00e9 avec la connaissance des lettres, l\u2019\u00e9criture scripte et les activit\u00e9s de lecture.<\/li>\n \t<li>La conscience phon\u00e9mique se d\u00e9veloppe de mani\u00e8re pr\u00e9visible. Les enfants d\u00e9veloppent g\u00e9n\u00e9ralement leur conscience phon\u00e9mique en fonction de la position du phon\u00e8me dans un mot ou une syllabe (Brady, 2022).<\/li>\n \t<li>Bien qu\u2019il existe un continuum de comp\u00e9tences \u00e0 travers lequel les \u00e9l\u00e8ves progressent g\u00e9n\u00e9ralement, des plus grands segments (c\u2019est-\u00e0-dire les rimes, les syllabes) au plus petit segment (les phon\u00e8mes), les \u00e9l\u00e8ves n\u2019ont pas besoin de montrer qu\u2019ils ma\u00eetrisent les plus grands segments avant de s\u2019initier \u00e0 la conscience des phon\u00e8mes. <strong>L\u2019enseignement doit viser \u00e0 se concentrer sur le niveau des phon\u00e8mes le plus rapidement possible, car les comp\u00e9tences en mati\u00e8re de conscience des phon\u00e8mes sont les plus importantes pour apprendre \u00e0 lire et \u00e0 \u00e9peler &#8211; il faut \u00e9viter de perdre du temps avec les grandes unit\u00e9s (rimes, syllabes, etc.).<\/strong><\/li>\n \t<li>En 2<sup>e<\/sup> ann\u00e9e, les \u00e9l\u00e8ves qui ont encore des difficult\u00e9s \u00e0 lire des mots simples d\u2019une syllabe devraient \u00eatre sensibilis\u00e9s aux phon\u00e8mes dans le cadre de l\u2019enseignement de la phon\u00e9tique.<\/li>\n \t<li>Bien que certaines ressources proposent des activit\u00e9s o\u00f9 les \u00e9l\u00e8ves remplacent et suppriment des sons gr\u00e2ce \u00e0 une \u00ab conscience phon\u00e9mique avanc\u00e9e \u00bb, la recherche n\u2019indique pas encore que cela soit n\u00e9cessaire.<\/li>\n<\/ul>\t\t\t\t\t\t\t\t<\/div>\n\t\t\t\t<\/div>\n\t\t\t\t<div class=\"elementor-element elementor-element-68845ae5 elementor-widget elementor-widget-heading\" data-id=\"68845ae5\" data-element_type=\"widget\" data-e-type=\"widget\" data-widget_type=\"heading.default\">\n\t\t\t\t<div class=\"elementor-widget-container\">\n\t\t\t\t\t<h4 class=\"elementor-heading-title elementor-size-default\">Liens vers des recherches<\/h4>\t\t\t\t<\/div>\n\t\t\t\t<\/div>\n\t\t\t\t<div class=\"elementor-element elementor-element-77aef92d elementor-widget elementor-widget-text-editor\" data-id=\"77aef92d\" data-element_type=\"widget\" data-e-type=\"widget\" data-widget_type=\"text-editor.default\">\n\t\t\t\t<div class=\"elementor-widget-container\">\n\t\t\t\t\t\t\t\t\t<ul><li><a href=\"https:\/\/onlit.org\/fr\/ressource\/recueil-de-notions-fondamentales\/\" target=\"_blank\" rel=\"noopener\">Recueil de notion fondamentales de la lecture et de l\u2019\u00e9criture, 1re \u00e0 4e ann\u00e9e<\/a><\/li><li><a href=\"https:\/\/onlit.org\/fr\/conscience-phonemique\/\" target=\"_blank\" rel=\"noopener\">Conscience phon\u00e9mique &#8211; Exploration du programme-cadre<\/a>, ONlit<\/li><li><a href=\"https:\/\/onlit.org\/fr\/courses\/introduction-a-la-conscience-phonemique\/\" target=\"_blank\" rel=\"noopener\">Module d\u2019apprentissage : Introduction \u00e0 la conscience phon\u00e9mique<\/a>, ONlit<\/li><\/ul>\t\t\t\t\t\t\t\t<\/div>\n\t\t\t\t<\/div>\n\t\t\t\t<div class=\"elementor-element elementor-element-8b69449 elementor-widget elementor-widget-heading\" data-id=\"8b69449\" data-element_type=\"widget\" data-e-type=\"widget\" data-widget_type=\"heading.default\">\n\t\t\t\t<div class=\"elementor-widget-container\">\n\t\t\t\t\t<h4 class=\"elementor-heading-title elementor-size-default\">Ressources<\/h4>\t\t\t\t<\/div>\n\t\t\t\t<\/div>\n\t\t\t\t<div class=\"elementor-element elementor-element-3f143e0b elementor-widget elementor-widget-text-editor\" data-id=\"3f143e0b\" data-element_type=\"widget\" data-e-type=\"widget\" data-widget_type=\"text-editor.default\">\n\t\t\t\t<div class=\"elementor-widget-container\">\n\t\t\t\t\t\t\t\t\t<ul><li><a href=\"https:\/\/onlit.org\/fr\/courses\/introduction-a-la-conscience-phonemique\/\" target=\"_blank\" rel=\"noopener\">Introduction \u00e0 la conscience phon\u00e9mique<\/a><\/li><li><a href=\"https:\/\/onlit.org\/fr\/ressource\/tableau-dacquisition-des-phonemes\/\" target=\"_blank\" rel=\"noopener\">Tableau d\u2019acquisition des phon\u00e8me<\/a>s<\/li><li><a href=\"https:\/\/onlit.org\/fr\/ressource\/boites-elkonin-google-slides\/\" target=\"_blank\" rel=\"noopener\">Les bo\u00eetes Elkonin<\/a><\/li><li><a href=\"https:\/\/onlit.org\/fr\/ressource\/la-conscience-phonemique-le-fusionnement\/\" target=\"_blank\" rel=\"noopener\">Le fusionnement phon\u00e9mique<\/a> (vid\u00e9o)<\/li><li><a href=\"https:\/\/onlit.org\/fr\/ressource\/la-segmentation-phonemique-2\/\" target=\"_blank\" rel=\"noopener\">La segmentation phon\u00e9mique<\/a> (vid\u00e9o)<\/li><li>Recherchez \u00ab conscience phon\u00e9mique \u00bb dans le <a href=\"https:\/\/onlit.org\/fr\/bibliotheque-de-ressources\/\" target=\"_blank\" rel=\"noopener\">Biblioth\u00e8que des ressources<\/a> pour trouver d&rsquo;autres ressources<\/li><\/ul>\t\t\t\t\t\t\t\t<\/div>\n\t\t\t\t<\/div>\n\t\t<div class=\"elementor-element elementor-element-4f2f9988 e-con-full e-flex e-con e-child\" data-id=\"4f2f9988\" data-element_type=\"container\" data-e-type=\"container\">\n\t\t\t\t<div class=\"elementor-element elementor-element-70869d37 elementor-align-left elementor-widget__width-initial elementor-mobile-align-center elementor-widget elementor-widget-button\" data-id=\"70869d37\" data-element_type=\"widget\" data-e-type=\"widget\" data-widget_type=\"button.default\">\n\t\t\t\t<div class=\"elementor-widget-container\">\n\t\t\t\t\t\t\t\t\t<div class=\"elementor-button-wrapper\">\n\t\t\t\t\t<a class=\"elementor-button elementor-button-link elementor-size-sm\" href=\"https:\/\/onlit.org\/fr\/survol-de-la-litteratie\/2e-annee\/b2-notions-fondamentales-de-la-lecture-et-de-lecriture\/\">\n\t\t\t\t\t\t<span class=\"elementor-button-content-wrapper\">\n\t\t\t\t\t\t\t\t\t<span class=\"elementor-button-text\">&lt;&lt; Retour<\/span>\n\t\t\t\t\t<\/span>\n\t\t\t\t\t<\/a>\n\t\t\t\t<\/div>\n\t\t\t\t\t\t\t\t<\/div>\n\t\t\t\t<\/div>\n\t\t\t\t<div class=\"elementor-element elementor-element-204a36a7 elementor-align-right elementor-widget__width-initial elementor-mobile-align-center elementor-widget elementor-widget-button\" data-id=\"204a36a7\" data-element_type=\"widget\" data-e-type=\"widget\" data-widget_type=\"button.default\">\n\t\t\t\t<div class=\"elementor-widget-container\">\n\t\t\t\t\t\t\t\t\t<div class=\"elementor-button-wrapper\">\n\t\t\t\t\t<a class=\"elementor-button elementor-button-link elementor-size-sm\" href=\"https:\/\/onlit.org\/fr\/survol-de-la-litteratie\/2e-annee\/b2-connaissance-des-lettres\/\">\n\t\t\t\t\t\t<span class=\"elementor-button-content-wrapper\">\n\t\t\t\t\t\t\t\t\t<span class=\"elementor-button-text\">Suivant &gt;&gt;<\/span>\n\t\t\t\t\t<\/span>\n\t\t\t\t\t<\/a>\n\t\t\t\t<\/div>\n\t\t\t\t\t\t\t\t<\/div>\n\t\t\t\t<\/div>\n\t\t\t\t<\/div>\n\t\t\t\t<\/div>\n\t\t\t\t<\/div>\n\t\t","protected":false},"excerpt":{"rendered":"<p>B2. La conscience phon\u00e9mique La conscience phon\u00e9mique est la capacit\u00e9 d\u2019identifier et de manipuler la plus petite unit\u00e9 de son dans les mots parl\u00e9s :les phon\u00e8mes. La conscience phon\u00e9mique est&#8230;<\/p>\n","protected":false},"author":32,"featured_media":38450,"parent":36106,"menu_order":0,"comment_status":"closed","ping_status":"closed","template":"","meta":{"_acf_changed":false,"_kad_post_transparent":"","_kad_post_title":"hide","_kad_post_layout":"fullwidth","_kad_post_sidebar_id":"","_kad_post_content_style":"unboxed","_kad_post_vertical_padding":"hide","_kad_post_feature":"hide","_kad_post_feature_position":"","_kad_post_header":false,"_kad_post_footer":false,"_kad_post_classname":"","footnotes":""},"content-language":[509],"class_list":["post-35731","page","type-page","status-publish","has-post-thumbnail","hentry","content-language-francais"],"acf":[],"_links":{"self":[{"href":"https:\/\/onlit.org\/fr\/wp-json\/wp\/v2\/pages\/35731","targetHints":{"allow":["GET"]}}],"collection":[{"href":"https:\/\/onlit.org\/fr\/wp-json\/wp\/v2\/pages"}],"about":[{"href":"https:\/\/onlit.org\/fr\/wp-json\/wp\/v2\/types\/page"}],"author":[{"embeddable":true,"href":"https:\/\/onlit.org\/fr\/wp-json\/wp\/v2\/users\/32"}],"replies":[{"embeddable":true,"href":"https:\/\/onlit.org\/fr\/wp-json\/wp\/v2\/comments?post=35731"}],"version-history":[{"count":20,"href":"https:\/\/onlit.org\/fr\/wp-json\/wp\/v2\/pages\/35731\/revisions"}],"predecessor-version":[{"id":39330,"href":"https:\/\/onlit.org\/fr\/wp-json\/wp\/v2\/pages\/35731\/revisions\/39330"}],"up":[{"embeddable":true,"href":"https:\/\/onlit.org\/fr\/wp-json\/wp\/v2\/pages\/36106"}],"wp:featuredmedia":[{"embeddable":true,"href":"https:\/\/onlit.org\/fr\/wp-json\/wp\/v2\/media\/38450"}],"wp:attachment":[{"href":"https:\/\/onlit.org\/fr\/wp-json\/wp\/v2\/media?parent=35731"}],"wp:term":[{"taxonomy":"content-language","embeddable":true,"href":"https:\/\/onlit.org\/fr\/wp-json\/wp\/v2\/content-language?post=35731"}],"curies":[{"name":"wp","href":"https:\/\/api.w.org\/{rel}","templated":true}]}}