{"id":43329,"date":"2026-04-30T11:11:00","date_gmt":"2026-04-30T15:11:00","guid":{"rendered":"https:\/\/onlit.org\/?post_type=onlit_resources&#038;p=43329"},"modified":"2026-04-30T11:11:02","modified_gmt":"2026-04-30T15:11:02","slug":"npp-172-diapos-valoriser-le-francais-hors-de-la-salle-de-class-pistes-et-reflexions","status":"publish","type":"onlit_resources","link":"https:\/\/onlit.org\/fr\/ressource\/npp-172-diapos-valoriser-le-francais-hors-de-la-salle-de-class-pistes-et-reflexions\/","title":{"rendered":"NPP 172 &#8211; Diapos Valoriser le fran\u00e7ais hors de la salle de class : pistes et r\u00e9flexions"},"content":{"rendered":"\n<p>Dans le contexte de la NPP 172, des attentes accrues sont formul\u00e9es quant au d\u00e9veloppement des comp\u00e9tences en fran\u00e7ais chez les \u00e9l\u00e8ves plurilingues et les \u00e9l\u00e8ves nouveaux arrivants. Or, ces comp\u00e9tences sont \u00e9troitement li\u00e9es au degr\u00e9 d\u2019exposition \u00e0 la langue et \u00e0 la fr\u00e9quence de son utilisation, deux facteurs qui peuvent repr\u00e9senter un d\u00e9fi dans plusieurs communaut\u00e9s.<\/p>\n","protected":false},"author":1,"featured_media":0,"menu_order":0,"comment_status":"open","ping_status":"closed","template":"","meta":{"_acf_changed":false,"_kad_post_transparent":"","_kad_post_title":"","_kad_post_layout":"","_kad_post_sidebar_id":"","_kad_post_content_style":"","_kad_post_vertical_padding":"","_kad_post_feature":"","_kad_post_feature_position":"","_kad_post_header":false,"_kad_post_footer":false,"_kad_post_classname":"","footnotes":""},"content-language":[509],"onlit_curriculum_reference":[520],"onlit_grade":[317,318,319,320,321,322,323,324,325,326],"onlit_resource_format":[489],"onlit_topic":[305],"class_list":["post-43329","onlit_resources","type-onlit_resources","status-publish","hentry","content-language-francais","onlit_curriculum_reference-autre","onlit_grade-niveau-1","onlit_grade-niveau-2","onlit_grade-niveau-3","onlit_grade-niveau-4","onlit_grade-niveau-5","onlit_grade-niveau-6","onlit_grade-niveau-7","onlit_grade-niveau-8","onlit_grade-niveau-9","onlit_grade-maternelle-jardin","onlit_resource_format-perfectionnement-professionnel-fr","onlit_topic-approche-plurilingue"],"acf":[],"_links":{"self":[{"href":"https:\/\/onlit.org\/fr\/wp-json\/wp\/v2\/onlit_resources\/43329","targetHints":{"allow":["GET"]}}],"collection":[{"href":"https:\/\/onlit.org\/fr\/wp-json\/wp\/v2\/onlit_resources"}],"about":[{"href":"https:\/\/onlit.org\/fr\/wp-json\/wp\/v2\/types\/onlit_resources"}],"author":[{"embeddable":true,"href":"https:\/\/onlit.org\/fr\/wp-json\/wp\/v2\/users\/1"}],"replies":[{"embeddable":true,"href":"https:\/\/onlit.org\/fr\/wp-json\/wp\/v2\/comments?post=43329"}],"version-history":[{"count":1,"href":"https:\/\/onlit.org\/fr\/wp-json\/wp\/v2\/onlit_resources\/43329\/revisions"}],"predecessor-version":[{"id":43330,"href":"https:\/\/onlit.org\/fr\/wp-json\/wp\/v2\/onlit_resources\/43329\/revisions\/43330"}],"wp:attachment":[{"href":"https:\/\/onlit.org\/fr\/wp-json\/wp\/v2\/media?parent=43329"}],"wp:term":[{"taxonomy":"content-language","embeddable":true,"href":"https:\/\/onlit.org\/fr\/wp-json\/wp\/v2\/content-language?post=43329"},{"taxonomy":"onlit_curriculum_reference","embeddable":true,"href":"https:\/\/onlit.org\/fr\/wp-json\/wp\/v2\/onlit_curriculum_reference?post=43329"},{"taxonomy":"onlit_grade","embeddable":true,"href":"https:\/\/onlit.org\/fr\/wp-json\/wp\/v2\/onlit_grade?post=43329"},{"taxonomy":"onlit_resource_format","embeddable":true,"href":"https:\/\/onlit.org\/fr\/wp-json\/wp\/v2\/onlit_resource_format?post=43329"},{"taxonomy":"onlit_topic","embeddable":true,"href":"https:\/\/onlit.org\/fr\/wp-json\/wp\/v2\/onlit_topic?post=43329"}],"curies":[{"name":"wp","href":"https:\/\/api.w.org\/{rel}","templated":true}]}}