{"id":33873,"date":"2025-02-03T13:46:38","date_gmt":"2025-02-03T18:46:38","guid":{"rendered":"https:\/\/onlit.org\/?post_type=onlit_resources&#038;p=33873"},"modified":"2025-08-22T10:36:00","modified_gmt":"2025-08-22T14:36:00","slug":"guide-pedagogique-en-litteratie-mediatique-numerique","status":"publish","type":"onlit_resources","link":"https:\/\/onlit.org\/fr\/ressource\/guide-pedagogique-en-litteratie-mediatique-numerique\/","title":{"rendered":"Guide p\u00e9dagogique en litt\u00e9ratie m\u00e9diatique num\u00e9rique"},"content":{"rendered":"<p>Ce guide met en lumi\u00e8re l\u2019importance d\u2019enseigner la litt\u00e9ratie m\u00e9diatique num\u00e9rique et explique en quoi elle est essentielle pour pr\u00e9parer les \u00e9l\u00e8ves \u00e0 \u00e9voluer dans un monde num\u00e9rique. Il explore \u00e9galement divers concepts et comp\u00e9tences cl\u00e9s, tout en proposant de nombreuses activit\u00e9s p\u00e9dagogiques adapt\u00e9es aux cycles primaire, moyen et interm\u00e9diaire.<\/p>\n","protected":false},"author":1,"featured_media":38990,"menu_order":0,"comment_status":"open","ping_status":"closed","template":"","meta":{"_acf_changed":false,"_kad_post_transparent":"default","_kad_post_title":"default","_kad_post_layout":"default","_kad_post_sidebar_id":"","_kad_post_content_style":"default","_kad_post_vertical_padding":"default","_kad_post_feature":"","_kad_post_feature_position":"","_kad_post_header":false,"_kad_post_footer":false,"_kad_post_classname":"","footnotes":""},"content-language":[509],"onlit_curriculum_reference":[200],"onlit_grade":[317,318,319,320,321,322,323,324,325],"onlit_resource_format":[474],"onlit_topic":[306],"class_list":["post-33873","onlit_resources","type-onlit_resources","status-publish","has-post-thumbnail","hentry","content-language-francais","onlit_curriculum_reference-a2-litteratie-mediatique-numerique","onlit_grade-niveau-1","onlit_grade-niveau-2","onlit_grade-niveau-3","onlit_grade-niveau-4","onlit_grade-niveau-5","onlit_grade-niveau-6","onlit_grade-niveau-7","onlit_grade-niveau-8","onlit_grade-niveau-9","onlit_resource_format-ressource-pedagogique","onlit_topic-approche-multimodale-a-lenseignement-de-la-litteratie"],"acf":[],"_links":{"self":[{"href":"https:\/\/onlit.org\/fr\/wp-json\/wp\/v2\/onlit_resources\/33873","targetHints":{"allow":["GET"]}}],"collection":[{"href":"https:\/\/onlit.org\/fr\/wp-json\/wp\/v2\/onlit_resources"}],"about":[{"href":"https:\/\/onlit.org\/fr\/wp-json\/wp\/v2\/types\/onlit_resources"}],"author":[{"embeddable":true,"href":"https:\/\/onlit.org\/fr\/wp-json\/wp\/v2\/users\/1"}],"replies":[{"embeddable":true,"href":"https:\/\/onlit.org\/fr\/wp-json\/wp\/v2\/comments?post=33873"}],"version-history":[{"count":1,"href":"https:\/\/onlit.org\/fr\/wp-json\/wp\/v2\/onlit_resources\/33873\/revisions"}],"predecessor-version":[{"id":33876,"href":"https:\/\/onlit.org\/fr\/wp-json\/wp\/v2\/onlit_resources\/33873\/revisions\/33876"}],"wp:featuredmedia":[{"embeddable":true,"href":"https:\/\/onlit.org\/fr\/wp-json\/wp\/v2\/media\/38990"}],"wp:attachment":[{"href":"https:\/\/onlit.org\/fr\/wp-json\/wp\/v2\/media?parent=33873"}],"wp:term":[{"taxonomy":"content-language","embeddable":true,"href":"https:\/\/onlit.org\/fr\/wp-json\/wp\/v2\/content-language?post=33873"},{"taxonomy":"onlit_curriculum_reference","embeddable":true,"href":"https:\/\/onlit.org\/fr\/wp-json\/wp\/v2\/onlit_curriculum_reference?post=33873"},{"taxonomy":"onlit_grade","embeddable":true,"href":"https:\/\/onlit.org\/fr\/wp-json\/wp\/v2\/onlit_grade?post=33873"},{"taxonomy":"onlit_resource_format","embeddable":true,"href":"https:\/\/onlit.org\/fr\/wp-json\/wp\/v2\/onlit_resource_format?post=33873"},{"taxonomy":"onlit_topic","embeddable":true,"href":"https:\/\/onlit.org\/fr\/wp-json\/wp\/v2\/onlit_topic?post=33873"}],"curies":[{"name":"wp","href":"https:\/\/api.w.org\/{rel}","templated":true}]}}