{"id":33813,"date":"2025-01-29T09:22:26","date_gmt":"2025-01-29T14:22:26","guid":{"rendered":"https:\/\/onlit.org\/?post_type=onlit_resources&#038;p=33813"},"modified":"2025-08-22T10:36:02","modified_gmt":"2025-08-22T14:36:02","slug":"enseigner-la-grammaire-en-contexte","status":"publish","type":"onlit_resources","link":"https:\/\/onlit.org\/fr\/ressource\/enseigner-la-grammaire-en-contexte\/","title":{"rendered":"Enseigner la grammaire en contexte"},"content":{"rendered":"<p>Il est maintenant reconnu que l\u2019enseignement de la grammaire ne devrait pas \u00eatre r\u00e9alis\u00e9 en silo. En effet, pour que les \u00e9l\u00e8ves per\u00e7oivent l\u2019utilit\u00e9 des notions grammaticales qu\u2019on leur enseigne et qu\u2019ils transf\u00e8rent leurs connaissances sur la langue dans divers contextes de productions orales et \u00e9crites, il est important que leur enseignement repose sur des contextes linguistiques authentiques. C\u2019est notamment dans cette perspective que le plus r\u00e9cent programme-cadre de fran\u00e7ais en Ontario privil\u00e9gie une approche int\u00e9gr\u00e9e et que, de ce fait, il invite le corps enseignant \u00e0 mettre la grammaire au service des autres composantes du fran\u00e7ais (la lecture, l\u2019\u00e9criture, etc.), voire des autres disciplines scolaires. Dans le cadre de cette s\u00e9rie de trois ateliers, nous proposerons ainsi des pistes concr\u00e8tes pour que le personnel enseignant puisse contextualiser son enseignement de la grammaire en utilisant une vari\u00e9t\u00e9 de textes se voulant authentiques.<\/p>\n<p><em>S\u00e9rie de trois s\u00e9ances anim\u00e9e par Joel Thibeault<\/em><\/p>\n","protected":false},"author":1,"featured_media":38994,"menu_order":0,"comment_status":"open","ping_status":"closed","template":"","meta":{"_acf_changed":false,"_kad_post_transparent":"default","_kad_post_title":"default","_kad_post_layout":"default","_kad_post_sidebar_id":"","_kad_post_content_style":"default","_kad_post_vertical_padding":"default","_kad_post_feature":"","_kad_post_feature_position":"","_kad_post_header":false,"_kad_post_footer":false,"_kad_post_classname":"","footnotes":""},"content-language":[509],"onlit_curriculum_reference":[203],"onlit_grade":[317,318,319,320,321,322,323,324,325,326],"onlit_resource_format":[315],"onlit_topic":[300],"class_list":["post-33813","onlit_resources","type-onlit_resources","status-publish","has-post-thumbnail","hentry","content-language-francais","onlit_curriculum_reference-b3-apprentissages-linguistiques-en-lecture-et-en-ecriture","onlit_grade-niveau-1","onlit_grade-niveau-2","onlit_grade-niveau-3","onlit_grade-niveau-4","onlit_grade-niveau-5","onlit_grade-niveau-6","onlit_grade-niveau-7","onlit_grade-niveau-8","onlit_grade-niveau-9","onlit_grade-maternelle-jardin","onlit_resource_format-video-fr","onlit_topic-grammaire"],"acf":[],"_links":{"self":[{"href":"https:\/\/onlit.org\/fr\/wp-json\/wp\/v2\/onlit_resources\/33813","targetHints":{"allow":["GET"]}}],"collection":[{"href":"https:\/\/onlit.org\/fr\/wp-json\/wp\/v2\/onlit_resources"}],"about":[{"href":"https:\/\/onlit.org\/fr\/wp-json\/wp\/v2\/types\/onlit_resources"}],"author":[{"embeddable":true,"href":"https:\/\/onlit.org\/fr\/wp-json\/wp\/v2\/users\/1"}],"replies":[{"embeddable":true,"href":"https:\/\/onlit.org\/fr\/wp-json\/wp\/v2\/comments?post=33813"}],"version-history":[{"count":4,"href":"https:\/\/onlit.org\/fr\/wp-json\/wp\/v2\/onlit_resources\/33813\/revisions"}],"predecessor-version":[{"id":34957,"href":"https:\/\/onlit.org\/fr\/wp-json\/wp\/v2\/onlit_resources\/33813\/revisions\/34957"}],"wp:featuredmedia":[{"embeddable":true,"href":"https:\/\/onlit.org\/fr\/wp-json\/wp\/v2\/media\/38994"}],"wp:attachment":[{"href":"https:\/\/onlit.org\/fr\/wp-json\/wp\/v2\/media?parent=33813"}],"wp:term":[{"taxonomy":"content-language","embeddable":true,"href":"https:\/\/onlit.org\/fr\/wp-json\/wp\/v2\/content-language?post=33813"},{"taxonomy":"onlit_curriculum_reference","embeddable":true,"href":"https:\/\/onlit.org\/fr\/wp-json\/wp\/v2\/onlit_curriculum_reference?post=33813"},{"taxonomy":"onlit_grade","embeddable":true,"href":"https:\/\/onlit.org\/fr\/wp-json\/wp\/v2\/onlit_grade?post=33813"},{"taxonomy":"onlit_resource_format","embeddable":true,"href":"https:\/\/onlit.org\/fr\/wp-json\/wp\/v2\/onlit_resource_format?post=33813"},{"taxonomy":"onlit_topic","embeddable":true,"href":"https:\/\/onlit.org\/fr\/wp-json\/wp\/v2\/onlit_topic?post=33813"}],"curies":[{"name":"wp","href":"https:\/\/api.w.org\/{rel}","templated":true}]}}