{"id":29884,"date":"2024-09-09T14:19:27","date_gmt":"2024-09-09T18:19:27","guid":{"rendered":"https:\/\/onlit.org\/?post_type=onlit_resources&#038;p=29884"},"modified":"2025-09-02T10:07:05","modified_gmt":"2025-09-02T14:07:05","slug":"le-langage-oral-a-portee-de-la-main","status":"publish","type":"onlit_resources","link":"https:\/\/onlit.org\/fr\/ressource\/le-langage-oral-a-portee-de-la-main\/","title":{"rendered":"Le langage oral \u00e0 port\u00e9e de la main"},"content":{"rendered":"<p>Cr\u00e9\u00e9e par des orthophonistes, pour des enseignants et des orthophonistes et qui a pour objectif primaire d&rsquo;exemplifier l&rsquo;importance de d\u00e9velopper de solides comp\u00e9tences en langage oral afin d&rsquo;acc\u00e9der \u00e0 la litt\u00e9ratie et favoriser la r\u00e9ussite scolaire. Cette ressource traite des liens entre le langage oral, la litt\u00e9ratie, en passant par la pratique fond\u00e9e sur les preuves, l\u2019enseignement diff\u00e9renci\u00e9, des liens vers des ressources et des renseignements cl\u00e9s. Des chapitres portant sur la conscience phonologique, le vocabulaire, la structure des mots et des textes, la compr\u00e9hension et les inf\u00e9rences, les partenariats enseignants-orthophonistes traitent de la mani\u00e8re d&rsquo;enseigner et d&rsquo;apprendre ces habilet\u00e9s langagi\u00e8res dans une perspective de collaboration interdisciplinaire.<\/p>\n","protected":false},"author":1,"featured_media":38427,"menu_order":0,"comment_status":"open","ping_status":"closed","template":"","meta":{"_acf_changed":false,"_kad_post_transparent":"default","_kad_post_title":"default","_kad_post_layout":"default","_kad_post_sidebar_id":"","_kad_post_content_style":"default","_kad_post_vertical_padding":"default","_kad_post_feature":"","_kad_post_feature_position":"","_kad_post_header":false,"_kad_post_footer":false,"_kad_post_classname":"","footnotes":""},"content-language":[509],"onlit_curriculum_reference":[171,201],"onlit_grade":[317,318,319,326],"onlit_resource_format":[515],"onlit_topic":[307,423],"class_list":["post-29884","onlit_resources","type-onlit_resources","status-publish","has-post-thumbnail","hentry","content-language-francais","onlit_curriculum_reference-contexte","onlit_curriculum_reference-b1-communication-orale-et-non-verbale","onlit_grade-niveau-1","onlit_grade-niveau-2","onlit_grade-niveau-3","onlit_grade-maternelle-jardin","onlit_resource_format-livre","onlit_topic-conscience-phonemique","onlit_topic-vocabulaire"],"acf":[],"_links":{"self":[{"href":"https:\/\/onlit.org\/fr\/wp-json\/wp\/v2\/onlit_resources\/29884","targetHints":{"allow":["GET"]}}],"collection":[{"href":"https:\/\/onlit.org\/fr\/wp-json\/wp\/v2\/onlit_resources"}],"about":[{"href":"https:\/\/onlit.org\/fr\/wp-json\/wp\/v2\/types\/onlit_resources"}],"author":[{"embeddable":true,"href":"https:\/\/onlit.org\/fr\/wp-json\/wp\/v2\/users\/1"}],"replies":[{"embeddable":true,"href":"https:\/\/onlit.org\/fr\/wp-json\/wp\/v2\/comments?post=29884"}],"version-history":[{"count":6,"href":"https:\/\/onlit.org\/fr\/wp-json\/wp\/v2\/onlit_resources\/29884\/revisions"}],"predecessor-version":[{"id":39664,"href":"https:\/\/onlit.org\/fr\/wp-json\/wp\/v2\/onlit_resources\/29884\/revisions\/39664"}],"wp:featuredmedia":[{"embeddable":true,"href":"https:\/\/onlit.org\/fr\/wp-json\/wp\/v2\/media\/38427"}],"wp:attachment":[{"href":"https:\/\/onlit.org\/fr\/wp-json\/wp\/v2\/media?parent=29884"}],"wp:term":[{"taxonomy":"content-language","embeddable":true,"href":"https:\/\/onlit.org\/fr\/wp-json\/wp\/v2\/content-language?post=29884"},{"taxonomy":"onlit_curriculum_reference","embeddable":true,"href":"https:\/\/onlit.org\/fr\/wp-json\/wp\/v2\/onlit_curriculum_reference?post=29884"},{"taxonomy":"onlit_grade","embeddable":true,"href":"https:\/\/onlit.org\/fr\/wp-json\/wp\/v2\/onlit_grade?post=29884"},{"taxonomy":"onlit_resource_format","embeddable":true,"href":"https:\/\/onlit.org\/fr\/wp-json\/wp\/v2\/onlit_resource_format?post=29884"},{"taxonomy":"onlit_topic","embeddable":true,"href":"https:\/\/onlit.org\/fr\/wp-json\/wp\/v2\/onlit_topic?post=29884"}],"curies":[{"name":"wp","href":"https:\/\/api.w.org\/{rel}","templated":true}]}}