{"id":24934,"date":"2024-04-15T17:38:40","date_gmt":"2024-04-15T21:38:40","guid":{"rendered":"https:\/\/onlit.org\/?p=24934"},"modified":"2025-08-22T10:37:16","modified_gmt":"2025-08-22T14:37:16","slug":"webinaire-modelisation-dun-parcours-integre-visant-a-soutenir-lenseignement-de-la-comprehension-de-la-lecture-et-lecriture-en-partant-de-litterat","status":"publish","type":"onlit_resources","link":"https:\/\/onlit.org\/fr\/ressource\/webinaire-modelisation-dun-parcours-integre-visant-a-soutenir-lenseignement-de-la-comprehension-de-la-lecture-et-lecriture-en-partant-de-litterat\/","title":{"rendered":"La compr\u00e9hension avec les litt\u00e9raties m\u00e9diatiques et multimodales"},"content":{"rendered":"<p><em><strong>Enregistrement de webinaire : Mod\u00e9lisation d\u2019un parcours int\u00e9gr\u00e9 visant \u00e0 soutenir l\u2019enseignement de la compr\u00e9hension de la lecture et l\u2019\u00e9criture en partant de litt\u00e9raties m\u00e9diatiques et multimodales<\/strong><\/em><\/p>\n<p>Ce webinaire propose un parcours d\u2019activit\u00e9s didactiques qui s\u2019inspire d\u2019une \u0153uvre de litt\u00e9rature de jeunesse et qui vise, entre autres, \u00e0 soutenir les \u00e9l\u00e8ves en lecture. Les activit\u00e9s composant le parcours qui sera pr\u00e9sent\u00e9 seront bas\u00e9es sur plusieurs des fondements qui sous-tendent le programme-cadre r\u00e9vis\u00e9, soit ceux de la litt\u00e9ratie m\u00e9diatique multimodale, des approches plurilingues et de l\u2019enseignement int\u00e9gr\u00e9 de la grammaire.<\/p>\n","protected":false},"author":1,"featured_media":38994,"menu_order":0,"comment_status":"open","ping_status":"open","template":"","meta":{"_acf_changed":false,"_kad_post_transparent":"default","_kad_post_title":"default","_kad_post_layout":"default","_kad_post_sidebar_id":"","_kad_post_content_style":"default","_kad_post_vertical_padding":"default","_kad_post_feature":"","_kad_post_feature_position":"","_kad_post_header":false,"_kad_post_footer":false,"_kad_post_classname":"","footnotes":""},"content-language":[509],"onlit_curriculum_reference":[202,203],"onlit_grade":[317,318,319,320,321,322],"onlit_resource_format":[315],"onlit_topic":[430],"class_list":["post-24934","onlit_resources","type-onlit_resources","status-publish","has-post-thumbnail","hentry","content-language-francais","onlit_curriculum_reference-b2-notions-fondamentales-de-la-lecture-et-de-lecriture","onlit_curriculum_reference-b3-apprentissages-linguistiques-en-lecture-et-en-ecriture","onlit_grade-niveau-1","onlit_grade-niveau-2","onlit_grade-niveau-3","onlit_grade-niveau-4","onlit_grade-niveau-5","onlit_grade-niveau-6","onlit_resource_format-video-fr","onlit_topic-comprehension-de-la-lecture"],"acf":[],"_links":{"self":[{"href":"https:\/\/onlit.org\/fr\/wp-json\/wp\/v2\/onlit_resources\/24934","targetHints":{"allow":["GET"]}}],"collection":[{"href":"https:\/\/onlit.org\/fr\/wp-json\/wp\/v2\/onlit_resources"}],"about":[{"href":"https:\/\/onlit.org\/fr\/wp-json\/wp\/v2\/types\/onlit_resources"}],"author":[{"embeddable":true,"href":"https:\/\/onlit.org\/fr\/wp-json\/wp\/v2\/users\/1"}],"replies":[{"embeddable":true,"href":"https:\/\/onlit.org\/fr\/wp-json\/wp\/v2\/comments?post=24934"}],"version-history":[{"count":5,"href":"https:\/\/onlit.org\/fr\/wp-json\/wp\/v2\/onlit_resources\/24934\/revisions"}],"predecessor-version":[{"id":32509,"href":"https:\/\/onlit.org\/fr\/wp-json\/wp\/v2\/onlit_resources\/24934\/revisions\/32509"}],"wp:featuredmedia":[{"embeddable":true,"href":"https:\/\/onlit.org\/fr\/wp-json\/wp\/v2\/media\/38994"}],"wp:attachment":[{"href":"https:\/\/onlit.org\/fr\/wp-json\/wp\/v2\/media?parent=24934"}],"wp:term":[{"taxonomy":"content-language","embeddable":true,"href":"https:\/\/onlit.org\/fr\/wp-json\/wp\/v2\/content-language?post=24934"},{"taxonomy":"onlit_curriculum_reference","embeddable":true,"href":"https:\/\/onlit.org\/fr\/wp-json\/wp\/v2\/onlit_curriculum_reference?post=24934"},{"taxonomy":"onlit_grade","embeddable":true,"href":"https:\/\/onlit.org\/fr\/wp-json\/wp\/v2\/onlit_grade?post=24934"},{"taxonomy":"onlit_resource_format","embeddable":true,"href":"https:\/\/onlit.org\/fr\/wp-json\/wp\/v2\/onlit_resource_format?post=24934"},{"taxonomy":"onlit_topic","embeddable":true,"href":"https:\/\/onlit.org\/fr\/wp-json\/wp\/v2\/onlit_topic?post=24934"}],"curies":[{"name":"wp","href":"https:\/\/api.w.org\/{rel}","templated":true}]}}