{"id":24201,"date":"2024-03-01T14:17:03","date_gmt":"2024-03-01T19:17:03","guid":{"rendered":"https:\/\/onlit.org\/?p=24201"},"modified":"2025-09-11T11:03:35","modified_gmt":"2025-09-11T15:03:35","slug":"developper-les-habiletes-en-lecture-et-en-orthographe-interventions-visant-les-consciences-phonologique-orthographique-et-morphologique","status":"publish","type":"onlit_resources","link":"https:\/\/onlit.org\/fr\/ressource\/developper-les-habiletes-en-lecture-et-en-orthographe-interventions-visant-les-consciences-phonologique-orthographique-et-morphologique\/","title":{"rendered":"D\u00e9velopper les habilet\u00e9s en lecture et en orthographe"},"content":{"rendered":"<p><strong>D\u00e9velopper les habilet\u00e9s en lecture et en orthographe : interventions visant les consciences phonologique, orthographique et morphologique<\/strong><\/p>\n<p>Les interventions pr\u00e9sent\u00e9es dans cet article visent \u00e0 travailler, par l\u2019\u00e9tude de mots, ces trois consciences linguistiques dans le but d\u2019am\u00e9liorer les habilet\u00e9s en lecture et en \u00e9criture chez des \u00e9l\u00e8ves de 2e ann\u00e9e du primaire pr\u00e9sentant des difficult\u00e9s ou des troubles d\u2019apprentissage en langage \u00e9crit (lecture et orthographe).<\/p>\n","protected":false},"author":1,"featured_media":38988,"menu_order":0,"comment_status":"open","ping_status":"closed","template":"","meta":{"_acf_changed":false,"_kad_post_transparent":"default","_kad_post_title":"default","_kad_post_layout":"default","_kad_post_sidebar_id":"","_kad_post_content_style":"default","_kad_post_vertical_padding":"default","_kad_post_feature":"","_kad_post_feature_position":"","_kad_post_header":false,"_kad_post_footer":false,"_kad_post_classname":"","footnotes":""},"content-language":[509],"onlit_curriculum_reference":[202],"onlit_grade":[318,319,320],"onlit_resource_format":[309],"onlit_topic":[293,307],"class_list":["post-24201","onlit_resources","type-onlit_resources","status-publish","has-post-thumbnail","hentry","content-language-francais","onlit_curriculum_reference-b2-notions-fondamentales-de-la-lecture-et-de-lecriture","onlit_grade-niveau-2","onlit_grade-niveau-3","onlit_grade-niveau-4","onlit_resource_format-article-fr","onlit_topic-lecture-et-orthographe-au-niveau-des-mots","onlit_topic-conscience-phonemique"],"acf":[],"_links":{"self":[{"href":"https:\/\/onlit.org\/fr\/wp-json\/wp\/v2\/onlit_resources\/24201","targetHints":{"allow":["GET"]}}],"collection":[{"href":"https:\/\/onlit.org\/fr\/wp-json\/wp\/v2\/onlit_resources"}],"about":[{"href":"https:\/\/onlit.org\/fr\/wp-json\/wp\/v2\/types\/onlit_resources"}],"author":[{"embeddable":true,"href":"https:\/\/onlit.org\/fr\/wp-json\/wp\/v2\/users\/1"}],"replies":[{"embeddable":true,"href":"https:\/\/onlit.org\/fr\/wp-json\/wp\/v2\/comments?post=24201"}],"version-history":[{"count":4,"href":"https:\/\/onlit.org\/fr\/wp-json\/wp\/v2\/onlit_resources\/24201\/revisions"}],"predecessor-version":[{"id":32954,"href":"https:\/\/onlit.org\/fr\/wp-json\/wp\/v2\/onlit_resources\/24201\/revisions\/32954"}],"wp:featuredmedia":[{"embeddable":true,"href":"https:\/\/onlit.org\/fr\/wp-json\/wp\/v2\/media\/38988"}],"wp:attachment":[{"href":"https:\/\/onlit.org\/fr\/wp-json\/wp\/v2\/media?parent=24201"}],"wp:term":[{"taxonomy":"content-language","embeddable":true,"href":"https:\/\/onlit.org\/fr\/wp-json\/wp\/v2\/content-language?post=24201"},{"taxonomy":"onlit_curriculum_reference","embeddable":true,"href":"https:\/\/onlit.org\/fr\/wp-json\/wp\/v2\/onlit_curriculum_reference?post=24201"},{"taxonomy":"onlit_grade","embeddable":true,"href":"https:\/\/onlit.org\/fr\/wp-json\/wp\/v2\/onlit_grade?post=24201"},{"taxonomy":"onlit_resource_format","embeddable":true,"href":"https:\/\/onlit.org\/fr\/wp-json\/wp\/v2\/onlit_resource_format?post=24201"},{"taxonomy":"onlit_topic","embeddable":true,"href":"https:\/\/onlit.org\/fr\/wp-json\/wp\/v2\/onlit_topic?post=24201"}],"curies":[{"name":"wp","href":"https:\/\/api.w.org\/{rel}","templated":true}]}}