{"id":19295,"date":"2023-08-29T21:16:43","date_gmt":"2023-08-30T01:16:43","guid":{"rendered":"https:\/\/onlit.org\/?p=19295"},"modified":"2025-09-02T13:28:57","modified_gmt":"2025-09-02T17:28:57","slug":"je-ne-suis-pas-un-numero","status":"publish","type":"onlit_resources","link":"https:\/\/onlit.org\/fr\/ressource\/je-ne-suis-pas-un-numero\/","title":{"rendered":"Je ne suis pas un num\u00e9ro"},"content":{"rendered":"<p><span data-sheets-value=\"{&quot;1&quot;:2,&quot;2&quot;:&quot;Il s'agit d'un livre d'images sp\u00e9cial qui met la v\u00e9racit\u00e9 de l'histoire orale \u00e0 la port\u00e9e d'un public \u00e9l\u00e9mentaire. Les auteurs ajoutent\u00a0 trois pages sur la famille Couchie et les pensionnats au Canada. Des photographies d'archives et des images en couleur d'Ir\u00e8ne et de son p\u00e8re permettent aux \u00e9l\u00e8ves de s'identifier \u00e0 l'histoire authentique d'Ir\u00e8ne Couchie Dupuis.\u00a0&quot;}\" data-sheets-userformat=\"{&quot;2&quot;:769,&quot;3&quot;:{&quot;1&quot;:0},&quot;11&quot;:4,&quot;12&quot;:0}\">Un livre d&rsquo;images sp\u00e9cial qui met la v\u00e9racit\u00e9 de l&rsquo;histoire orale \u00e0 la port\u00e9e d&rsquo;un public \u00e9l\u00e9mentaire. Les auteurs ajoutent\u00a0 trois pages sur la famille Couchie et les pensionnats au Canada. Des photographies d&rsquo;archives et des images en couleur d&rsquo;Ir\u00e8ne et de son p\u00e8re permettent aux \u00e9l\u00e8ves de s&rsquo;identifier \u00e0 l&rsquo;histoire authentique d&rsquo;Ir\u00e8ne Couchie Dupuis.\u00a0<\/span><\/p>\n","protected":false},"author":1,"featured_media":38427,"menu_order":0,"comment_status":"open","ping_status":"open","template":"","meta":{"_acf_changed":false,"_kad_post_transparent":"default","_kad_post_title":"default","_kad_post_layout":"default","_kad_post_sidebar_id":"","_kad_post_content_style":"default","_kad_post_vertical_padding":"default","_kad_post_feature":"","_kad_post_feature_position":"","_kad_post_header":false,"_kad_post_footer":false,"_kad_post_classname":"","footnotes":""},"content-language":[509],"onlit_curriculum_reference":[199,206],"onlit_grade":[319,320,321,322,323],"onlit_resource_format":[515],"onlit_topic":[295,301],"class_list":["post-19295","onlit_resources","type-onlit_resources","status-publish","has-post-thumbnail","hentry","content-language-francais","onlit_curriculum_reference-a1-competences-transferables","onlit_curriculum_reference-c3-pensee-critique-en-litteratie","onlit_grade-niveau-3","onlit_grade-niveau-4","onlit_grade-niveau-5","onlit_grade-niveau-6","onlit_grade-niveau-7","onlit_resource_format-livre","onlit_topic-pedagogie-sensible-et-adaptee-a-la-culture","onlit_topic-contenu-autochtone"],"acf":[],"_links":{"self":[{"href":"https:\/\/onlit.org\/fr\/wp-json\/wp\/v2\/onlit_resources\/19295","targetHints":{"allow":["GET"]}}],"collection":[{"href":"https:\/\/onlit.org\/fr\/wp-json\/wp\/v2\/onlit_resources"}],"about":[{"href":"https:\/\/onlit.org\/fr\/wp-json\/wp\/v2\/types\/onlit_resources"}],"author":[{"embeddable":true,"href":"https:\/\/onlit.org\/fr\/wp-json\/wp\/v2\/users\/1"}],"replies":[{"embeddable":true,"href":"https:\/\/onlit.org\/fr\/wp-json\/wp\/v2\/comments?post=19295"}],"version-history":[{"count":4,"href":"https:\/\/onlit.org\/fr\/wp-json\/wp\/v2\/onlit_resources\/19295\/revisions"}],"predecessor-version":[{"id":39679,"href":"https:\/\/onlit.org\/fr\/wp-json\/wp\/v2\/onlit_resources\/19295\/revisions\/39679"}],"wp:featuredmedia":[{"embeddable":true,"href":"https:\/\/onlit.org\/fr\/wp-json\/wp\/v2\/media\/38427"}],"wp:attachment":[{"href":"https:\/\/onlit.org\/fr\/wp-json\/wp\/v2\/media?parent=19295"}],"wp:term":[{"taxonomy":"content-language","embeddable":true,"href":"https:\/\/onlit.org\/fr\/wp-json\/wp\/v2\/content-language?post=19295"},{"taxonomy":"onlit_curriculum_reference","embeddable":true,"href":"https:\/\/onlit.org\/fr\/wp-json\/wp\/v2\/onlit_curriculum_reference?post=19295"},{"taxonomy":"onlit_grade","embeddable":true,"href":"https:\/\/onlit.org\/fr\/wp-json\/wp\/v2\/onlit_grade?post=19295"},{"taxonomy":"onlit_resource_format","embeddable":true,"href":"https:\/\/onlit.org\/fr\/wp-json\/wp\/v2\/onlit_resource_format?post=19295"},{"taxonomy":"onlit_topic","embeddable":true,"href":"https:\/\/onlit.org\/fr\/wp-json\/wp\/v2\/onlit_topic?post=19295"}],"curies":[{"name":"wp","href":"https:\/\/api.w.org\/{rel}","templated":true}]}}