{"id":19073,"date":"2023-08-29T15:51:26","date_gmt":"2023-08-29T19:51:26","guid":{"rendered":"https:\/\/onlit.org\/?p=19073"},"modified":"2025-09-02T13:24:40","modified_gmt":"2025-09-02T17:24:40","slug":"500-ans-de-resistance-autochtone","status":"publish","type":"onlit_resources","link":"https:\/\/onlit.org\/fr\/ressource\/500-ans-de-resistance-autochtone\/","title":{"rendered":"500 ans de r\u00e9sistance autochtone"},"content":{"rendered":"\t\t<div data-elementor-type=\"wp-post\" data-elementor-id=\"19073\" class=\"elementor elementor-19073\" data-elementor-post-type=\"onlit_resources\">\n\t\t\t\t\t\t<section class=\"elementor-section elementor-top-section elementor-element elementor-element-128cbe75 elementor-section-boxed elementor-section-height-default elementor-section-height-default\" data-id=\"128cbe75\" data-element_type=\"section\" data-e-type=\"section\">\n\t\t\t\t\t\t<div class=\"elementor-container elementor-column-gap-default\">\n\t\t\t\t\t<div class=\"elementor-column elementor-col-100 elementor-top-column elementor-element elementor-element-7fba10b5\" data-id=\"7fba10b5\" data-element_type=\"column\" data-e-type=\"column\">\n\t\t\t<div class=\"elementor-widget-wrap elementor-element-populated\">\n\t\t\t\t\t\t<div class=\"elementor-element elementor-element-7ade2fac elementor-widget elementor-widget-text-editor\" data-id=\"7ade2fac\" data-element_type=\"widget\" data-e-type=\"widget\" data-widget_type=\"text-editor.default\">\n\t\t\t\t<div class=\"elementor-widget-container\">\n\t\t\t\t\t\t\t\t\t<p><span data-sheets-value=\"{&quot;1&quot;:2,&quot;2&quot;:&quot;Antidote \u00e0 l\u2019histoire officielle des Am\u00e9riques, 500 ans de r\u00e9sistance autochtone d\u00e9peint d\u2019une perspective autochtone la r\u00e9sistance des Premiers Peuples contre \\nles colonisateurs et autres oppresseurs, du premier contact jusqu\u2019\u00e0 aujourd\u2019hui. La bande dessin\u00e9e pr\u00e9sente des \u00e9v\u00e9nements marquants comme l\u2019invasion espagnole des empires azt\u00e8que, maya et inca, la r\u00e9volte des Pueblos au Nouveau-Mexique, la bataille de Wounded Knee et, plus r\u00e9cemment, les manifestations Idle No More. Au Canada, elle aborde notamment la crise d\u2019Oka et les manifestations anti-pipeline des Wet\u2019suwet\u2019en. Cette \u0153uvre \u00e9claire les luttes pass\u00e9es et actuelles des Premiers Peuples pour la souverainet\u00e9 et l\u2019autod\u00e9termination.&quot;}\" data-sheets-userformat=\"{&quot;2&quot;:513,&quot;3&quot;:{&quot;1&quot;:0},&quot;12&quot;:0}\">Antidote \u00e0 l\u2019histoire officielle des Am\u00e9riques, 500 ans de r\u00e9sistance autochtone d\u00e9peint d\u2019une perspective autochtone la r\u00e9sistance des Premiers Peuples contre les colonisateurs et autres oppresseurs, du premier contact jusqu\u2019\u00e0 aujourd\u2019hui. La bande dessin\u00e9e pr\u00e9sente des \u00e9v\u00e9nements marquants comme l\u2019invasion espagnole des empires azt\u00e8que, maya et inca, la r\u00e9volte des Pueblos au Nouveau-Mexique, la bataille de Wounded Knee et, plus r\u00e9cemment, les manifestations Idle No More. Au Canada, elle aborde notamment la crise d\u2019Oka et les manifestations anti-pipeline des Wet\u2019suwet\u2019en. Cette \u0153uvre \u00e9claire les luttes pass\u00e9es et actuelles des Premiers Peuples pour la souverainet\u00e9 et l\u2019autod\u00e9termination.<\/span><\/p>\t\t\t\t\t\t\t\t<\/div>\n\t\t\t\t<\/div>\n\t\t\t\t\t<\/div>\n\t\t<\/div>\n\t\t\t\t\t<\/div>\n\t\t<\/section>\n\t\t\t\t<\/div>\n\t\t","protected":false},"author":1,"featured_media":38427,"menu_order":0,"comment_status":"open","ping_status":"open","template":"","meta":{"_acf_changed":false,"_kad_post_transparent":"default","_kad_post_title":"default","_kad_post_layout":"default","_kad_post_sidebar_id":"","_kad_post_content_style":"default","_kad_post_vertical_padding":"default","_kad_post_feature":"","_kad_post_feature_position":"","_kad_post_header":false,"_kad_post_footer":false,"_kad_post_classname":"","footnotes":""},"content-language":[509],"onlit_curriculum_reference":[199],"onlit_grade":[325],"onlit_resource_format":[515],"onlit_topic":[301,295],"class_list":["post-19073","onlit_resources","type-onlit_resources","status-publish","has-post-thumbnail","hentry","content-language-francais","onlit_curriculum_reference-a1-competences-transferables","onlit_grade-niveau-9","onlit_resource_format-livre","onlit_topic-contenu-autochtone","onlit_topic-pedagogie-sensible-et-adaptee-a-la-culture"],"acf":[],"_links":{"self":[{"href":"https:\/\/onlit.org\/fr\/wp-json\/wp\/v2\/onlit_resources\/19073","targetHints":{"allow":["GET"]}}],"collection":[{"href":"https:\/\/onlit.org\/fr\/wp-json\/wp\/v2\/onlit_resources"}],"about":[{"href":"https:\/\/onlit.org\/fr\/wp-json\/wp\/v2\/types\/onlit_resources"}],"author":[{"embeddable":true,"href":"https:\/\/onlit.org\/fr\/wp-json\/wp\/v2\/users\/1"}],"replies":[{"embeddable":true,"href":"https:\/\/onlit.org\/fr\/wp-json\/wp\/v2\/comments?post=19073"}],"version-history":[{"count":3,"href":"https:\/\/onlit.org\/fr\/wp-json\/wp\/v2\/onlit_resources\/19073\/revisions"}],"predecessor-version":[{"id":39670,"href":"https:\/\/onlit.org\/fr\/wp-json\/wp\/v2\/onlit_resources\/19073\/revisions\/39670"}],"wp:featuredmedia":[{"embeddable":true,"href":"https:\/\/onlit.org\/fr\/wp-json\/wp\/v2\/media\/38427"}],"wp:attachment":[{"href":"https:\/\/onlit.org\/fr\/wp-json\/wp\/v2\/media?parent=19073"}],"wp:term":[{"taxonomy":"content-language","embeddable":true,"href":"https:\/\/onlit.org\/fr\/wp-json\/wp\/v2\/content-language?post=19073"},{"taxonomy":"onlit_curriculum_reference","embeddable":true,"href":"https:\/\/onlit.org\/fr\/wp-json\/wp\/v2\/onlit_curriculum_reference?post=19073"},{"taxonomy":"onlit_grade","embeddable":true,"href":"https:\/\/onlit.org\/fr\/wp-json\/wp\/v2\/onlit_grade?post=19073"},{"taxonomy":"onlit_resource_format","embeddable":true,"href":"https:\/\/onlit.org\/fr\/wp-json\/wp\/v2\/onlit_resource_format?post=19073"},{"taxonomy":"onlit_topic","embeddable":true,"href":"https:\/\/onlit.org\/fr\/wp-json\/wp\/v2\/onlit_topic?post=19073"}],"curies":[{"name":"wp","href":"https:\/\/api.w.org\/{rel}","templated":true}]}}